{"id":966,"date":"2018-12-14T14:39:04","date_gmt":"2018-12-14T13:39:04","guid":{"rendered":"http:\/\/joannacholuj.pl\/?page_id=966"},"modified":"2018-12-28T13:31:54","modified_gmt":"2018-12-28T12:31:54","slug":"dzialacze-na-rzecz-slowianszczyzny","status":"publish","type":"page","link":"https:\/\/joannacholuj.pl\/en\/dzialacze-na-rzecz-slowianszczyzny\/","title":{"rendered":"DZIA\u0141ACZE NA RZECZ S\u0141OWIA\u0143SZCZYZNY"},"content":{"rendered":"<h4 style=\"text-align: center;\"><strong><img loading=\"lazy\" decoding=\"async\" class=\"aligncenter size-medium wp-image-944\" src=\"http:\/\/joannacholuj.pl\/wp-content\/uploads\/2018\/12\/20181117_131830sm-300x225.jpg\" alt=\"\" width=\"300\" height=\"225\" srcset=\"https:\/\/joannacholuj.pl\/wp-content\/uploads\/2018\/12\/20181117_131830sm-300x225.jpg 300w, https:\/\/joannacholuj.pl\/wp-content\/uploads\/2018\/12\/20181117_131830sm.jpg 656w\" sizes=\"(max-width: 300px) 100vw, 300px\" \/>DZIA\u0141AJ\u0104CY NA RZECZ S\u0141OWIA\u0143SZCZYZNY<\/strong><\/h4>\n<p>&nbsp;<\/p>\n<h4 style=\"text-align: center;\"><strong>blogi, kana\u0142y video, grupy online , portale<br \/>\n<\/strong><\/h4>\n<ul>\n<li>Najmici.net (nieistniej\u0105ca, z USA, Polonia Ameryka\u0144ska promuj\u0105ca Mitologi\u0119 S\u0142owian)<\/li>\n<li>Krainy Ksi\u0119\u017cyca<\/li>\n<li>portal Fundacji Turleja<\/li>\n<li>blog Bialczynski.pl<\/li>\n<li>spo\u0142eczno\u015b\u0107 na Fejsbuku \u2013 \u201eStaro\u017cytna Polska \u2013 S\u0142owianie\u201d liczy niemal 9.000 cz\u0142onk\u00f3w i drugie tyle sympatyk\u00f3w<\/li>\n<li>Bez Chaosowania yb<\/li>\n<li>Marian Nosal S\u0142owianie i ukryta historia Polski yb<\/li>\n<li>Dragomira P\u0142o\u0144ska yb<\/li>\n<li><a href=\"https:\/\/opolczykpl.wordpress.com\/linki-slowianskie\/\">https:\/\/opolczykpl.wordpress.com\/linki-slowianskie\/<\/a><\/li>\n<li>Joanna Cho\u0142uj OkiemMatkiS\u0142owianki yb.<\/li>\n<li><a href=\"http:\/\/slowianin.wordpress.com\/\" target=\"_blank\" rel=\"noopener\">http:\/\/slowianin.wordpress.com\/<\/a><\/li>\n<li><a href=\"http:\/\/mojaslowianskafilozofia.blogspot.com\/\" target=\"_blank\" rel=\"noopener\">http:\/\/mojaslowianskafilozofia.blogspot.com\/<\/a><\/li>\n<\/ul>\n<div id=\"primary\" class=\"content-area\">\n<div id=\"content\" class=\"site-content\" role=\"main\">\n<article id=\"post-149\" class=\"post-149 page type-page status-publish hentry\">\n<div class=\"entry-content\">\n<ul>\n<li><a href=\"http:\/\/wojciechswietobormytnik.blogspot.com\/\" rel=\"nofollow\">http:\/\/wojciechswietobormytnik.blogspot.com\/<\/a><\/li>\n<li><a href=\"http:\/\/www.nawia.org.pl\/16.html\" target=\"_blank\" rel=\"noopener\">http:\/\/www.nawia.org.pl\/16.html<\/a><\/li>\n<li><a href=\"http:\/\/www.lucivo.pl\/\" target=\"_blank\" rel=\"noopener\">http:\/\/www.lucivo.pl\/<\/a><\/li>\n<li><a href=\"http:\/\/welesowy-jar.fm.interia.pl\/new_page_6.htm\" target=\"_blank\" rel=\"noopener\">http:\/\/welesowy-jar.fm.interia.pl\/new_page_6.htm<\/a><\/li>\n<li><a href=\"http:\/\/kolomir.blogspot.de\/\" target=\"_blank\" rel=\"noopener\">http:\/\/kolomir.blogspot.de\/<\/a><\/li>\n<li><a href=\"http:\/\/interia360.pl\/tag\/slowianie,8151,1\" target=\"_blank\" rel=\"noopener\">http:\/\/interia360.pl\/tag\/slowianie,8151,1<\/a><\/li>\n<li><a href=\"http:\/\/toporzel.pl\/lista.php?dzial_id=zadruga\" target=\"_blank\" rel=\"noopener\">http:\/\/toporzel.pl\/lista.php?dzial_id=zadruga<\/a><\/li>\n<li><a href=\"http:\/\/boruta.6te.net\/readarticle.php?article_id=22\" target=\"_blank\" rel=\"noopener\">http:\/\/boruta.6te.net\/readarticle.php?article_id=22<\/a><\/li>\n<li><a href=\"http:\/\/www.rodzimawiara.org.pl\/\" target=\"_blank\" rel=\"noopener\">http:\/\/www.rodzimawiara.org.pl\/<\/a><\/li>\n<li><a href=\"http:\/\/slowianie.republika.pl\/glowna.htm\" target=\"_blank\" rel=\"noopener\">http:\/\/slowianie.republika.pl\/glowna.htm<\/a><\/li>\n<li><a href=\"http:\/\/krainawedrujacychwysp.bloog.pl\/\" target=\"_blank\" rel=\"noopener\">http:\/\/krainawedrujacychwysp.bloog.pl\/<\/a><\/li>\n<li><a href=\"http:\/\/www.rkp.w.activ.pl\/index.php?option=com_frontpage&amp;Itemid=1\" target=\"_blank\" rel=\"noopener\">http:\/\/www.rkp.w.activ.pl\/index.php?option=com_frontpage&amp;Itemid=1<\/a><\/li>\n<li><a href=\"http:\/\/www.tryglaw.org\/main.php?action=artykuly\" target=\"_blank\" rel=\"noopener\">http:\/\/www.tryglaw.org\/main.php?action=artykuly<\/a><\/li>\n<li><a href=\"http:\/\/fronsac.republika.pl\/mitologiaslowianska\/glowna.htm\" target=\"_blank\" rel=\"noopener\">http:\/\/fronsac.republika.pl\/mitologiaslowianska\/glowna.htm<\/a><\/li>\n<li><a href=\"http:\/\/www.slowianskawiara.pl\/indexpolska.html\" target=\"_blank\" rel=\"noopener\">http:\/\/www.slowianskawiara.pl\/indexpolska.html<\/a><\/li>\n<li><a href=\"http:\/\/www.taraka.pl\/spis.php?cat=34\" target=\"_blank\" rel=\"noopener\">http:\/\/www.taraka.pl\/spis.php?cat=34<\/a><\/li>\n<li><a href=\"http:\/\/wolnemedia.net\/?s=s%C5%82owianie\" target=\"_blank\" rel=\"noopener\">http:\/\/wolnemedia.net\/?s=s%C5%82owianie<\/a><\/li>\n<li><a href=\"http:\/\/chrobacja.narod.ru\/\" target=\"_blank\" rel=\"noopener\">http:\/\/chrobacja.narod.ru\/<\/a><\/li>\n<li><a href=\"http:\/\/www.national-geographic.pl\/szukaj\/wszedzie\/1\/dopasuj-slowa\/\/S%C5%82owianie\/\" target=\"_blank\" rel=\"noopener\">http:\/\/www.national-geographic.pl\/szukaj\/wszedzie\/1\/dopasuj-slowa\/\/S%C5%82owianie\/<\/a><\/li>\n<li><a href=\"http:\/\/www.bukowa.szczecin.pl\/artykuy\/rodzima-wiara.html\" target=\"_blank\" rel=\"noopener\">http:\/\/www.bukowa.szczecin.pl\/artykuy\/rodzima-wiara.html<\/a><\/li>\n<li><a href=\"http:\/\/www.wiadomosci24.pl\/artykul\/jare_swieto_pierwszy_dzien_wiosny_i_wielkanoc_127453.html\" target=\"_blank\" rel=\"noopener\">http:\/\/www.wiadomosci24.pl\/artykul\/jare_swieto_pierwszy_dzien_wiosny_i_wielkanoc_127453.html<\/a><\/li>\n<li><a href=\"http:\/\/free.of.pl\/s\/sedruga\/index.html\" target=\"_blank\" rel=\"noopener\">http:\/\/free.of.pl\/s\/sedruga\/index.html<\/a><\/li>\n<li><a href=\"http:\/\/free.of.pl\/m\/mysticearth\/mitologia\/slowianska.html\" target=\"_blank\" rel=\"noopener\">http:\/\/free.of.pl\/m\/mysticearth\/mitologia\/slowianska.html<\/a><\/li>\n<li><a href=\"http:\/\/www.wierczanie.pl\/index.php?akcja=wstep\" target=\"_blank\" rel=\"noopener\">http:\/\/www.wierczanie.pl\/index.php?akcja=wstep<\/a><\/li>\n<li><a href=\"http:\/\/www.youtube.com\/user\/Polonocentryzm\" rel=\"nofollow\">http:\/\/www.youtube.com\/user\/Polonocentryzm<\/a><\/li>\n<li>\n<div class=\"header-image\">.<a href=\"http:\/\/prusowie.pl\/\" target=\"_blank\" rel=\"noopener\">http:\/\/prusowie.pl\/<\/a><\/div>\n<\/li>\n<li>\n<div class=\"header-image\"><a href=\"http:\/\/pruskiwicher.wordpress.com\/o-religii-dawnych-prusow\/\" target=\"_blank\" rel=\"noopener\">http:\/\/pruskiwicher.wordpress.com\/o-religii-dawnych-prusow\/<\/a><\/div>\n<\/li>\n<li>\n<div class=\"header-image\"><a href=\"http:\/\/pruskihoryzont.blogspot.de\/2012_11_01_archive.html\" target=\"_blank\" rel=\"noopener\">http:\/\/pruskihoryzont.blogspot.de\/2012_11_01_archive.html<\/a><\/div>\n<\/li>\n<li>\n<div class=\"header-image\"><a href=\"http:\/\/prusaspira.org\/polska\/\" target=\"_blank\" rel=\"noopener\">http:\/\/prusaspira.org\/polska\/<\/a><a href=\"http:\/\/wczesnedziejepolan.dbv.pl\/viewpage.php?page_id=4\" target=\"_blank\" rel=\"noopener\">http:\/\/wczesnedziejepolan.dbv.pl\/viewpage.php?page_id=4<\/a><\/div>\n<\/li>\n<li>\n<div class=\"header-image\"><a href=\"http:\/\/www.bogowiepolscy.net\/jassa-jessa.html\" target=\"_blank\" rel=\"noopener\">http:\/\/www.bogowiepolscy.net\/jassa-jessa.html<\/a>\u2013<\/div>\n<\/li>\n<li>\n<div class=\"header-image\"><a href=\"http:\/\/inicjacja.wordpress.com\/slowianstwo\/\" target=\"_blank\" rel=\"noopener\">http:\/\/inicjacja.wordpress.com\/slowianstwo\/<\/a><a href=\"http:\/\/wilczy.krag.szm.com\/art21.html\" target=\"_blank\" rel=\"noopener\">http:\/\/wilczy.krag.szm.com\/art21.html<\/a><\/div>\n<\/li>\n<li>\n<div class=\"header-image\"><a href=\"http:\/\/japoganin.blogspot.com\/p\/reakcja-poganska.html\" target=\"_blank\" rel=\"noopener\">http:\/\/japoganin.blogspot.com\/p\/reakcja-poganska.html<\/a><\/div>\n<\/li>\n<li>\n<div class=\"header-image\"><a href=\"http:\/\/religiaslowian.wikidot.com\/slowianie-i-ich-mitologia\" target=\"_blank\" rel=\"noopener\">http:\/\/religiaslowian.wikidot.com\/slowianie-i-ich-mitologia<\/a><\/div>\n<\/li>\n<li>\n<div class=\"header-image\"><a href=\"http:\/\/srebroperuna.pl\/wici_historia.htm\" target=\"_blank\" rel=\"noopener\">http:\/\/srebroperuna.pl\/wici_historia.htm<\/a><a href=\"http:\/\/www.upadeknarodu.cba.pl\/slowian.htm\" target=\"_blank\" rel=\"noopener\">http:\/\/www.upadeknarodu.cba.pl\/slowian.htm<\/a><\/div>\n<\/li>\n<li>\n<div class=\"header-image\"><a href=\"http:\/\/www.ashervah.republika.pl\/menu.htm\" target=\"_blank\" rel=\"noopener\">http:\/\/www.ashervah.republika.pl\/menu.htm<\/a><\/div>\n<\/li>\n<li>\n<div class=\"header-image\"><a href=\"http:\/\/www.tryglaw.com\/Wiedza.htm\" target=\"_blank\" rel=\"noopener\">http:\/\/www.tryglaw.com\/Wiedza.htm<\/a><\/div>\n<\/li>\n<li>\n<div class=\"header-image\"><a href=\"http:\/\/www.eioba.pl\/a\/1pel\/slowianstwo-rodzima-wiara-ukrainska\" target=\"_blank\" rel=\"noopener\">http:\/\/www.eioba.pl\/a\/1pel\/slowianstwo-rodzima-wiara-ukrainska<\/a><\/div>\n<\/li>\n<li>\n<div class=\"header-image\"><a href=\"http:\/\/acn.waw.pl\/qkiel76\/czywiesz.htm\" target=\"_blank\" rel=\"noopener\">http:\/\/acn.waw.pl\/qkiel76\/czywiesz.htm<\/a><\/div>\n<\/li>\n<li>\n<div class=\"header-image\"><a href=\"http:\/\/www.jprzybyl.com\/index.php?option=com_phocagallery&amp;view=category&amp;id=10%3Amitologia-sowiaska&amp;Itemid=60&amp;lang=pl\" target=\"_blank\" rel=\"noopener\">http:\/\/www.jprzybyl.com\/index.php?option=com_phocagallery&amp;view=category&amp;id=10%3Amitologia-sowiaska&amp;Itemid=60&amp;lang=pl<\/a><\/div>\n<\/li>\n<li>\n<div class=\"header-image\"><a href=\"http:\/\/swastika.cba.pl\/kult.htm\" target=\"_blank\" rel=\"noopener\">http:\/\/swastika.cba.pl\/kult.htm<\/a><\/div>\n<\/li>\n<li>\n<div class=\"header-image\"><a href=\"http:\/\/gniazdo.rodzimowiercy.pl\/\" target=\"_blank\" rel=\"noopener\">http:\/\/gniazdo.rodzimowiercy.pl\/<\/a><\/div>\n<div id=\"primary\" class=\"content-area\">\n<div id=\"content\" class=\"site-content\" role=\"main\">\n<article id=\"post-149\" class=\"post-149 page type-page status-publish hentry\">\n<div class=\"entry-content\">\n<p><a href=\"http:\/\/rodman.most.org.pl\/J.T.Babel10.htm\" target=\"_blank\" rel=\"noopener\">http:\/\/rodman.most.org.pl\/J.T.Babel10.htm<\/a><\/p>\n<p><a href=\"http:\/\/religie.najlepsze.net\/\" target=\"_blank\" rel=\"noopener\">http:\/\/religie.najlepsze.net\/<\/a><\/p>\n<p><a href=\"http:\/\/www.poczet.com\/zapomniany.htm\" target=\"_blank\" rel=\"noopener\">http:\/\/www.poczet.com\/zapomniany.htm<\/a><\/p>\n<p><a href=\"http:\/\/dziennik3rp.blogspot.com\/2009_03_05_archive.html\" target=\"_blank\" rel=\"noopener\">http:\/\/dziennik3rp.blogspot.com\/2009_03_05_archive.html<\/a><\/p>\n<p><a href=\"http:\/\/www.slowianskawiara.hekko.pl\/index.php?option=com_frontpage&amp;Itemid=1\" target=\"_blank\" rel=\"noopener\">http:\/\/www.slowianskawiara.hekko.pl\/index.php?option=com_frontpage&amp;Itemid=1<\/a><\/p>\n<p><a href=\"http:\/\/www.nocswietojanska.swieta.biz\/\" target=\"_blank\" rel=\"noopener\">http:\/\/www.nocswietojanska.swieta.biz\/<\/a><\/p>\n<p><a href=\"http:\/\/imladis.p2a.pl\/viewtopic.php?id=1343\" target=\"_blank\" rel=\"noopener\">http:\/\/imladis.p2a.pl\/viewtopic.php?id=1343<\/a><\/p>\n<p><a href=\"http:\/\/zs.org.pl\/historia.html\" target=\"_blank\" rel=\"noopener\">http:\/\/zs.org.pl\/historia.html<\/a><\/p>\n<p><a href=\"http:\/\/www.ancientpoland.org\/genetic-history.php\" rel=\"nofollow\">http:\/\/www.ancientpoland.org\/genetic-history.php<\/a><\/p>\n<p><a href=\"http:\/\/slawenburgen.npage.de\/index.html\" target=\"_blank\" rel=\"noopener\">http:\/\/slawenburgen.npage.de\/index.html<\/a><\/p>\n<p><a href=\"http:\/\/www.hradiska.sk\/\" target=\"_blank\" rel=\"noopener\">http:\/\/www.hradiska.sk\/<\/a><\/p>\n<p><a href=\"http:\/\/bewilderedslavica.com\/\">http:\/\/bewilderedslavica.com\/<\/a><\/p>\n<p>&nbsp;<\/p>\n<\/div>\n<\/article>\n<\/div>\n<\/div>\n<\/li>\n<\/ul>\n<\/div>\n<\/article>\n<\/div>\n<\/div>\n<h4 style=\"text-align: center;\"><strong>ugrupowania istniej\u0105ce w rzeczywisto\u015bci<\/strong><\/h4>\n<p>&nbsp;<\/p>\n<ul>\n<li>W 2013 w celu wydania drugiego tomu mitologii, \u201eKsi\u0119gi Ruty\u201d, powstaje wydawnictwo Slovianskie Slovo Piotra Kudryckiego<\/li>\n<li><strong>I Staros\u0142owia\u0144ska \u015awi\u0105tynia \u015awiat\u0142a \u015awiata jest zborem<\/strong><\/li>\n<li>Ruch Wolnych Ludzi \/ Ruch Wolnej Polski<\/li>\n<\/ul>\n<p>&nbsp;<\/p>\n<h4 style=\"text-align: center;\"><strong>ksi\u0105\u017cki dla doros\u0142ych \/ ksi\u0105\u017cki dla dzieci<br \/>\n<\/strong><\/h4>\n<p>&nbsp;<\/p>\n<ul>\n<li>&#8222;Ksi\u0119ga Tura&#8221; Czes\u0142aw Bia\u0142czy\u0144ski Wydawnictwo Baran i Szuszczy\u0144ski w roku 1999<\/li>\n<li><\/li>\n<li>&#8222;Mitologia S\u0142owian&#8221; Ksi\u0119ga Tura Ksi\u0119ga Ruty &#8211; Czes\u0142aw Bia\u0142czy\u0144ski<\/li>\n<li><\/li>\n<li>&#8222;Stworze i zdusze&#8221; Czes\u0142aw Bia\u0142czy\u0144ski<\/li>\n<li><\/li>\n<li>prof Jerzy Strzelczyk <em>Mity, podania i wierzenia dawnych S\u0142owian<\/em><\/li>\n<li><\/li>\n<li>profesor Simona Kossak, ksi\u0105\u017cka z 2001 roku \u201eSaga Puszczy Bia\u0142owieskiej\u201d (u\u017cy\u0142a opowie\u015bci o Neurach-Nurach przekszta\u0142caj\u0105cych si\u0119 w Wilkod\u0142aki)<\/li>\n<li><\/li>\n<li>W roku 2007 powstaje wydawnictwo Trig\u0142av, kt\u00f3re w 2009 wydaje ksi\u0105\u017ck\u0119 dla dzieci Igora G\u00f3rewicza <em>Borek i Bogowie S\u0142owian<\/em><\/li>\n<li><\/li>\n<li>W 2013 w celu wydania drugiego tomu mitologii, \u201eKsi\u0119gi Ruty\u201d, powstaje wydawnictwo Slovianskie Slovo Piotra Kudryckiego<\/li>\n<li><\/li>\n<li>kwartalnik \u201eS\u0142owiani\u0107\u201d<\/li>\n<li><\/li>\n<li>&#8222;Wied\u017amin&#8221; Andrzej Sapkowski ( Saga o Wied\u017aminie Andrzeja Sapkowskiego, chocia\u017c pocz\u0105tkowo poza samym S\u0141OWEM \u201ewied\u017amin\u201d niewiele by\u0142o tam s\u0142owia\u0144skiego klimatu. Wydawca ksi\u0105\u017cek Sapkowskiego nada\u0142 serii taki tytu\u0142 wbrew pocz\u0105tkowej intencji autora. Czu\u0142 po prostu Ducha Czasu, czyta\u0142 Znaki Czasu)<\/li>\n<li><\/li>\n<li>\u201eTomirysa i Czaropanowie\u201d Czes\u0142aw Bia\u0142czy\u0144ski powie\u015b\u0107 z 2016 roku<\/li>\n<li><\/li>\n<li>w lipcu 2018 roku\u00a0 ksi\u0105\u017cka dla dzieci Doroty Ba\u0142uszy\u0144skiej-Srebro \u201eCzarowne opowie\u015bci\u201d b\u0119d\u0105ca s\u0142owia\u0144sk\u0105 mitologi\u0105 z Ksi\u0119gi Tura dla dzieci.<\/li>\n<li><\/li>\n<li>ksi\u0105\u017ck\u0119 Witolda Jab\u0142o\u0144skiego z opowie\u015bciami mitologicznymi, pod tytu\u0142em\u201eDary Bog\u00f3w\u201d, kt\u00f3r\u0105 nagrano tak\u017ce w Audiotece.<\/li>\n<li><\/li>\n<li>opracowania naukowe tematu. Te ostatnie dost\u0119pne s\u0105 w Internecie<\/li>\n<li>Bogus\u0142aw D\u0119bek &#8222;Dzieje S\u0142owian&#8221;<\/li>\n<li>Aleksandra Rozmus &#8222;Okrutnik&#8221; i inne powie\u015bci inspirowane S\u0142owia\u0144szczyzn\u0105<\/li>\n<\/ul>\n<p>&nbsp;<\/p>\n<h4 style=\"text-align: center;\"><strong>nagrania audio video \/ filmy \/ muzyka <\/strong><\/h4>\n<ul>\n<li>jedna z najwybitniejszych polskich re\u017cyserek radiowych <strong>Romana Bobrowska<\/strong> nagra\u0142a w Polskim Radio ju\u017c w roku 2000, 9 odcink\u00f3w Ksi\u0119gi Tura, czytanych przez doskona\u0142\u0105 aktork\u0119 Ew\u0119 Kolasi\u0144sk\u0105<\/li>\n<li><\/li>\n<li>2008 roku <em>Zerivana \u2013 Velesvarun<\/em> \u2013 Wojciecha \u015awi\u0119tobora Mytnika<\/li>\n<li><\/li>\n<li>W 2009 roku zesp\u00f3\u0142 Percival nagra\u0142 p\u0142yt\u0119 <em>Reakcja poga\u0144ska<\/em>.<\/li>\n<li><\/li>\n<li>filmy z cyklu<strong> \u201eLegendy polskie\u201d Tomasza Bagi\u0144skiego, firmy Allegro i Patige Image<\/strong> maj\u0105 wielomilionowe ods\u0142ony w Internecie, a towarzysz\u0105 im tak\u017ce wydawnictwa ksi\u0105\u017ckowe<\/li>\n<li><\/li>\n<li>apogeum tego komercyjnego nurtu s\u0142owia\u0144skiego to p\u0142yta Donatana \u201eR\u00f3wnonoc \u2013 S\u0142owianska dusza\u201d,<\/li>\n<li><\/li>\n<li>obecno\u015b\u0107 razem z Cleo na festiwalu Eurowizji z piosenk\u0105 \u201eMy S\u0142owianie\u201d<\/li>\n<li><\/li>\n<li>p\u0142yty zespo\u0142\u00f3w Percival Schuttenbach<\/li>\n<li><\/li>\n<li>,zesp\u00f3\u0142 Jar,<\/li>\n<li><\/li>\n<li>zesp\u00f3\u0142 \u017bywio\u0142ak,<\/li>\n<li><\/li>\n<li>muzyka zespo\u0142u RUTA,<\/li>\n<li><\/li>\n<li>projekt \u201e\u015awi\u0119to S\u0142o\u0144ca\u201d Ma\u0107ka Szajkowskiego i Kapeli ze Wsi Warszawa.<\/li>\n<li><\/li>\n<li>Maciej Szajkowski zrealizowa\u0142 Projekt \u201eLelek \u2013 Brzask Bog\u00f3w\u201d nie tylko muzyczny, ale te\u017c edukacyjny, z ksi\u0105\u017ceczk\u0105 tematyczn\u0105 do\u0142\u0105czon\u0105 do p\u0142yty<\/li>\n<li><\/li>\n<li>audycje po\u015bwi\u0119cone Mitologii S\u0142owian w radiowej tr\u00f3jce i czw\u00f3rce w cyklu Muzyka Noc\u0105<\/li>\n<li><\/li>\n<li>Fala muzyki etno i rodzimowierczej<\/li>\n<li><\/li>\n<li>Film Leonardo di Caprio o Szukalskim Netflix\u00a0 <a href=\"http:\/\/film zwiastun L Di Caprio o S Szukalskim Netflix\">https:\/\/bialczynski.pl\/2018\/12\/14\/walka-zycie-i-zaginiona-tworczosc-stanislawa-szukalskiego-oficjalny-zwiastun-netflix\/#more-93505\u00a0<\/a><\/li>\n<li><\/li>\n<li><\/li>\n<\/ul>\n<p>&nbsp;<\/p>\n<h4 style=\"text-align: center;\"><strong>gry planszowe komputerowe<\/strong><\/h4>\n<ul>\n<li>gra komputerowa Wied\u017amin 3 \u201eDziki gon\u201d firmy CD Projekt . To gra komputerowa oparta na powie\u015bci Andrzeja Sapkowskiego, lecz w wielkim stopniu zbudowana na postaciach i mitologicznych klimatach s\u0142owia\u0144skich sta\u0142a si\u0119 w roku 2015 g\u0142\u00f3wnym no\u015bnikiem mitologii S\u0142owian w popkulturze \u015bwiatowej<\/li>\n<li><\/li>\n<li>gra planszowa \u201e\u017bercy\u201d<\/li>\n<\/ul>\n<p>&nbsp;<\/p>\n<p><strong>DZIA\u0141ACZE STRA\u017bNICY S\u0141OWIA\u0143SZCZYZNY\/ BADACZE NAUKOWCY PISARZE i in<br \/>\n<\/strong><\/p>\n<ul>\n<li>Bogdan Baran pisarz\u00a0 filozof t\u0142umacz wydawca Mitologii Czes\u0142awa Bia\u0142czy\u0144skiego<\/li>\n<li><\/li>\n<li>Jerzy Przyby\u0142 rze\u017abiarz malarz grafik, grafiki z Mitologii S\u0142owian Cz Bia\u0142czy\u0144skiego<\/li>\n<li><\/li>\n<li>Czes\u0142aw Bia\u0142czy\u0144ski pisarz, publicysta, autor Mitologii S\u0142owian i in. www.bialczynski.pl<\/li>\n<\/ul>\n<ul class=\"children\">\n<li class=\"page_item page-item-81395\"><a href=\"https:\/\/bialczynski.pl\/slowianie-w-dziejach-mitologia-slowian-i-wiara-przyrody\/straznicy-wiary-slowianskiej-wiary-przyrodzoney\/o-pierwszej-staroslowianskiej-swiatyni-swiatla-swiata-w-krakowie\/adam-bochnak-1899-1974-straznik-wiary-slowian-i-historyk-sztuki-a-pamietniki-stanislawa-pagaczewskiego-i-ukrycie-insygniow-uj-w-1939-roku\/\">Adam Bochnak (1899- 1974) \u2013 Stra\u017cnik Wiary S\u0142owian i historyk sztuki<\/a><\/li>\n<li class=\"page_item page-item-4343 page_item_has_children\"><a href=\"https:\/\/bialczynski.pl\/slowianie-w-dziejach-mitologia-slowian-i-wiara-przyrody\/straznicy-wiary-slowianskiej-wiary-przyrodzoney\/o-pierwszej-staroslowianskiej-swiatyni-swiatla-swiata-w-krakowie\/alfons-mucha-jego-slowianska-epopeja-oraz-zwiazki-z-rodzinami-zborzilow-kapustow-olszowskich-bialczynskich-i-pagaczewskich\/\">Alfons Mucha (1860 \u2013 1939)- jego S\u0142owia\u0144ska Epopeja <\/a><\/li>\n<li class=\"page_item page-item-55707\"><a href=\"https:\/\/bialczynski.pl\/slowianie-w-dziejach-mitologia-slowian-i-wiara-przyrody\/straznicy-wiary-slowianskiej-wiary-przyrodzoney\/o-pierwszej-staroslowianskiej-swiatyni-swiatla-swiata-w-krakowie\/antoni-czubrynski-1885-1960-straznik-wiary-przyrodzonej-slowian-i-i-ii-ssssss-krakow-warszawa-czyli-tarot-astralistyka-i-inne-rzeczy-2\/\">Antoni Czubry\u0144ski (1885 \u2013 1960) \u2013 Stra\u017cnik Wiary Przyrodzonej S\u0142owian <\/a><\/li>\n<li class=\"page_item page-item-31356\"><a href=\"https:\/\/bialczynski.pl\/slowianie-w-dziejach-mitologia-slowian-i-wiara-przyrody\/straznicy-wiary-slowianskiej-wiary-przyrodzoney\/o-pierwszej-staroslowianskiej-swiatyni-swiatla-swiata-w-krakowie\/bartosz-paprocki-1543-1614-straznik-wiary-slowian-lwow-krakow-czechy-morawy\/\">Bartosz Paprocki (1543 \u2013 1614) \u2013 Stra\u017cnik Wiary S\u0142owian (Lw\u00f3w \u2013 Krak\u00f3w, Czechy, Morawy)<\/a><\/li>\n<li class=\"page_item page-item-8988 page_item_has_children\"><a href=\"https:\/\/bialczynski.pl\/slowianie-w-dziejach-mitologia-slowian-i-wiara-przyrody\/straznicy-wiary-slowianskiej-wiary-przyrodzoney\/o-pierwszej-staroslowianskiej-swiatyni-swiatla-swiata-w-krakowie\/bronislaw-trentowski-1808-1869-straznik-wiary-slowian\/\">Bronis\u0142aw Trentowski (1808 \u2013 1869) \u2013 Stra\u017cnik Wiary S\u0142owian<\/a><\/li>\n<li class=\"page_item page-item-10790\"><a href=\"https:\/\/bialczynski.pl\/slowianie-w-dziejach-mitologia-slowian-i-wiara-przyrody\/straznicy-wiary-slowianskiej-wiary-przyrodzoney\/o-pierwszej-staroslowianskiej-swiatyni-swiatla-swiata-w-krakowie\/czescy-straznicy-wiary-albin-polasek-1879-1965-i-frantisek-palacky-1798-1876-z-moraw\/\">Czescy Stra\u017cnicy Wiary \u2013 Alb\u00edn Pol\u00e1\u0161ek (1879 \u2013 1965) i Franti\u0161ek Palack\u00fd (1798 \u2013 1876), z Moraw<\/a><\/li>\n<li class=\"page_item page-item-81435\"><a href=\"https:\/\/bialczynski.pl\/slowianie-w-dziejach-mitologia-slowian-i-wiara-przyrody\/straznicy-wiary-slowianskiej-wiary-przyrodzoney\/o-pierwszej-staroslowianskiej-swiatyni-swiatla-swiata-w-krakowie\/feliks-radwanski-ojciec-1756-1826-i-feliks-radwanski-syn-1789-1861-straznicy-wiary-przyrodzonej-slowian\/\">Feliks Radwa\u0144ski Ojciec (1756 \u2013 1826) i Feliks Radwa\u0144ski Syn (1789 \u2013 1861)- Stra\u017cnicy Wiary Przyrodzonej S\u0142owian<\/a><\/li>\n<li class=\"page_item page-item-81437\"><a href=\"https:\/\/bialczynski.pl\/slowianie-w-dziejach-mitologia-slowian-i-wiara-przyrody\/straznicy-wiary-slowianskiej-wiary-przyrodzoney\/o-pierwszej-staroslowianskiej-swiatyni-swiatla-swiata-w-krakowie\/florian-straszewski-1766-1847-i-maurycy-straszewski-1848-1921-straznicy-wiary-slowian-i-sssss-krakow-ciaglosc-staroslowianskiej-swiatyni-swiatla-swiata-w-krakowie\/\">Florian Straszewski (1766 \u2013 1847) i Maurycy Straszewski (1848 \u2013 1921) \u2013 Stra\u017cnicy Wiary S\u0142owian (I SS\u015a\u015a\u015a Krak\u00f3w): ci\u0105g\u0142o\u015b\u0107 Staros\u0142owia\u0144skiej \u015awi\u0105tyni \u015awiat\u0142a \u015awiata w Krakowie od IX do XX wieku, czyli Odci\u0119ta Noga Gwiezdnego Byka a Planty (1)<\/a><\/li>\n<li class=\"page_item page-item-33126\"><a href=\"https:\/\/bialczynski.pl\/slowianie-w-dziejach-mitologia-slowian-i-wiara-przyrody\/straznicy-wiary-slowianskiej-wiary-przyrodzoney\/o-pierwszej-staroslowianskiej-swiatyni-swiatla-swiata-w-krakowie\/gotfryd-ossowski-1835-1897-straznik-wiary-przyrodzoney-slowian\/\">Gotfryd Ossowski (1835 \u2013 1897) \u2013 Stra\u017cnik Wiary Przyrod(zone)y S\u0142owian<\/a><\/li>\n<li class=\"page_item page-item-60376\"><a href=\"https:\/\/bialczynski.pl\/slowianie-w-dziejach-mitologia-slowian-i-wiara-przyrody\/straznicy-wiary-slowianskiej-wiary-przyrodzoney\/o-pierwszej-staroslowianskiej-swiatyni-swiatla-swiata-w-krakowie\/jaksa-z-miechowa-z-kopanicy-1120-1176\/\">Jaksa z Miechowa [lub z Kopanicy] (1120 \u2013 1176)<\/a><\/li>\n<li class=\"page_item page-item-31607\"><a href=\"https:\/\/bialczynski.pl\/slowianie-w-dziejach-mitologia-slowian-i-wiara-przyrody\/straznicy-wiary-slowianskiej-wiary-przyrodzoney\/o-pierwszej-staroslowianskiej-swiatyni-swiatla-swiata-w-krakowie\/jan-gawinski-wielomowic-1622-1684-straznik-wiary-slowian\/\">Jan Gawi\u0144ski \u201eWielomowic\u201d (1622 \u2013 1684) \u2013 Stra\u017cnik Wiary S\u0142owian<\/a><\/li>\n<li class=\"page_item page-item-31206 page_item_has_children\"><a href=\"https:\/\/bialczynski.pl\/slowianie-w-dziejach-mitologia-slowian-i-wiara-przyrody\/straznicy-wiary-slowianskiej-wiary-przyrodzoney\/o-pierwszej-staroslowianskiej-swiatyni-swiatla-swiata-w-krakowie\/jan-kochanowski-z-czarnolasu-1530-1584-straznik-wiary-przyrodzoney-slowian\/\">Jan Kochanowski (z Czarnolasu, 1530 \u2013 1584) Stra\u017cnik Wiary Przyrod(zone)y S\u0142owian<\/a>\n<ul class=\"children\">\n<li class=\"page_item page-item-33099\"><a href=\"https:\/\/bialczynski.pl\/slowianie-w-dziejach-mitologia-slowian-i-wiara-przyrody\/straznicy-wiary-slowianskiej-wiary-przyrodzoney\/o-pierwszej-staroslowianskiej-swiatyni-swiatla-swiata-w-krakowie\/jan-kochanowski-z-czarnolasu-1530-1584-straznik-wiary-przyrodzoney-slowian\/o-slowiano-aryjskich-wedach-inglistow-i-piesniach-jana-kochanowskiego\/\">O \u201cS\u0142owiano-aryjskich wedach\u201d inglist\u00f3w i Pie\u015bniach Jana Kochanowskiego<\/a><\/li>\n<\/ul>\n<\/li>\n<li class=\"page_item page-item-31224 page_item_has_children\"><a href=\"https:\/\/bialczynski.pl\/slowianie-w-dziejach-mitologia-slowian-i-wiara-przyrody\/straznicy-wiary-slowianskiej-wiary-przyrodzoney\/o-pierwszej-staroslowianskiej-swiatyni-swiatla-swiata-w-krakowie\/jan-twardowski-vel-lorenz-dhur-1473-1573-alchemik-i-czarownik-doctor-gentium-vas-electionis-czyli-nauczyciel-pogan-naczynie-wybrane-straznik-wia\/\">Jan Twardowski vel Laurenty Dur (Lorenz Dhur 1473 \u2013 1573) \u2013 alchemik i czarownik: Doctor Gentium, Vas Electionis \u2013 czyli \u201cNauczyciel pogan, naczynie wybrane\u201d (Stra\u017cnik Wiary S\u0142owian).<\/a>\n<ul class=\"children\">\n<li class=\"page_item page-item-49999\"><a href=\"https:\/\/bialczynski.pl\/slowianie-w-dziejach-mitologia-slowian-i-wiara-przyrody\/straznicy-wiary-slowianskiej-wiary-przyrodzoney\/o-pierwszej-staroslowianskiej-swiatyni-swiatla-swiata-w-krakowie\/jan-twardowski-vel-lorenz-dhur-1473-1573-alchemik-i-czarownik-doctor-gentium-vas-electionis-czyli-nauczyciel-pogan-naczynie-wybrane-straznik-wia\/lucyna-domanska-magiczne-lustro-twardowskiego-nauczyciela-pogan\/\">Lucyna Doma\u0144ska: Magiczne Lustro Twardowskiego (nauczyciela pogan)!<\/a><\/li>\n<\/ul>\n<\/li>\n<li class=\"page_item page-item-45007\"><a href=\"https:\/\/bialczynski.pl\/slowianie-w-dziejach-mitologia-slowian-i-wiara-przyrody\/straznicy-wiary-slowianskiej-wiary-przyrodzoney\/o-pierwszej-staroslowianskiej-swiatyni-swiatla-swiata-w-krakowie\/jan-z-glogowa-zwany-tez-glogowczykiem-1445-1507-straznik-wiary-przyrody\/\">Jan z G\u0142ogowa (zwany te\u017c G\u0142ogowczykiem, 1445-1507) \u2013 Stra\u017cnik Wiary Przyrody<\/a><\/li>\n<li class=\"page_item page-item-31569 page_item_has_children\"><a href=\"https:\/\/bialczynski.pl\/slowianie-w-dziejach-mitologia-slowian-i-wiara-przyrody\/straznicy-wiary-slowianskiej-wiary-przyrodzoney\/o-pierwszej-staroslowianskiej-swiatyni-swiatla-swiata-w-krakowie\/joanna-salamon-1932-2001-straznik-wiary-slowian\/\">Joanna Salamon (1932 \u2013 2001) \u2013 zas\u0142u\u017cona dla Wiary Przyrodzonej S\u0142owian<\/a>\n<ul class=\"children\">\n<li class=\"page_item page-item-31565\"><a href=\"https:\/\/bialczynski.pl\/slowianie-w-dziejach-mitologia-slowian-i-wiara-przyrody\/straznicy-wiary-slowianskiej-wiary-przyrodzoney\/o-pierwszej-staroslowianskiej-swiatyni-swiatla-swiata-w-krakowie\/joanna-salamon-1932-2001-straznik-wiary-slowian\/lukasz-mnczyk-slowo-na-szczesliwosc-swiata-o-joannie-salamon\/\">S\u0142owo na szcz\u0119\u015bliwo\u015b\u0107 \u015bwiata (\u0141ukasz Ma\u0144czyk \u2013 O Joannie Salamon)<\/a><\/li>\n<\/ul>\n<\/li>\n<li class=\"page_item page-item-81413\"><a href=\"https:\/\/bialczynski.pl\/slowianie-w-dziejach-mitologia-slowian-i-wiara-przyrody\/straznicy-wiary-slowianskiej-wiary-przyrodzoney\/o-pierwszej-staroslowianskiej-swiatyni-swiatla-swiata-w-krakowie\/ludwik-stasiak-1858-1924-straznik-wiary-slowian-z-i-staroslowianskiej-swiatyni-swiatla-swiata\/\">Ludwik Stasiak (1858 \u2013 1924) \u2013 Stra\u017cnik Wiary S\u0142owian z I Staros\u0142owia\u0144skiej \u015awi\u0105tyni \u015awiat\u0142a \u015awiata<\/a><\/li>\n<li class=\"page_item page-item-44981\"><a href=\"https:\/\/bialczynski.pl\/slowianie-w-dziejach-mitologia-slowian-i-wiara-przyrody\/straznicy-wiary-slowianskiej-wiary-przyrodzoney\/o-pierwszej-staroslowianskiej-swiatyni-swiatla-swiata-w-krakowie\/maciej-miechowita-1457-1523-straznik-wiary-slowian-astrolog-alchemik-mag-medyk\/\">Maciej Miechowita (1457 \u2013 1523) \u2013 Stra\u017cnik Wiary S\u0142owian, astrolog, alchemik, mag, medyk<\/a><\/li>\n<li class=\"page_item page-item-60406\"><a href=\"https:\/\/bialczynski.pl\/slowianie-w-dziejach-mitologia-slowian-i-wiara-przyrody\/straznicy-wiary-slowianskiej-wiary-przyrodzoney\/o-pierwszej-staroslowianskiej-swiatyni-swiatla-swiata-w-krakowie\/mikolaj-wolski-z-podhajec-herbu-polkozic-1553-1630-alchemik-i-sssss\/\">Miko\u0142aj Wolski z Podhajec herbu P\u00f3\u0142kozic (1553 \u2013 1630) \u2013 alchemik, (I SS\u015a\u015a\u015a)<\/a><\/li>\n<li class=\"page_item page-item-31461\"><a href=\"https:\/\/bialczynski.pl\/slowianie-w-dziejach-mitologia-slowian-i-wiara-przyrody\/straznicy-wiary-slowianskiej-wiary-przyrodzoney\/o-pierwszej-staroslowianskiej-swiatyni-swiatla-swiata-w-krakowie\/31461-2\/\">Rudolf Starzewski (1870 \u2013 1920)<\/a><\/li>\n<li class=\"page_item page-item-60395\"><a href=\"https:\/\/bialczynski.pl\/slowianie-w-dziejach-mitologia-slowian-i-wiara-przyrody\/straznicy-wiary-slowianskiej-wiary-przyrodzoney\/o-pierwszej-staroslowianskiej-swiatyni-swiatla-swiata-w-krakowie\/stanislaw-ciszewski-1865-1930\/\">Stanis\u0142aw Ciszewski (1865 \u2013 1930)<\/a><\/li>\n<li class=\"page_item page-item-3722 page_item_has_children\"><a href=\"https:\/\/bialczynski.pl\/slowianie-w-dziejach-mitologia-slowian-i-wiara-przyrody\/straznicy-wiary-slowianskiej-wiary-przyrodzoney\/o-pierwszej-staroslowianskiej-swiatyni-swiatla-swiata-w-krakowie\/stanislaw-vincenz-prawda-starowieku\/\">Stanis\u0142aw Vincenz (1888-1971) i Irena (1901-1991) \u2013 Prawda Starowieku<\/a>\n<ul class=\"children\">\n<li class=\"page_item page-item-4219\"><a href=\"https:\/\/bialczynski.pl\/slowianie-w-dziejach-mitologia-slowian-i-wiara-przyrody\/straznicy-wiary-slowianskiej-wiary-przyrodzoney\/o-pierwszej-staroslowianskiej-swiatyni-swiatla-swiata-w-krakowie\/stanislaw-vincenz-prawda-starowieku\/prawda-starowieku-fragment\/\">&#8222;Prawda Starowieku&#8221; (fragment)<\/a><\/li>\n<li class=\"page_item page-item-4250\"><a href=\"https:\/\/bialczynski.pl\/slowianie-w-dziejach-mitologia-slowian-i-wiara-przyrody\/straznicy-wiary-slowianskiej-wiary-przyrodzoney\/o-pierwszej-staroslowianskiej-swiatyni-swiatla-swiata-w-krakowie\/stanislaw-vincenz-prawda-starowieku\/festiwal-huculski-w-krakowie-z-okazji-120-rocznicy-smierci-stanislawa-vincenza\/\">Festiwal Huculski w Krakowie z okazji 120 rocznicy urodzin Stanis\u0142awa Vincenza<\/a><\/li>\n<li class=\"page_item page-item-17906 page_item_has_children\"><a href=\"https:\/\/bialczynski.pl\/slowianie-w-dziejach-mitologia-slowian-i-wiara-przyrody\/straznicy-wiary-slowianskiej-wiary-przyrodzoney\/o-pierwszej-staroslowianskiej-swiatyni-swiatla-swiata-w-krakowie\/stanislaw-vincenz-prawda-starowieku\/slowianska-atlantyda-festiwal-2011-prawda-starowieku-fragment-2\/\">S\u0142owia\u0144ska Atlantyda (festiwal 2011) \u2013 Prawda starowieku (fragment 2)<\/a>\n<ul class=\"children\">\n<li class=\"page_item page-item-19435\"><a href=\"https:\/\/bialczynski.pl\/slowianie-w-dziejach-mitologia-slowian-i-wiara-przyrody\/straznicy-wiary-slowianskiej-wiary-przyrodzoney\/o-pierwszej-staroslowianskiej-swiatyni-swiatla-swiata-w-krakowie\/stanislaw-vincenz-prawda-starowieku\/slowianska-atlantyda-festiwal-2011-prawda-starowieku-fragment-2\/homer-huculszczyzny-40-lecie-smierci-stanislawa-vincenza-28-01-2011\/\">Homer huculszczyzny \u2013 40 lecie \u015bmierci Stanis\u0142awa Vincenza (28.01.2011)<\/a><\/li>\n<\/ul>\n<\/li>\n<\/ul>\n<\/li>\n<li class=\"page_item page-item-6850 page_item_has_children\"><a href=\"https:\/\/bialczynski.pl\/slowianie-w-dziejach-mitologia-slowian-i-wiara-przyrody\/straznicy-wiary-slowianskiej-wiary-przyrodzoney\/o-pierwszej-staroslowianskiej-swiatyni-swiatla-swiata-w-krakowie\/straznicy-wiary-stanislaw-jakubowski\/\">Stra\u017cnicy Wiary \u2013 Stanis\u0142aw Jakubowski (1885 \u2013 1964)<\/a>\n<ul class=\"children\">\n<li class=\"page_item page-item-10936\"><a href=\"https:\/\/bialczynski.pl\/slowianie-w-dziejach-mitologia-slowian-i-wiara-przyrody\/straznicy-wiary-slowianskiej-wiary-przyrodzoney\/o-pierwszej-staroslowianskiej-swiatyni-swiatla-swiata-w-krakowie\/straznicy-wiary-stanislaw-jakubowski\/bogowie-slowian-i-swiete-miejsca\/\">Bogowie S\u0142owian i \u015awi\u0119te Miejsca<\/a><\/li>\n<\/ul>\n<\/li>\n<li class=\"page_item page-item-6883 page_item_has_children\"><a href=\"https:\/\/bialczynski.pl\/slowianie-w-dziejach-mitologia-slowian-i-wiara-przyrody\/straznicy-wiary-slowianskiej-wiary-przyrodzoney\/o-pierwszej-staroslowianskiej-swiatyni-swiatla-swiata-w-krakowie\/straznicy-wiary-przyrodzoney-slowian-jalu-kurek-1904-1983\/\">Stra\u017cnicy Wiary Przyrod(zone)y S\u0142owian \u2013 Jalu Kurek (1904 \u2013 1983)<\/a>\n<ul class=\"children\">\n<li class=\"page_item page-item-13836\"><a href=\"https:\/\/bialczynski.pl\/slowianie-w-dziejach-mitologia-slowian-i-wiara-przyrody\/straznicy-wiary-slowianskiej-wiary-przyrodzoney\/o-pierwszej-staroslowianskiej-swiatyni-swiatla-swiata-w-krakowie\/straznicy-wiary-przyrodzoney-slowian-jalu-kurek-1904-1983\/jeszcze-o-jalu-o-jego-parku-i-krakowskim-watykanie\/\">Jeszcze o Jalu, o jego Parku i Krakowskim Watykanie<\/a><\/li>\n<\/ul>\n<\/li>\n<li class=\"page_item page-item-4885 page_item_has_children\"><a href=\"https:\/\/bialczynski.pl\/slowianie-w-dziejach-mitologia-slowian-i-wiara-przyrody\/straznicy-wiary-slowianskiej-wiary-przyrodzoney\/o-pierwszej-staroslowianskiej-swiatyni-swiatla-swiata-w-krakowie\/straznicy-wiary-przyrodzoney-slowian-zofia-stryjenska-1891-1976-poganscy-bogowie-i-styl-harski-jako-styl-polski\/\">Stra\u017cnicy Wiary Przyrod(zone)y S\u0142owian \u2013 Zofia Stryje\u0144ska (1891 \u2013 1976) \u2013 Poga\u0144scy Bogowie i styl harski jako styl polski<\/a>\n<ul class=\"children\">\n<li class=\"page_item page-item-12882\"><a href=\"https:\/\/bialczynski.pl\/slowianie-w-dziejach-mitologia-slowian-i-wiara-przyrody\/straznicy-wiary-slowianskiej-wiary-przyrodzoney\/o-pierwszej-staroslowianskiej-swiatyni-swiatla-swiata-w-krakowie\/straznicy-wiary-przyrodzoney-slowian-zofia-stryjenska-1891-1976-poganscy-bogowie-i-styl-harski-jako-styl-polski\/nie-tylko-o-zofii-stryjenskiej-bogi-slowianskie-poranek-i-lowy-bogow\/\">Nie tylko o Zofii Stryje\u0144skiej \u2013 Bogi s\u0142owia\u0144skie, Poranek i \u0141owy Bog\u00f3w<\/a><\/li>\n<\/ul>\n<\/li>\n<li class=\"page_item page-item-4126 page_item_has_children\"><a href=\"https:\/\/bialczynski.pl\/slowianie-w-dziejach-mitologia-slowian-i-wiara-przyrody\/straznicy-wiary-slowianskiej-wiary-przyrodzoney\/o-pierwszej-staroslowianskiej-swiatyni-swiatla-swiata-w-krakowie\/straznicy-wiary-przyrodzoney-slowian-stanislaw-wyspianski-i-wladyslaw-ekielski-projekt-wawel-akropol\/\">Stra\u017cnicy Wiary Przyrodzoney S\u0142owian \u2013 Stanis\u0142aw Wyspia\u0144ski i W\u0142adys\u0142aw Ekielski \u2013 Projekt Wawel Akropol<\/a>\n<ul class=\"children\">\n<li class=\"page_item page-item-54923\"><a href=\"https:\/\/bialczynski.pl\/slowianie-w-dziejach-mitologia-slowian-i-wiara-przyrody\/straznicy-wiary-slowianskiej-wiary-przyrodzoney\/o-pierwszej-staroslowianskiej-swiatyni-swiatla-swiata-w-krakowie\/straznicy-wiary-przyrodzoney-slowian-stanislaw-wyspianski-i-wladyslaw-ekielski-projekt-wawel-akropol\/legenda-stanislawa-wyspianskiego-tomasz-zielinski\/\">Legenda Stanis\u0142awa Wyspia\u0144skiego \u2013 Tomasz Zieli\u0144ski<\/a><\/li>\n<li class=\"page_item page-item-4297\"><a href=\"https:\/\/bialczynski.pl\/slowianie-w-dziejach-mitologia-slowian-i-wiara-przyrody\/straznicy-wiary-slowianskiej-wiary-przyrodzoney\/o-pierwszej-staroslowianskiej-swiatyni-swiatla-swiata-w-krakowie\/straznicy-wiary-przyrodzoney-slowian-stanislaw-wyspianski-i-wladyslaw-ekielski-projekt-wawel-akropol\/stanislaw-wyspianski-krakow-w-100-rocznice-smierci\/\">Stanis\u0142aw Wyspia\u0144ski \u2013 Krak\u00f3w w 100 rocznic\u0119 \u015bmierci<\/a><\/li>\n<li class=\"page_item page-item-51131\"><a href=\"https:\/\/bialczynski.pl\/slowianie-w-dziejach-mitologia-slowian-i-wiara-przyrody\/straznicy-wiary-slowianskiej-wiary-przyrodzoney\/o-pierwszej-staroslowianskiej-swiatyni-swiatla-swiata-w-krakowie\/straznicy-wiary-przyrodzoney-slowian-stanislaw-wyspianski-i-wladyslaw-ekielski-projekt-wawel-akropol\/stanislaw-wyspianski-modlitwa-do-slonca-dramat-legion\/\">Stanis\u0142aw Wyspia\u0144ski \u2013 Modlitwa do S\u0142o\u0144ca (dramat Legion)<\/a><\/li>\n<li class=\"page_item page-item-12518\"><a href=\"https:\/\/bialczynski.pl\/slowianie-w-dziejach-mitologia-slowian-i-wiara-przyrody\/straznicy-wiary-slowianskiej-wiary-przyrodzoney\/o-pierwszej-staroslowianskiej-swiatyni-swiatla-swiata-w-krakowie\/straznicy-wiary-przyrodzoney-slowian-stanislaw-wyspianski-i-wladyslaw-ekielski-projekt-wawel-akropol\/stanislaw-wyspianski-ostatnia-droga\/\">Stanis\u0142aw Wyspia\u0144ski \u2013 Ostatnia droga<\/a><\/li>\n<li class=\"page_item page-item-4276\"><a href=\"https:\/\/bialczynski.pl\/slowianie-w-dziejach-mitologia-slowian-i-wiara-przyrody\/straznicy-wiary-slowianskiej-wiary-przyrodzoney\/o-pierwszej-staroslowianskiej-swiatyni-swiatla-swiata-w-krakowie\/straznicy-wiary-przyrodzoney-slowian-stanislaw-wyspianski-i-wladyslaw-ekielski-projekt-wawel-akropol\/stanislaw-wyspianski-1869-1907-i-wladyslaw-ekielski-1855-1927-zyciorysy\/\">Stanis\u0142aw Wyspia\u0144ski (1869 \u2013 1907) i W\u0142adys\u0142aw Ekielski (1855- 1927) \u2013 \u017cyciorysy<\/a><\/li>\n<li class=\"page_item page-item-54929\"><a href=\"https:\/\/bialczynski.pl\/slowianie-w-dziejach-mitologia-slowian-i-wiara-przyrody\/straznicy-wiary-slowianskiej-wiary-przyrodzoney\/o-pierwszej-staroslowianskiej-swiatyni-swiatla-swiata-w-krakowie\/straznicy-wiary-przyrodzoney-slowian-stanislaw-wyspianski-i-wladyslaw-ekielski-projekt-wawel-akropol\/tomasz-zielinskie-wesele-czy-jednak-weles\/\">Tomasz Zieli\u0144ski \u2013 Wesele czy jednak Weles? (S\u0142owiani\u0107 nr 7)<\/a><\/li>\n<\/ul>\n<\/li>\n<li class=\"page_item page-item-44541\"><a href=\"https:\/\/bialczynski.pl\/slowianie-w-dziejach-mitologia-slowian-i-wiara-przyrody\/straznicy-wiary-slowianskiej-wiary-przyrodzoney\/o-pierwszej-staroslowianskiej-swiatyni-swiatla-swiata-w-krakowie\/straznik-wiary-przyrody-z-czech-waclaw-hollar-1607-1677\/\">Stra\u017cnik Wiary Przyrody z Czech \u2013 Wac\u0142aw Hollar (1607 \u2013 1677)<\/a><\/li>\n<li class=\"page_item page-item-7736 page_item_has_children\"><a href=\"https:\/\/bialczynski.pl\/slowianie-w-dziejach-mitologia-slowian-i-wiara-przyrody\/straznicy-wiary-slowianskiej-wiary-przyrodzoney\/o-pierwszej-staroslowianskiej-swiatyni-swiatla-swiata-w-krakowie\/duszan-jurkowicz-slowacki-straznik-wiary-przyrody-1868-1947\/\">Stra\u017cnik Wiary Przyrody ze S\u0142owacji \u2013 Duszan Jurkowicz(1868 \u2013 1947) \u2013 s\u0142owia\u0144skie cmentarze<\/a>\n<ul class=\"children\">\n<li class=\"page_item page-item-10787\"><a href=\"https:\/\/bialczynski.pl\/slowianie-w-dziejach-mitologia-slowian-i-wiara-przyrody\/straznicy-wiary-slowianskiej-wiary-przyrodzoney\/o-pierwszej-staroslowianskiej-swiatyni-swiatla-swiata-w-krakowie\/duszan-jurkowicz-slowacki-straznik-wiary-przyrody-1868-1947\/radhost-i-pustevny-duszana-jurkowicza\/\">Radhost i Pustevny Duszana Jurkowicza<\/a><\/li>\n<li class=\"page_item page-item-14216\"><a href=\"https:\/\/bialczynski.pl\/slowianie-w-dziejach-mitologia-slowian-i-wiara-przyrody\/straznicy-wiary-slowianskiej-wiary-przyrodzoney\/o-pierwszej-staroslowianskiej-swiatyni-swiatla-swiata-w-krakowie\/duszan-jurkowicz-slowacki-straznik-wiary-przyrody-1868-1947\/smetarz-na-rotundzie\/\">Sm\u0119tarz na Rotundzie<\/a><\/li>\n<\/ul>\n<\/li>\n<li class=\"page_item page-item-81397\"><a href=\"https:\/\/bialczynski.pl\/slowianie-w-dziejach-mitologia-slowian-i-wiara-przyrody\/straznicy-wiary-slowianskiej-wiary-przyrodzoney\/o-pierwszej-staroslowianskiej-swiatyni-swiatla-swiata-w-krakowie\/straznik-wiary-przyrodzonej-artur-gorski-1870-1959-i-jego-mloda-polska\/\">Stra\u017cnik Wiary Przyrodzonej Artur G\u00f3rski (1870 \u2013 1959) \u2013 i jego M\u0142oda Polska<\/a><\/li>\n<li class=\"page_item page-item-54536\"><a href=\"https:\/\/bialczynski.pl\/slowianie-w-dziejach-mitologia-slowian-i-wiara-przyrody\/straznicy-wiary-slowianskiej-wiary-przyrodzoney\/o-pierwszej-staroslowianskiej-swiatyni-swiatla-swiata-w-krakowie\/straznik-wiary-przyrodzoney-slowian-konstanty-moes-oskragiello-1850-1905-prekursor-wegetarianizmu-i-wiedy-zertw\/\">Stra\u017cnik Wiary Przyrodzoney S\u0142owian \u2013 Konstanty Moes Oskragie\u0142\u0142o (1850-1905), prekursor wegetarianizmu i wiedy \u017certw.<\/a><\/li>\n<li class=\"page_item page-item-20069\"><a href=\"https:\/\/bialczynski.pl\/slowianie-w-dziejach-mitologia-slowian-i-wiara-przyrody\/straznicy-wiary-slowianskiej-wiary-przyrodzoney\/o-pierwszej-staroslowianskiej-swiatyni-swiatla-swiata-w-krakowie\/straznik-wiary-slowian-kazimierz-wladyslaw-woycicki-1807-1879\/\">Stra\u017cnik Wiary S\u0142owian \u2013 Kazimierz W\u0142adys\u0142aw W\u00f3ycicki (1807 \u2013 1879)<\/a><\/li>\n<li class=\"page_item page-item-81424\"><a href=\"https:\/\/bialczynski.pl\/slowianie-w-dziejach-mitologia-slowian-i-wiara-przyrody\/straznicy-wiary-slowianskiej-wiary-przyrodzoney\/o-pierwszej-staroslowianskiej-swiatyni-swiatla-swiata-w-krakowie\/mieczyslaw-karwowski-straznik-wiary-slowian-sssss-iii-lwow\/\">Stra\u017cnik Wiary S\u0142owian \u2013 I SS\u015a\u015a\u015a \u2013 Stanis\u0142aw Ciszewski (1865 \u2013 1930)<\/a><\/li>\n<li class=\"page_item page-item-81453\"><a href=\"https:\/\/bialczynski.pl\/slowianie-w-dziejach-mitologia-slowian-i-wiara-przyrody\/straznicy-wiary-slowianskiej-wiary-przyrodzoney\/o-pierwszej-staroslowianskiej-swiatyni-swiatla-swiata-w-krakowie\/tadeusz-micinski-1873-1918-straznik-wiary-slowian\/\">Tadeusz Mici\u0144ski (1873 \u2013 1918) \u2013 Stra\u017cnik Wiary S\u0142owian<\/a><\/li>\n<li class=\"page_item page-item-44774\"><a href=\"https:\/\/bialczynski.pl\/slowianie-w-dziejach-mitologia-slowian-i-wiara-przyrody\/straznicy-wiary-slowianskiej-wiary-przyrodzoney\/o-pierwszej-staroslowianskiej-swiatyni-swiatla-swiata-w-krakowie\/vojtech-zamarovsky-1919-2006-czesko-slowacki-straznik-wiary-przyrodzoney\/\">Vojtech Zamarovsk\u00fd (1919 \u2013 2006) \u2013 Czesko-S\u0142owacki Stra\u017cnik Wiary Przyrod(zone)y<\/a><\/li>\n<li class=\"page_item page-item-81393\"><a href=\"https:\/\/bialczynski.pl\/slowianie-w-dziejach-mitologia-slowian-i-wiara-przyrody\/straznicy-wiary-slowianskiej-wiary-przyrodzoney\/o-pierwszej-staroslowianskiej-swiatyni-swiatla-swiata-w-krakowie\/walery-slawek-1879-1939-i-franciszek-maczynski-1874-1947-straznicy-wiary-slowian-kopiec-mogila-mogil-na-sowincu\/\">Walery S\u0142awek ( 1879 \u2013 1939) i Franciszek M\u0105czy\u0144ski (1874 \u2013 1947) \u2013 Stra\u017cnicy Wiary S\u0142owian (Kopiec Mogi\u0142a Mogi\u0142 na Sowi\u0144cu)<\/a><\/li>\n<li class=\"page_item page-item-55664\"><a href=\"https:\/\/bialczynski.pl\/slowianie-w-dziejach-mitologia-slowian-i-wiara-przyrody\/straznicy-wiary-slowianskiej-wiary-przyrodzoney\/o-pierwszej-staroslowianskiej-swiatyni-swiatla-swiata-w-krakowie\/wawelskie-arrasy-na-zamowienie-straznikow-wiary-przyrodzonej-slowian\/\">Wawelskie arrasy na zam\u00f3wienie Stra\u017cnik\u00f3w Wiary Przyrodzonej S\u0142owian?<\/a><\/li>\n<li class=\"page_item page-item-30128\"><a href=\"https:\/\/bialczynski.pl\/slowianie-w-dziejach-mitologia-slowian-i-wiara-przyrody\/straznicy-wiary-slowianskiej-wiary-przyrodzoney\/o-pierwszej-staroslowianskiej-swiatyni-swiatla-swiata-w-krakowie\/witold-chomicz-1910-1984-straznik-wiary-slowian\/\">Witold Chomicz (1910 \u2013 1984) \u2013 Stra\u017cnik Wiary S\u0142owian<\/a><\/li>\n<li class=\"page_item page-item-9392\"><a href=\"https:\/\/bialczynski.pl\/slowianie-w-dziejach-mitologia-slowian-i-wiara-przyrody\/straznicy-wiary-slowianskiej-wiary-przyrodzoney\/o-pierwszej-staroslowianskiej-swiatyni-swiatla-swiata-w-krakowie\/witold-pruszkowski-1846-1896-straznik-slowianskiej-wiary\/\">Witold Pruszkowski (1846 \u2013 1896)- Stra\u017cnik S\u0142owia\u0144skiej Wiary<\/a><\/li>\n<li class=\"page_item page-item-44185\"><a href=\"https:\/\/bialczynski.pl\/slowianie-w-dziejach-mitologia-slowian-i-wiara-przyrody\/straznicy-wiary-slowianskiej-wiary-przyrodzoney\/o-pierwszej-staroslowianskiej-swiatyni-swiatla-swiata-w-krakowie\/wladyslaw-szumowski-1875-1954-straznik-wiary-slowian\/\">W\u0142adys\u0142aw Szumowski (1875 \u2013 1954), Stra\u017cnik Wiary S\u0142owian<\/a><\/li>\n<li class=\"page_item page-item-55500\"><a href=\"https:\/\/bialczynski.pl\/slowianie-w-dziejach-mitologia-slowian-i-wiara-przyrody\/straznicy-wiary-slowianskiej-wiary-przyrodzoney\/o-pierwszej-staroslowianskiej-swiatyni-swiatla-swiata-w-krakowie\/zasluzeni-dla-wiary-przyrody-astrolodzy-jan-latos-1539-1608-aleksander-balinski-z-balina-zm-po-1506-kacper-goski-zm-1576\/\">Zas\u0142u\u017ceni dla Wiary Przyrody: Astrolodzy: Jan Latos (1539 \u2013 1608), Aleksander Bali\u0144ski z Balina (zm. po 1506), Kacper Goski (zm. 1576)<\/a><\/li>\n<li class=\"page_item page-item-44955\"><a href=\"https:\/\/bialczynski.pl\/slowianie-w-dziejach-mitologia-slowian-i-wiara-przyrody\/straznicy-wiary-slowianskiej-wiary-przyrodzoney\/o-pierwszej-staroslowianskiej-swiatyni-swiatla-swiata-w-krakowie\/zasluzony-dla-wiary-przyrody-michal-sedziwoj-1566-1636-prawdziwy-odkrywca-tlenu\/\">Zas\u0142u\u017cony dla Wiary Przyrody \u2013 Micha\u0142 S\u0119dziw\u00f3j (1566 \u2013 1636) \u2013 prawdziwy odkrywca tlenu.<\/a><\/li>\n<li class=\"page_item page-item-44946\"><a href=\"https:\/\/bialczynski.pl\/slowianie-w-dziejach-mitologia-slowian-i-wiara-przyrody\/straznicy-wiary-slowianskiej-wiary-przyrodzoney\/o-pierwszej-staroslowianskiej-swiatyni-swiatla-swiata-w-krakowie\/zasluzony-dla-wiary-przyrodzoney-slowian-marcin-z-olkusza-1433-1493-mag-okultysta-i-astrolog-krola-macieja-korwina-i-wladyslawa-jagiellonczyka\/\">Zas\u0142u\u017cony dla Wiary Przyrodzoney S\u0142owian \u2013 Marcin z Olkusza (1433 \u2013 1493), mag, okultysta i astrolog kr\u00f3la Macieja Korwina i W\u0142adys\u0142awa Jagiello\u0144czyka<\/a><\/li>\n<\/ul>\n<ul>\n<li class=\"page_item page-item-8457 page_item_has_children\" style=\"list-style-type: none;\">\n<ul class=\"children\">\n<li class=\"page_item page-item-20408 page_item_has_children\"><a href=\"https:\/\/bialczynski.pl\/slowianie-w-dziejach-mitologia-slowian-i-wiara-przyrody\/straznicy-wiary-slowianskiej-wiary-przyrodzoney\/o-ii-staroslowianskiej-swiatyni-swiatla-swiata-w-warszawie-andrzej-niemojewski-1864-1921-i-lech-niemojewski-1864-1952\/\">O II Staros\u0142owia\u0144skiej \u015awi\u0105tyni \u015awiat\u0142a \u015awiata w Warszawie i Poznaniu \u2013 Andrzej Niemojewski (1864 \u2013 1921) i Lech Niemojewski (1864 \u2013 1952)<\/a>\n<ul class=\"children\">\n<li class=\"page_item page-item-55706\"><a href=\"https:\/\/bialczynski.pl\/slowianie-w-dziejach-mitologia-slowian-i-wiara-przyrody\/straznicy-wiary-slowianskiej-wiary-przyrodzoney\/o-ii-staroslowianskiej-swiatyni-swiatla-swiata-w-warszawie-andrzej-niemojewski-1864-1921-i-lech-niemojewski-1864-1952\/antoni-czubrynski-1885-1960-straznik-wiary-przyrodzonej-slowian-i-i-ii-ssssss-krakow-warszawa-czyli-tarot-astralistyka-i-inne-rzeczy\/\">Antoni Czubry\u0144ski (1885 \u2013 1960) \u2013 Stra\u017cnik Wiary Przyrodzonej S\u0142owian (I i II SS\u015a\u015a\u015a\u015a Krak\u00f3w \u2013 Warszawa), czyli Tarot, astralistyka i inne rzeczy.<\/a><\/li>\n<li class=\"page_item page-item-31261\"><a href=\"https:\/\/bialczynski.pl\/slowianie-w-dziejach-mitologia-slowian-i-wiara-przyrody\/straznicy-wiary-slowianskiej-wiary-przyrodzoney\/o-ii-staroslowianskiej-swiatyni-swiatla-swiata-w-warszawie-andrzej-niemojewski-1864-1921-i-lech-niemojewski-1864-1952\/31261-2\/\">Erazm Majewski (1858 \u2013 1922) \u2013 Stra\u017cnik Wiary S\u0142owian<\/a><\/li>\n<li class=\"page_item page-item-81455\"><a href=\"https:\/\/bialczynski.pl\/slowianie-w-dziejach-mitologia-slowian-i-wiara-przyrody\/straznicy-wiary-slowianskiej-wiary-przyrodzoney\/o-ii-staroslowianskiej-swiatyni-swiatla-swiata-w-warszawie-andrzej-niemojewski-1864-1921-i-lech-niemojewski-1864-1952\/jacek-karol-delekta-1906-1940-straznik-wiary-slowian-ii-sssss-warszawa-poznan-scytowie-grod-luzycki-pod-bydgoszcza-i-odwet-z-reki-niemcow-w-auschwitz\/\">Jacek Karol Delekta (1906- 1940) Stra\u017cnik Wiary S\u0142owian (II SS\u015a\u015a\u015a Warszawa -Pozna\u0144) \u2013 Scytowie, gr\u00f3d \u0142u\u017cycki pod Bydgoszcz\u0105 i odwet z r\u0119ki Niemc\u00f3w w Auschwitz<\/a><\/li>\n<li class=\"page_item page-item-56955\"><a href=\"https:\/\/bialczynski.pl\/slowianie-w-dziejach-mitologia-slowian-i-wiara-przyrody\/straznicy-wiary-slowianskiej-wiary-przyrodzoney\/o-ii-staroslowianskiej-swiatyni-swiatla-swiata-w-warszawie-andrzej-niemojewski-1864-1921-i-lech-niemojewski-1864-1952\/jan-karlowicz-1836-1903-i-mieczyslaw-karlowicz-1876-1909-zasluzeni-dla-wiary-przyrody\/\">Jan Kar\u0142owicz (1836 \u2013 1903) i Mieczys\u0142aw Kar\u0142owicz (1876 \u2013 1909) \u2013 Zas\u0142u\u017ceni dla Wiary Przyrody<\/a><\/li>\n<li class=\"page_item page-item-81405\"><a href=\"https:\/\/bialczynski.pl\/slowianie-w-dziejach-mitologia-slowian-i-wiara-przyrody\/straznicy-wiary-slowianskiej-wiary-przyrodzoney\/o-ii-staroslowianskiej-swiatyni-swiatla-swiata-w-warszawie-andrzej-niemojewski-1864-1921-i-lech-niemojewski-1864-1952\/jozef-stanislaw-wierzbicki-1853-1932-straznik-wiary-slowian-ii-sssss-warszawa-minsk\/\">J\u00f3zef Stanis\u0142aw Wierzbicki (1853 \u2013 1932) \u2013 Stra\u017cnik Wiary S\u0142owian [II SS\u015a\u015a\u015a Warszawa \u2013 Mi\u0144sk]<\/a><\/li>\n<li class=\"page_item page-item-28148\"><a href=\"https:\/\/bialczynski.pl\/slowianie-w-dziejach-mitologia-slowian-i-wiara-przyrody\/straznicy-wiary-slowianskiej-wiary-przyrodzoney\/o-ii-staroslowianskiej-swiatyni-swiatla-swiata-w-warszawie-andrzej-niemojewski-1864-1921-i-lech-niemojewski-1864-1952\/karol-libelt-1807-1875-filozof-powstaniec-straznik-wiary-slowian\/\">Karol Libelt (1807 \u2013 1875) \u2013 filozof, powstaniec, Stra\u017cnik Wiary S\u0142owian<\/a><\/li>\n<li class=\"page_item page-item-44117\"><a href=\"https:\/\/bialczynski.pl\/slowianie-w-dziejach-mitologia-slowian-i-wiara-przyrody\/straznicy-wiary-slowianskiej-wiary-przyrodzoney\/o-ii-staroslowianskiej-swiatyni-swiatla-swiata-w-warszawie-andrzej-niemojewski-1864-1921-i-lech-niemojewski-1864-1952\/kazimiera-illakowiczowna-1888-1983-zasluzona-dla-wiary-slowian-wilno-warszawa-poznan\/\">Kazimiera I\u0142\u0142akowicz\u00f3wna (1888\/1892? \u2013 1983) \u2013 Zas\u0142u\u017cona dla Wiary S\u0142owian: Wilno-Warszawa-Pozna\u0144<\/a><\/li>\n<li class=\"page_item page-item-81433\"><a href=\"https:\/\/bialczynski.pl\/slowianie-w-dziejach-mitologia-slowian-i-wiara-przyrody\/straznicy-wiary-slowianskiej-wiary-przyrodzoney\/o-ii-staroslowianskiej-swiatyni-swiatla-swiata-w-warszawie-andrzej-niemojewski-1864-1921-i-lech-niemojewski-1864-1952\/kazimierz-szulc-1825-1887-straznik-wiary-slowian-slowianofil-wolny-czlowiek\/\">Kazimierz Szulc (1825 \u2013 1887) \u2013 Stra\u017cnik Wiary S\u0142owian, s\u0142owianofil, wolny cz\u0142owiek<\/a><\/li>\n<li class=\"page_item page-item-49290\"><a href=\"https:\/\/bialczynski.pl\/slowianie-w-dziejach-mitologia-slowian-i-wiara-przyrody\/straznicy-wiary-slowianskiej-wiary-przyrodzoney\/o-ii-staroslowianskiej-swiatyni-swiatla-swiata-w-warszawie-andrzej-niemojewski-1864-1921-i-lech-niemojewski-1864-1952\/ksiadz-wojciech-debolecki-1585-1646-zasluzony-dla-wiary-przyrodzoney-slowian-wywod-iedynowlasnego-panstwa-swiata-albo-o-antypolskich-klamstwach-wikipedii-i-skadze-to\/\">Ksi\u0105dz Wojciech D\u0119bo\u0142\u0119cki (1585 \u2013 1646) \u2013 Zas\u0142u\u017cony dla Wiary Przyrodzoney S\u0142owian: Wyw\u00f3d Iedynow\u0142asnego Pa\u0144stwa \u015awiata \u2013 albo o antypolskich k\u0142amstwach Wikipedii i \u201eSk\u0105d\u017ce to zb\u0142a\u017anienie\u201d R. Sztybera!<\/a><\/li>\n<li class=\"page_item page-item-16214\"><a href=\"https:\/\/bialczynski.pl\/slowianie-w-dziejach-mitologia-slowian-i-wiara-przyrody\/straznicy-wiary-slowianskiej-wiary-przyrodzoney\/o-ii-staroslowianskiej-swiatyni-swiatla-swiata-w-warszawie-andrzej-niemojewski-1864-1921-i-lech-niemojewski-1864-1952\/michal-bylina-1904-1982-straznik-wiary-slowian-i-jego-kalewala\/\">Micha\u0142 Bylina (1904 \u2013 1982) i jego Kalewala<\/a><\/li>\n<li class=\"page_item page-item-54185\"><a href=\"https:\/\/bialczynski.pl\/slowianie-w-dziejach-mitologia-slowian-i-wiara-przyrody\/straznicy-wiary-slowianskiej-wiary-przyrodzoney\/o-ii-staroslowianskiej-swiatyni-swiatla-swiata-w-warszawie-andrzej-niemojewski-1864-1921-i-lech-niemojewski-1864-1952\/michal-federowski-1853-1923-straznik-wiary-przyrodzonej-slowian-ii-ssssss-warszawa\/\">Micha\u0142 Federowski (1853 \u2013 1923) \u2013 Stra\u017cnik Wiary Przyrodzonej S\u0142owian (II SS\u015a\u015a\u015a\u015a Warszawa)<\/a><\/li>\n<li class=\"page_item page-item-20980\"><a href=\"https:\/\/bialczynski.pl\/slowianie-w-dziejach-mitologia-slowian-i-wiara-przyrody\/straznicy-wiary-slowianskiej-wiary-przyrodzoney\/o-ii-staroslowianskiej-swiatyni-swiatla-swiata-w-warszawie-andrzej-niemojewski-1864-1921-i-lech-niemojewski-1864-1952\/narcyza-zmichowska-1819-1876-strazniczka-wiary-slowian-emancypantka-pisarka\/\">Narcyza \u017bmichowska (1819 \u2013 1876) \u2013 Stra\u017cniczka Wiary S\u0142owian, emancypantka, pisarka<\/a><\/li>\n<li class=\"page_item page-item-15556\"><a href=\"https:\/\/bialczynski.pl\/slowianie-w-dziejach-mitologia-slowian-i-wiara-przyrody\/straznicy-wiary-slowianskiej-wiary-przyrodzoney\/o-ii-staroslowianskiej-swiatyni-swiatla-swiata-w-warszawie-andrzej-niemojewski-1864-1921-i-lech-niemojewski-1864-1952\/o-marianie-wawrzenieckim-1863-1943-i-stanislawie-wocjanie-1903-1974\/\">O Marianie Wawrzenieckim (1863 \u2013 1943) i Stanis\u0142awie Wocjanie (1903 \u2013 1974)<\/a><\/li>\n<li class=\"page_item page-item-31110\"><a href=\"https:\/\/bialczynski.pl\/slowianie-w-dziejach-mitologia-slowian-i-wiara-przyrody\/straznicy-wiary-slowianskiej-wiary-przyrodzoney\/o-ii-staroslowianskiej-swiatyni-swiatla-swiata-w-warszawie-andrzej-niemojewski-1864-1921-i-lech-niemojewski-1864-1952\/roman-zmorski-1822-1867-straznik-wiary-przyrodzoney-slowian\/\">Roman Zmorski (1822 \u2013 1867) Stra\u017cnik Wiary Przyrodzoney S\u0142owian<\/a><\/li>\n<li class=\"page_item page-item-46411\"><a href=\"https:\/\/bialczynski.pl\/slowianie-w-dziejach-mitologia-slowian-i-wiara-przyrody\/straznicy-wiary-slowianskiej-wiary-przyrodzoney\/o-ii-staroslowianskiej-swiatyni-swiatla-swiata-w-warszawie-andrzej-niemojewski-1864-1921-i-lech-niemojewski-1864-1952\/ryszard-danecki-1931-2013\/\">Ryszard Danecki (1931 \u2013 2013)<\/a><\/li>\n<li class=\"page_item page-item-54973\"><a href=\"https:\/\/bialczynski.pl\/slowianie-w-dziejach-mitologia-slowian-i-wiara-przyrody\/straznicy-wiary-slowianskiej-wiary-przyrodzoney\/o-ii-staroslowianskiej-swiatyni-swiatla-swiata-w-warszawie-andrzej-niemojewski-1864-1921-i-lech-niemojewski-1864-1952\/ryszard-wincenty-berwinski-1819-1879-straznik-wiary-slowian-ii-staroslowianska-swiatynia-swiatla-swiata-warszawa-poznan\/\">Ryszard Wincenty Berwi\u0144ski (1819 \u2013 1879) \u2013 Stra\u017cnik Wiary S\u0142owian \u2013 II Staros\u0142owia\u0144ska \u015awi\u0105tynia \u015awiat\u0142a \u015awiata (Warszawa \u2013 Pozna\u0144)<\/a><\/li>\n<li class=\"page_item page-item-44743\"><a href=\"https:\/\/bialczynski.pl\/slowianie-w-dziejach-mitologia-slowian-i-wiara-przyrody\/straznicy-wiary-slowianskiej-wiary-przyrodzoney\/o-ii-staroslowianskiej-swiatyni-swiatla-swiata-w-warszawie-andrzej-niemojewski-1864-1921-i-lech-niemojewski-1864-1952\/stanislaw-kostka-potocki-1755-1821-i-jan-nepomucen-potocki-1761-1815-straznicy-wiary-slowian\/\">Stanis\u0142aw Kostka Potocki (1755 \u2013 1821) i Jan Nepomucen Potocki (1761 \u2013 1815) \u2013 Stra\u017cnicy Wiary S\u0142owian<\/a><\/li>\n<li class=\"page_item page-item-31489\"><a href=\"https:\/\/bialczynski.pl\/slowianie-w-dziejach-mitologia-slowian-i-wiara-przyrody\/straznicy-wiary-slowianskiej-wiary-przyrodzoney\/o-ii-staroslowianskiej-swiatyni-swiatla-swiata-w-warszawie-andrzej-niemojewski-1864-1921-i-lech-niemojewski-1864-1952\/straznik-wiary-przybyslaw-dyjamentowski-1694-1774-ii-sssss-warszawa-rzekomy-autor-kroniki-prokosza\/\">Stra\u017cnik Wiary \u2013 Przybys\u0142aw Dyjamentowski (1694 \u2013 1774) \u2013 rzekomy autor Kroniki Prokosza<\/a><\/li>\n<li class=\"page_item page-item-20975\"><a href=\"https:\/\/bialczynski.pl\/slowianie-w-dziejach-mitologia-slowian-i-wiara-przyrody\/straznicy-wiary-slowianskiej-wiary-przyrodzoney\/o-ii-staroslowianskiej-swiatyni-swiatla-swiata-w-warszawie-andrzej-niemojewski-1864-1921-i-lech-niemojewski-1864-1952\/straznik-wiary-i-prawa-slowian-waclaw-aleksander-maciejowski-1792-1883\/\">Stra\u017cnik Wiary i Prawa S\u0142owian \u2013 Wac\u0142aw Aleksander Maciejowski (1792 \u2013 1883)<\/a><\/li>\n<li class=\"page_item page-item-81420\"><a href=\"https:\/\/bialczynski.pl\/slowianie-w-dziejach-mitologia-slowian-i-wiara-przyrody\/straznicy-wiary-slowianskiej-wiary-przyrodzoney\/o-ii-staroslowianskiej-swiatyni-swiatla-swiata-w-warszawie-andrzej-niemojewski-1864-1921-i-lech-niemojewski-1864-1952\/straznik-wiary-przyrodzoney-slowian-konstanty-moes-oskragiello-1850-1905-prekursor-wegetarianizmu-i-wiedy-zertw\/\">Stra\u017cnik Wiary Przyrodzoney S\u0142owian \u2013 Konstanty Moes Oskragie\u0142\u0142o (1850-1905), prekursor wegetarianizmu i wiedy \u017certw.<\/a><\/li>\n<li class=\"page_item page-item-23884 page_item_has_children\"><a href=\"https:\/\/bialczynski.pl\/slowianie-w-dziejach-mitologia-slowian-i-wiara-przyrody\/straznicy-wiary-slowianskiej-wiary-przyrodzoney\/o-ii-staroslowianskiej-swiatyni-swiatla-swiata-w-warszawie-andrzej-niemojewski-1864-1921-i-lech-niemojewski-1864-1952\/tadeusz-wolanski-warszawsko-wielkopolski-straznik-wiary-slowian-1785-1865\/\">Tadeusz Wola\u0144ski \u2013 Warszawsko-Wielkopolski Stra\u017cnik Wiary S\u0142owian (1785 \u2013 1865)<\/a>\n<ul class=\"children\">\n<li class=\"page_item page-item-37076\"><a href=\"https:\/\/bialczynski.pl\/slowianie-w-dziejach-mitologia-slowian-i-wiara-przyrody\/straznicy-wiary-slowianskiej-wiary-przyrodzoney\/o-ii-staroslowianskiej-swiatyni-swiatla-swiata-w-warszawie-andrzej-niemojewski-1864-1921-i-lech-niemojewski-1864-1952\/tadeusz-wolanski-warszawsko-wielkopolski-straznik-wiary-slowian-1785-1865\/o-odczytaniu-napisow-etruskich-rasenskichrutenskich-przez-tadeusza-wolanskiego\/\">O odczytaniu napis\u00f3w etruskich (rase\u0144skich\/rute\u0144skich) przez Tadeusza Wola\u0144skiego<\/a><\/li>\n<\/ul>\n<\/li>\n<li class=\"page_item page-item-54986\"><a href=\"https:\/\/bialczynski.pl\/slowianie-w-dziejach-mitologia-slowian-i-wiara-przyrody\/straznicy-wiary-slowianskiej-wiary-przyrodzoney\/o-ii-staroslowianskiej-swiatyni-swiatla-swiata-w-warszawie-andrzej-niemojewski-1864-1921-i-lech-niemojewski-1864-1952\/tadeusz-zielinski-1859-1944-zasluzony-dla-wiary-przyrody-chrzescijanin-hermes-trismegistos\/\">Tadeusz Zieli\u0144ski (1859 \u2013 1944 \u2013 Zas\u0142u\u017cony dla Wiary Przyrody, chrze\u015bcijanin): \u201eHermes Trismegistos\u201d.<\/a><\/li>\n<li class=\"page_item page-item-60398\"><a href=\"https:\/\/bialczynski.pl\/slowianie-w-dziejach-mitologia-slowian-i-wiara-przyrody\/straznicy-wiary-slowianskiej-wiary-przyrodzoney\/o-ii-staroslowianskiej-swiatyni-swiatla-swiata-w-warszawie-andrzej-niemojewski-1864-1921-i-lech-niemojewski-1864-1952\/tymoteusz-plewa-luniewski-1847-1905\/\">Tymoteusz Plewa \u0141uniewski (1847 \u2013 1905)<\/a><\/li>\n<li class=\"page_item page-item-24558\"><a href=\"https:\/\/bialczynski.pl\/slowianie-w-dziejach-mitologia-slowian-i-wiara-przyrody\/straznicy-wiary-slowianskiej-wiary-przyrodzoney\/o-ii-staroslowianskiej-swiatyni-swiatla-swiata-w-warszawie-andrzej-niemojewski-1864-1921-i-lech-niemojewski-1864-1952\/walenty-skorochod-majewski-1764-1835-straznik-wiary-wykpiony-odkrywca-zwiazku-jezyka-polskiego-i-sanskrytu\/\">Walenty Skoroch\u00f3d Majewski (1764 \u2013 1835) \u2013 Stra\u017cnik Wiary \u2013 wykpiony odkrywca zwi\u0105zku j\u0119zyka polskiego i sanskrytu<\/a><\/li>\n<li class=\"page_item page-item-60391\"><a href=\"https:\/\/bialczynski.pl\/slowianie-w-dziejach-mitologia-slowian-i-wiara-przyrody\/straznicy-wiary-slowianskiej-wiary-przyrodzoney\/o-ii-staroslowianskiej-swiatyni-swiatla-swiata-w-warszawie-andrzej-niemojewski-1864-1921-i-lech-niemojewski-1864-1952\/wincenty-trojanowski-1859-1928-straznik-wiary-slowian-ii-sssss-warszawa\/\">Wincenty Trojanowski (1859 \u2013 1928) \u2013 Stra\u017cnik Wiary S\u0142owian ( II SS\u015a\u015a\u015a Warszawa)<\/a><\/li>\n<li class=\"page_item page-item-46323\"><a href=\"https:\/\/bialczynski.pl\/slowianie-w-dziejach-mitologia-slowian-i-wiara-przyrody\/straznicy-wiary-slowianskiej-wiary-przyrodzoney\/o-ii-staroslowianskiej-swiatyni-swiatla-swiata-w-warszawie-andrzej-niemojewski-1864-1921-i-lech-niemojewski-1864-1952\/zasluzony-dla-wiary-przyrody-jan-grelich-mag-z-poznania-skazany-w-1452-roku-i-alchemik-wincenty-kowski-traktat-z-1484-roku\/\">Zas\u0142u\u017cony dla Wiary Przyrody \u2013 Jan Grelich, mag z Poznania (skazany w 1452 roku) i alchemik Wincenty Kowski (traktat z 1484 roku)<\/a><\/li>\n<li class=\"page_item page-item-8559 page_item_has_children\"><a href=\"https:\/\/bialczynski.pl\/slowianie-w-dziejach-mitologia-slowian-i-wiara-przyrody\/straznicy-wiary-slowianskiej-wiary-przyrodzoney\/o-ii-staroslowianskiej-swiatyni-swiatla-swiata-w-warszawie-andrzej-niemojewski-1864-1921-i-lech-niemojewski-1864-1952\/zorian-dolaga-chodakowski-1784-1825-straznik-wiary\/\">Zorian Do\u0142\u0119ga Chodakowski (1784 -1825) \u2013 Stra\u017cnik Wiary<\/a>\n<ul class=\"children\">\n<li class=\"page_item page-item-17310\"><a href=\"https:\/\/bialczynski.pl\/slowianie-w-dziejach-mitologia-slowian-i-wiara-przyrody\/straznicy-wiary-slowianskiej-wiary-przyrodzoney\/o-ii-staroslowianskiej-swiatyni-swiatla-swiata-w-warszawie-andrzej-niemojewski-1864-1921-i-lech-niemojewski-1864-1952\/zorian-dolaga-chodakowski-1784-1825-straznik-wiary\/wiadomosc-o-zorianie-doledze-chodakowskim-i-jego-korespondencja\/\">Wiadomo\u015b\u0107 o Zorianie Do\u0142\u0119dze Chodakowskim i jego korespondencja<\/a><\/li>\n<li class=\"page_item page-item-36232\"><a href=\"https:\/\/bialczynski.pl\/slowianie-w-dziejach-mitologia-slowian-i-wiara-przyrody\/straznicy-wiary-slowianskiej-wiary-przyrodzoney\/o-ii-staroslowianskiej-swiatyni-swiatla-swiata-w-warszawie-andrzej-niemojewski-1864-1921-i-lech-niemojewski-1864-1952\/zorian-dolaga-chodakowski-1784-1825-straznik-wiary\/zorian-dolega-chodakowski-slowianszczyzna-przed-chrzescijanstwem\/\">Zorian Do\u0142\u0119ga Chodakowski &#8222;S\u0142owia\u0144szczyzna przed chrze\u015bcija\u0144stwem&#8221;<\/a><\/li>\n<\/ul>\n<\/li>\n<\/ul>\n<\/li>\n<li class=\"page_item page-item-18143 page_item_has_children\"><a href=\"https:\/\/bialczynski.pl\/slowianie-w-dziejach-mitologia-slowian-i-wiara-przyrody\/straznicy-wiary-slowianskiej-wiary-przyrodzoney\/straznik-wiary-profesor-tadeusz-wojciechowski-1838-1919-iii-staroslowianska-swiatynia-swiata-swiata-lwow\/\">O III Staros\u0142owia\u0144skiej \u015awi\u0105tyni \u015awiat\u0142a \u015awiata \u2013 Lw\u00f3w \u2013 Kij\u00f3w: Stra\u017cnik Wiary \u2013 profesor Tadeusz Wojciechowski (1838 \u2013 1919)<\/a>\n<ul class=\"children\">\n<li class=\"page_item page-item-54999\"><a href=\"https:\/\/bialczynski.pl\/slowianie-w-dziejach-mitologia-slowian-i-wiara-przyrody\/straznicy-wiary-slowianskiej-wiary-przyrodzoney\/straznik-wiary-profesor-tadeusz-wojciechowski-1838-1919-iii-staroslowianska-swiatynia-swiata-swiata-lwow\/august-bielowski-1806-1876-straznik-wiary-slowian-trojziele-i-inne-liryki\/\">August Bielowski (1806- 1876) Stra\u017cnik Wiary S\u0142owian \u2013 Tr\u00f3jziele i inne liryki<\/a><\/li>\n<li class=\"page_item page-item-81407\"><a href=\"https:\/\/bialczynski.pl\/slowianie-w-dziejach-mitologia-slowian-i-wiara-przyrody\/straznicy-wiary-slowianskiej-wiary-przyrodzoney\/straznik-wiary-profesor-tadeusz-wojciechowski-1838-1919-iii-staroslowianska-swiatynia-swiata-swiata-lwow\/franciszek-ejsmont-lumir-1853-1910-straznik-wiary-slowianskiej-iii-sssss-lwow-kijow\/\">Franciszek Ejsmont Lumir (1853 \u2013 1910) \u2013 Stra\u017cnik Wiary S\u0142owia\u0144skiej (III SS\u015a\u015a\u015a \u2013 Lw\u00f3w \u2013 Kij\u00f3w)<\/a><\/li>\n<li class=\"page_item page-item-31253\"><a href=\"https:\/\/bialczynski.pl\/slowianie-w-dziejach-mitologia-slowian-i-wiara-przyrody\/straznicy-wiary-slowianskiej-wiary-przyrodzoney\/straznik-wiary-profesor-tadeusz-wojciechowski-1838-1919-iii-staroslowianska-swiatynia-swiata-swiata-lwow\/31253-2\/\">Hryhorij Sawycz Skoworoda (1722 \u2013 1794) \u2013 Stra\u017cnik Wiary S\u0142owian<\/a><\/li>\n<li class=\"page_item page-item-47610 page_item_has_children\"><a href=\"https:\/\/bialczynski.pl\/slowianie-w-dziejach-mitologia-slowian-i-wiara-przyrody\/straznicy-wiary-slowianskiej-wiary-przyrodzoney\/straznik-wiary-profesor-tadeusz-wojciechowski-1838-1919-iii-staroslowianska-swiatynia-swiata-swiata-lwow\/jan-karol-sas-zubrzycki-1860-1935-straznik-wiary-przyrodzonej-slowian-ze-lwowa\/\">Jan Karol Sas-Zubrzycki (1860 \u2013 1935) \u2013 Stra\u017cnik Wiary Przyrodzonej S\u0142owian ze Lwowa<\/a>\n<ul class=\"children\">\n<li class=\"page_item page-item-55693\"><a href=\"https:\/\/bialczynski.pl\/slowianie-w-dziejach-mitologia-slowian-i-wiara-przyrody\/straznicy-wiary-slowianskiej-wiary-przyrodzoney\/straznik-wiary-profesor-tadeusz-wojciechowski-1838-1919-iii-staroslowianska-swiatynia-swiata-swiata-lwow\/jan-karol-sas-zubrzycki-1860-1935-straznik-wiary-przyrodzonej-slowian-ze-lwowa\/lucyna-domanska-magiczne-lustro-twardowskiego-nauczyciela-pogan-jan-sas-zubrzycki-mistrz-twardowski-bialoksieznik-polski-bulatne-zwierciadlo\/\">Lucyna Doma\u0144ska: Magiczne Lustro Twardowskiego (nauczyciela pogan)! Jan Sas Zubrzycki \u201eMistrz Twardowski \u2013 bia\u0142oksi\u0119\u017cnik polski\u201d: Bu\u0142atne Zwierciad\u0142o<\/a><\/li>\n<\/ul>\n<\/li>\n<li class=\"page_item page-item-31527\"><a href=\"https:\/\/bialczynski.pl\/slowianie-w-dziejach-mitologia-slowian-i-wiara-przyrody\/straznicy-wiary-slowianskiej-wiary-przyrodzoney\/straznik-wiary-profesor-tadeusz-wojciechowski-1838-1919-iii-staroslowianska-swiatynia-swiata-swiata-lwow\/leon-wyczolkowski-straznik-wiary-przyrody-1852-1936-lwow-krakow-warszawa\/\">Leon Wycz\u00f3\u0142kowski \u2013 Stra\u017cnik Wiary Przyrody (1852 \u2013 1936, Lw\u00f3w \u2013 Krak\u00f3w \u2013 Warszawa), drzewid Staros\u0142owia\u0144skiej \u015awi\u0105tyni \u015awiat\u0142a \u015awiata we Lwowie<\/a><\/li>\n<li class=\"page_item page-item-31246\"><a href=\"https:\/\/bialczynski.pl\/slowianie-w-dziejach-mitologia-slowian-i-wiara-przyrody\/straznicy-wiary-slowianskiej-wiary-przyrodzoney\/straznik-wiary-profesor-tadeusz-wojciechowski-1838-1919-iii-staroslowianska-swiatynia-swiata-swiata-lwow\/lew-leonid-sylenko-1921-2008-ukrainski-straznik-wiary-slowian\/\">\u0141ew (\u0141eonid) Sy\u0142enko (1921 \u2013 2008) \u2013 Ukrai\u0144ski Stra\u017cnik Wiary S\u0142owian<\/a><\/li>\n<li class=\"page_item page-item-35679 page_item_has_children\"><a href=\"https:\/\/bialczynski.pl\/slowianie-w-dziejach-mitologia-slowian-i-wiara-przyrody\/straznicy-wiary-slowianskiej-wiary-przyrodzoney\/straznik-wiary-profesor-tadeusz-wojciechowski-1838-1919-iii-staroslowianska-swiatynia-swiata-swiata-lwow\/metodiusz-romanow-1882-straznik-wiary-slowian\/\">Metodiusz Romanow (1882 \u2013 ?) \u2013 Stra\u017cnik Wiary S\u0142owian<\/a>\n<ul class=\"children\">\n<li class=\"page_item page-item-81399\"><a href=\"https:\/\/bialczynski.pl\/slowianie-w-dziejach-mitologia-slowian-i-wiara-przyrody\/straznicy-wiary-slowianskiej-wiary-przyrodzoney\/straznik-wiary-profesor-tadeusz-wojciechowski-1838-1919-iii-staroslowianska-swiatynia-swiata-swiata-lwow\/metodiusz-romanow-1882-straznik-wiary-slowian\/metodiusz-romanow-straznik-wiary-slowian-iii-sssss-lwow-kijow-duchowe-skarby-puszczy-bialowieskiej-1925-audiobook\/\">Metodiusz Romanow (Stra\u017cnik Wiary S\u0142owian III SS\u015a\u015a\u015a Lw\u00f3w-Kij\u00f3w) \u2013 Duchowe Skarby Puszczy Bia\u0142owieskiej [1925] (audiobook)<\/a><\/li>\n<li class=\"page_item page-item-81410\"><a href=\"https:\/\/bialczynski.pl\/slowianie-w-dziejach-mitologia-slowian-i-wiara-przyrody\/straznicy-wiary-slowianskiej-wiary-przyrodzoney\/straznik-wiary-profesor-tadeusz-wojciechowski-1838-1919-iii-staroslowianska-swiatynia-swiata-swiata-lwow\/metodiusz-romanow-1882-straznik-wiary-slowian\/metodjusz-romanow-straznik-wiary-slowian-schemat-drogi-duchowego-rozwoju-czlowieka-1925\/\">Metodjusz Romanow (Stra\u017cnik Wiary S\u0142owian) \u2013 Schemat Drogi Duchowego Rozwoju Cz\u0142owieka [1925]<\/a><\/li>\n<\/ul>\n<\/li>\n<li class=\"page_item page-item-60400\"><a href=\"https:\/\/bialczynski.pl\/slowianie-w-dziejach-mitologia-slowian-i-wiara-przyrody\/straznicy-wiary-slowianskiej-wiary-przyrodzoney\/straznik-wiary-profesor-tadeusz-wojciechowski-1838-1919-iii-staroslowianska-swiatynia-swiata-swiata-lwow\/mieczyslaw-karwowski-straznik-wiary-slowian-sssss-iii-lwow\/\">Mieczys\u0142aw Karwowski \u2013 Stra\u017cnik Wiary S\u0142owian (SS\u015a\u015a\u015a III \u2013 Lw\u00f3w)<\/a><\/li>\n<li class=\"page_item page-item-69985\"><a href=\"https:\/\/bialczynski.pl\/slowianie-w-dziejach-mitologia-slowian-i-wiara-przyrody\/straznicy-wiary-slowianskiej-wiary-przyrodzoney\/straznik-wiary-profesor-tadeusz-wojciechowski-1838-1919-iii-staroslowianska-swiatynia-swiata-swiata-lwow\/mikolaj-notowicz-1858-straznik-wiary-slowian-iii-ssssss-lwow-kijowi-jego-swietobliwy-issa\/\">Miko\u0142aj Notowicz (1858 \u2013 ?) Stra\u017cnik Wiary S\u0142owian (III SS\u015a\u015a\u015a Lw\u00f3w-Kij\u00f3w):i jego \u015awi\u0119tobliwy Issa<\/a><\/li>\n<li class=\"page_item page-item-31248\"><a href=\"https:\/\/bialczynski.pl\/slowianie-w-dziejach-mitologia-slowian-i-wiara-przyrody\/straznicy-wiary-slowianskiej-wiary-przyrodzoney\/straznik-wiary-profesor-tadeusz-wojciechowski-1838-1919-iii-staroslowianska-swiatynia-swiata-swiata-lwow\/mykola-lysenko-1842-1912-straznik-wiary-slowian-z-ukrainy\/\">Myko\u0142a \u0141ysenko (1842 -1912) \u2013 Stra\u017cnik Wiary S\u0142owian z Ukrainy<\/a><\/li>\n<li class=\"page_item page-item-57218\"><a href=\"https:\/\/bialczynski.pl\/slowianie-w-dziejach-mitologia-slowian-i-wiara-przyrody\/straznicy-wiary-slowianskiej-wiary-przyrodzoney\/straznik-wiary-profesor-tadeusz-wojciechowski-1838-1919-iii-staroslowianska-swiatynia-swiata-swiata-lwow\/tymon-zaborowski-1799-1828-straznik-wiary-slowian-iii-sssss-lwow\/\">Tymon Zaborowski (1799-1828) \u2013 Stra\u017cnik Wiary S\u0142owian (III SS\u015a\u015a\u015a Lw\u00f3w)<\/a><\/li>\n<li class=\"page_item page-item-43454\"><a href=\"https:\/\/bialczynski.pl\/slowianie-w-dziejach-mitologia-slowian-i-wiara-przyrody\/straznicy-wiary-slowianskiej-wiary-przyrodzoney\/straznik-wiary-profesor-tadeusz-wojciechowski-1838-1919-iii-staroslowianska-swiatynia-swiata-swiata-lwow\/wojciech-dzieduszycki-1848-1909-straznik-wiary-przyrodzoney-slowian\/\">Wojciech Dzieduszycki (1848 \u2013 1909) \u2013 Stra\u017cnik Wiary Przyrodzoney S\u0142owian<\/a><\/li>\n<li class=\"page_item page-item-31241\"><a href=\"https:\/\/bialczynski.pl\/slowianie-w-dziejach-mitologia-slowian-i-wiara-przyrody\/straznicy-wiary-slowianskiej-wiary-przyrodzoney\/straznik-wiary-profesor-tadeusz-wojciechowski-1838-1919-iii-staroslowianska-swiatynia-swiata-swiata-lwow\/wolodymyr-szajan-1906-1974-ukrainski-straznik-wiary-slowian\/\">Wo\u0142odymyr Szajan (1906 \u2013 1974) \u2013 Ukrai\u0144ski Stra\u017cnik Wiary S\u0142owian<\/a><\/li>\n<li class=\"page_item page-item-49205\"><a href=\"https:\/\/bialczynski.pl\/slowianie-w-dziejach-mitologia-slowian-i-wiara-przyrody\/straznicy-wiary-slowianskiej-wiary-przyrodzoney\/straznik-wiary-profesor-tadeusz-wojciechowski-1838-1919-iii-staroslowianska-swiatynia-swiata-swiata-lwow\/wywod-iedynowlasnego-panstwa-swiata-czyli-zasluzony-dla-wiary-przyrodzoney-slowian-ksiadz-wojciech-debolecki-1585-1646-albo-o-antypolskich-klamstwach-wikipedii-i-skadze\/\">Wyw\u00f3d Iedynow\u0142asnego Pa\u0144stwa \u015awiata \u2013 czyli Zas\u0142u\u017cony dla Wiary Przyrodzoney S\u0142owian ksi\u0105dz Wojciech D\u0119bo\u0142\u0119cki (1585 \u2013 1646), albo o antypolskich k\u0142amstwach Wikipedii i \u201eSk\u0105d\u017ce to zb\u0142a\u017anienie\u201d R. Sztybera!<\/a><\/li>\n<\/ul>\n<\/li>\n<li class=\"page_item page-item-23998 page_item_has_children\"><a href=\"https:\/\/bialczynski.pl\/slowianie-w-dziejach-mitologia-slowian-i-wiara-przyrody\/straznicy-wiary-slowianskiej-wiary-przyrodzoney\/o-iv-staroslowianskiej-swiatyni-swiatla-swiata-w-wilnie-ignacy-pietraszewski-straznik-wiary-slowian-i-jego-zendaszta\/\">O IV Staros\u0142owia\u0144skiej \u015awi\u0105tyni \u015awiat\u0142a \u015awiata w Wilnie i Mi\u0144sku \u2013 Ignacy Pietraszewski (1796 \u2013 1869) \u2013 Stra\u017cnik Wiary S\u0142owian i jego Zendaszta<\/a>\n<ul class=\"children\">\n<li class=\"page_item page-item-35883 page_item_has_children\"><a href=\"https:\/\/bialczynski.pl\/slowianie-w-dziejach-mitologia-slowian-i-wiara-przyrody\/straznicy-wiary-slowianskiej-wiary-przyrodzoney\/o-iv-staroslowianskiej-swiatyni-swiatla-swiata-w-wilnie-ignacy-pietraszewski-straznik-wiary-slowian-i-jego-zendaszta\/12-09-krzyk-polskosci-czyli-dzielo-adama-mickiewicza\/\">Adam Mickiewicz (1798 \u2013 1855), Stra\u017cnik Wiary Przyrodzoney S\u0142owian: &#8222;Krzyk polsko\u015bci&#8221;<\/a>\n<ul class=\"children\">\n<li class=\"page_item page-item-81431\"><a href=\"https:\/\/bialczynski.pl\/slowianie-w-dziejach-mitologia-slowian-i-wiara-przyrody\/straznicy-wiary-slowianskiej-wiary-przyrodzoney\/o-iv-staroslowianskiej-swiatyni-swiatla-swiata-w-wilnie-ignacy-pietraszewski-straznik-wiary-slowian-i-jego-zendaszta\/12-09-krzyk-polskosci-czyli-dzielo-adama-mickiewicza\/adam-mickiewicz-widzenie-i-kazdy-z-was-moglby-samotny-wiezionymysla-i-wiara-zwalac-i-podzwigac-trony\/\">Adam Mickiewicz: \u201eWidzenie\u201d i \u201eKa\u017cdy z was m\u00f3g\u0142by samotny wi\u0119ziony,my\u015bl\u0105 i wiar\u0105 zwala\u0107 i pod\u017awiga\u0107 trony\u201d<\/a><\/li>\n<\/ul>\n<\/li>\n<li class=\"page_item page-item-51352\"><a href=\"https:\/\/bialczynski.pl\/slowianie-w-dziejach-mitologia-slowian-i-wiara-przyrody\/straznicy-wiary-slowianskiej-wiary-przyrodzoney\/o-iv-staroslowianskiej-swiatyni-swiatla-swiata-w-wilnie-ignacy-pietraszewski-straznik-wiary-slowian-i-jego-zendaszta\/anna-barbara-olimpia-mostowska-1762-1810-autorka-astoldy-strazniczka-wiary-slowian-z-wilna\/\">Anna Barbara Olimpia Mostowska (z Radziwi\u0142\u0142\u00f3w, 1762 \u2013 1810) \u2013 autorka \u201eAstoldy\u201d \u2013 Stra\u017cniczka Wiary S\u0142owian z Wilna<\/a><\/li>\n<li class=\"page_item page-item-81422\"><a href=\"https:\/\/bialczynski.pl\/slowianie-w-dziejach-mitologia-slowian-i-wiara-przyrody\/straznicy-wiary-slowianskiej-wiary-przyrodzoney\/o-iv-staroslowianskiej-swiatyni-swiatla-swiata-w-wilnie-ignacy-pietraszewski-straznik-wiary-slowian-i-jego-zendaszta\/anna-barbara-olimpia-mostowska-z-radziwillow-1762-1810-autorka-astoldy-strazniczka-wiary-slowian-iv-staroslowianska-swiatynia-swiatla-swiat\/\">Anna Barbara Olimpia Mostowska z Radziwi\u0142\u0142\u00f3w, (1762 \u2013 1810) \u2013 autorka \u201eAstoldy\u201d \u2013 Stra\u017cniczka Wiary S\u0142owian \u2013 IV Staros\u0142owia\u0144ska \u015awi\u0105tynia \u015awiat\u0142a \u015awiata w Wilnie<\/a><\/li>\n<li class=\"page_item page-item-31229\"><a href=\"https:\/\/bialczynski.pl\/slowianie-w-dziejach-mitologia-slowian-i-wiara-przyrody\/straznicy-wiary-slowianskiej-wiary-przyrodzoney\/o-iv-staroslowianskiej-swiatyni-swiatla-swiata-w-wilnie-ignacy-pietraszewski-straznik-wiary-slowian-i-jego-zendaszta\/iwan-lucewicz-janka-kupala-1882-1942-straznik-wiary-przyrodzonej-slowian\/\">Iwan \u0141ucewicz \/Janka Kupa\u0142a (1882 -1942) \u2013 Stra\u017cnik Wiary Przyrodzonej S\u0142owian<\/a><\/li>\n<li class=\"page_item page-item-31234\"><a href=\"https:\/\/bialczynski.pl\/slowianie-w-dziejach-mitologia-slowian-i-wiara-przyrody\/straznicy-wiary-slowianskiej-wiary-przyrodzoney\/o-iv-staroslowianskiej-swiatyni-swiatla-swiata-w-wilnie-ignacy-pietraszewski-straznik-wiary-slowian-i-jego-zendaszta\/jakub-kolaskonstanty-mickiewicz-1882-1956-straznik-wiary-slowian\/\">Jakub Ko\u0142as\/Konstanty Mickiewicz (1882 \u2013 1956) \u2013 Stra\u017cnik Wiary S\u0142owian<\/a><\/li>\n<li class=\"page_item page-item-31457\"><a href=\"https:\/\/bialczynski.pl\/slowianie-w-dziejach-mitologia-slowian-i-wiara-przyrody\/straznicy-wiary-slowianskiej-wiary-przyrodzoney\/o-iv-staroslowianskiej-swiatyni-swiatla-swiata-w-wilnie-ignacy-pietraszewski-straznik-wiary-slowian-i-jego-zendaszta\/jan-czeczot-1796-1847\/\">Jan Czeczot (1796 \u2013 1847)<\/a><\/li>\n<li class=\"page_item page-item-47909 page_item_has_children\"><a href=\"https:\/\/bialczynski.pl\/slowianie-w-dziejach-mitologia-slowian-i-wiara-przyrody\/straznicy-wiary-slowianskiej-wiary-przyrodzoney\/o-iv-staroslowianskiej-swiatyni-swiatla-swiata-w-wilnie-ignacy-pietraszewski-straznik-wiary-slowian-i-jego-zendaszta\/juliusz-slowacki-1809-1849-wielki-straznik-wiary-przyrodzoney-slowian-iv-staroslowianska-swiatynia-swiatla-swiata-wilno\/\">Juliusz S\u0142owacki (1809 \u2013 1849) \u2013 Wielki Stra\u017cnik Wiary Przyrodzoney S\u0142owian \u2013 IV Staros\u0142owia\u0144ska \u015awi\u0105tynia \u015awiat\u0142a \u015awiata Wilno<\/a>\n<ul class=\"children\">\n<li class=\"page_item page-item-47905\"><a href=\"https:\/\/bialczynski.pl\/slowianie-w-dziejach-mitologia-slowian-i-wiara-przyrody\/straznicy-wiary-slowianskiej-wiary-przyrodzoney\/o-iv-staroslowianskiej-swiatyni-swiatla-swiata-w-wilnie-ignacy-pietraszewski-straznik-wiary-slowian-i-jego-zendaszta\/juliusz-slowacki-1809-1849-wielki-straznik-wiary-przyrodzoney-slowian-iv-staroslowianska-swiatynia-swiatla-swiata-wilno\/juliusz-slowacki-krol-duch-rapsod-pierwszy\/\">Juliusz S\u0142owacki \u201eKr\u00f3l Duch\u201d \u2013 Rapsod Pierwszy<\/a><\/li>\n<\/ul>\n<\/li>\n<li class=\"page_item page-item-60737\"><a href=\"https:\/\/bialczynski.pl\/slowianie-w-dziejach-mitologia-slowian-i-wiara-przyrody\/straznicy-wiary-slowianskiej-wiary-przyrodzoney\/o-iv-staroslowianskiej-swiatyni-swiatla-swiata-w-wilnie-ignacy-pietraszewski-straznik-wiary-slowian-i-jego-zendaszta\/kazimierz-siemienowicz-1600-1651-tworca-podrecznika-artylerii-i-rakiet-wielostopniowych\/\">Kazimierz Siemienowicz (1600-1651) \u2013 tw\u00f3rca podr\u0119cznika artylerii i rakiet wielostopniowych.<\/a><\/li>\n<li class=\"page_item page-item-46334\"><a href=\"https:\/\/bialczynski.pl\/slowianie-w-dziejach-mitologia-slowian-i-wiara-przyrody\/straznicy-wiary-slowianskiej-wiary-przyrodzoney\/o-iv-staroslowianskiej-swiatyni-swiatla-swiata-w-wilnie-ignacy-pietraszewski-straznik-wiary-slowian-i-jego-zendaszta\/pamieci-dymitra-iwanowskiego-1957-2013-bialoruskiego-straznika-wiary-slowian-z-grodna\/\">Pami\u0119ci Dymitra Iwanowskiego (1957 \u2013 2013) \u2013 Bia\u0142oruskiego Stra\u017cnika Wiary S\u0142owian z Grodna<\/a><\/li>\n<li class=\"page_item page-item-31448\"><a href=\"https:\/\/bialczynski.pl\/slowianie-w-dziejach-mitologia-slowian-i-wiara-przyrody\/straznicy-wiary-slowianskiej-wiary-przyrodzoney\/o-iv-staroslowianskiej-swiatyni-swiatla-swiata-w-wilnie-ignacy-pietraszewski-straznik-wiary-slowian-i-jego-zendaszta\/salomon-rysinski-1565-1625\/\">Salomon Rysi\u0144ski (1565 \u2013 1625)<\/a><\/li>\n<li class=\"page_item page-item-81439\"><a href=\"https:\/\/bialczynski.pl\/slowianie-w-dziejach-mitologia-slowian-i-wiara-przyrody\/straznicy-wiary-slowianskiej-wiary-przyrodzoney\/o-iv-staroslowianskiej-swiatyni-swiatla-swiata-w-wilnie-ignacy-pietraszewski-straznik-wiary-slowian-i-jego-zendaszta\/simona-kossak-1943-2007-iiv-sssss-krakow-wilnobialystok-i-jej-saga-puszczy-bialowieskiej\/\">Simona Kossak (1943-2007: I\/IV SS\u015a\u015a\u015a Krak\u00f3w \u2013 Wilno\/Bia\u0142ystok) i jej \u201eSaga Puszczy Bia\u0142owieskiej\u201d<\/a><\/li>\n<li class=\"page_item page-item-53475 page_item_has_children\"><a href=\"https:\/\/bialczynski.pl\/slowianie-w-dziejach-mitologia-slowian-i-wiara-przyrody\/straznicy-wiary-slowianskiej-wiary-przyrodzoney\/o-iv-staroslowianskiej-swiatyni-swiatla-swiata-w-wilnie-ignacy-pietraszewski-straznik-wiary-slowian-i-jego-zendaszta\/strazniczka-wiary-przyrodzonej-slowian-i-baltow-maria-rodziewiczowna-1864-1944-sssss-wilno-warszawa-i-jej-dewajtis\/\">Stra\u017cniczka Wiary Przyrodzonej S\u0142owian i Ba\u0142t\u00f3w \u2013 Maria Rodziewicz\u00f3wna (1864-1944 SS\u015a\u015a\u015a Wilno \u2013 Warszawa) i jej \u201eDewajtis\u201d<\/a>\n<ul class=\"children\">\n<li class=\"page_item page-item-54379\"><a href=\"https:\/\/bialczynski.pl\/slowianie-w-dziejach-mitologia-slowian-i-wiara-przyrody\/straznicy-wiary-slowianskiej-wiary-przyrodzoney\/o-iv-staroslowianskiej-swiatyni-swiatla-swiata-w-wilnie-ignacy-pietraszewski-straznik-wiary-slowian-i-jego-zendaszta\/strazniczka-wiary-przyrodzonej-slowian-i-baltow-maria-rodziewiczowna-1864-1944-sssss-wilno-warszawa-i-jej-dewajtis\/lato-lesnych-ludzi-fragmenty\/\">Lato Le\u015bnych Ludzi (fragmenty)<\/a><\/li>\n<\/ul>\n<\/li>\n<li class=\"page_item page-item-81447\"><a href=\"https:\/\/bialczynski.pl\/slowianie-w-dziejach-mitologia-slowian-i-wiara-przyrody\/straznicy-wiary-slowianskiej-wiary-przyrodzoney\/o-iv-staroslowianskiej-swiatyni-swiatla-swiata-w-wilnie-ignacy-pietraszewski-straznik-wiary-slowian-i-jego-zendaszta\/straznik-wiary-przyrodzonej-slowian-aleksander-jozef-lisowski-1575-1616-herbu-jez\/\">Stra\u017cnik Wiary Przyrodzonej S\u0142owian: Aleksander J\u00f3zef Lisowski (1575 \u2013 1616; herbu Je\u017c)<\/a><\/li>\n<li class=\"page_item page-item-31361\"><a href=\"https:\/\/bialczynski.pl\/slowianie-w-dziejach-mitologia-slowian-i-wiara-przyrody\/straznicy-wiary-slowianskiej-wiary-przyrodzoney\/o-iv-staroslowianskiej-swiatyni-swiatla-swiata-w-wilnie-ignacy-pietraszewski-straznik-wiary-slowian-i-jego-zendaszta\/teodor-narbutt-1784-1864-straznik-wiary-przyrodzoney-slowian\/\">Teodor Narbutt (1784 \u2013 1864) \u2013 Stra\u017cnik Wiary Przyrodzoney S\u0142owian<\/a><\/li>\n<li class=\"page_item page-item-81441\"><a href=\"https:\/\/bialczynski.pl\/slowianie-w-dziejach-mitologia-slowian-i-wiara-przyrody\/straznicy-wiary-slowianskiej-wiary-przyrodzoney\/o-iv-staroslowianskiej-swiatyni-swiatla-swiata-w-wilnie-ignacy-pietraszewski-straznik-wiary-slowian-i-jego-zendaszta\/tomasz-zan-1796-1855-straznik-wiary-slowian-i-jego-promienisci-iv-sssss-wilno\/\">Tomasz Zan (1796 \u2013 1855) \u2013 Stra\u017cnik Wiary S\u0142owian i jego Promieni\u015bci (IV SS\u015a\u015a\u015a Wilno)<\/a><\/li>\n<\/ul>\n<\/li>\n<li class=\"page_item page-item-39311 page_item_has_children\"><a href=\"https:\/\/bialczynski.pl\/slowianie-w-dziejach-mitologia-slowian-i-wiara-przyrody\/straznicy-wiary-slowianskiej-wiary-przyrodzoney\/o-slaskiej-swiatyni-swiatla-swiata-i-wiary-przyrodzoney-slowian-i-niemcow\/\">O V \u015al\u0105skiej \u015awi\u0105tyni \u015awiat\u0142a \u015awiata i Wiary Przyrodzoney S\u0142owian i Niemc\u00f3w<\/a>\n<ul class=\"children\">\n<li class=\"page_item page-item-57210\"><a href=\"https:\/\/bialczynski.pl\/slowianie-w-dziejach-mitologia-slowian-i-wiara-przyrody\/straznicy-wiary-slowianskiej-wiary-przyrodzoney\/o-slaskiej-swiatyni-swiatla-swiata-i-wiary-przyrodzoney-slowian-i-niemcow\/augustyn-swider-1886-1923-straznik-wiary-i-dziejow-slowian-ze-slaska-v-slaska-sssss\/\">Augustyn \u015awider (1886 \u2013 1923) \u2013 Stra\u017cnik Wiary i Dziej\u00f3w S\u0142owian ze \u015al\u0105ska (V \u015al\u0105ska SS\u015a\u015a\u015a)<\/a><\/li>\n<li class=\"page_item page-item-45040\"><a href=\"https:\/\/bialczynski.pl\/slowianie-w-dziejach-mitologia-slowian-i-wiara-przyrody\/straznicy-wiary-slowianskiej-wiary-przyrodzoney\/o-slaskiej-swiatyni-swiatla-swiata-i-wiary-przyrodzoney-slowian-i-niemcow\/erazm-ciolek-witelon-1230-1314-straznik-wiary-przyrody-mag-swiadomosci-alchemik-uczony-ze-slaska\/\">Erazm Cio\u0142ek (Witelon, 1230 \u2013 1314) \u2013 Stra\u017cnik Wiary Przyrody, mag \u015bwiadomo\u015bci, alchemik, uczony ze \u015al\u0105ska<\/a><\/li>\n<li class=\"page_item page-item-37109\"><a href=\"https:\/\/bialczynski.pl\/slowianie-w-dziejach-mitologia-slowian-i-wiara-przyrody\/straznicy-wiary-slowianskiej-wiary-przyrodzoney\/o-slaskiej-swiatyni-swiatla-swiata-i-wiary-przyrodzoney-slowian-i-niemcow\/franciszek-pabel-z-karlowa-1773-1861-slaski-straznik-wiary-slowian\/\">Franciszek Pabel z Kar\u0142owa (1773 \u2013 1861) \u2013 \u015al\u0105ski Stra\u017cnik Wiary S\u0142owian<\/a><\/li>\n<li class=\"page_item page-item-60387\"><a href=\"https:\/\/bialczynski.pl\/slowianie-w-dziejach-mitologia-slowian-i-wiara-przyrody\/straznicy-wiary-slowianskiej-wiary-przyrodzoney\/o-slaskiej-swiatyni-swiatla-swiata-i-wiary-przyrodzoney-slowian-i-niemcow\/slascy-straznicy-wiary-przyrodzonej-czciciele-swiatla-swiata-slonca-ze-szlichtyngowej-wilkowa-wschowa-i-slawy-slaskiej\/\">\u015al\u0105scy Stra\u017cnicy Wiary Przyrodzonej \u2013 Czciciele \u015awiat\u0142a \u015awiata (S\u0142o\u0144ca) ze Szlichtyngowej, Wilkowa, Wschowa i S\u0142awy \u015al\u0105skiej.<\/a><\/li>\n<li class=\"page_item page-item-61148\"><a href=\"https:\/\/bialczynski.pl\/slowianie-w-dziejach-mitologia-slowian-i-wiara-przyrody\/straznicy-wiary-slowianskiej-wiary-przyrodzoney\/o-slaskiej-swiatyni-swiatla-swiata-i-wiary-przyrodzoney-slowian-i-niemcow\/slaski-straznik-wiary-wolny-murarz-archiducalis-major-geometrae-karol-pietschka-z-zywca-1818-1891\/\">\u015al\u0105ski Stra\u017cnik Wiary \u2013 Wolny Murarz (archiducalis major geometrae) Karol Pietschka z \u017bywca (1818- 1891)<\/a><\/li>\n<li class=\"page_item page-item-38475\"><a href=\"https:\/\/bialczynski.pl\/slowianie-w-dziejach-mitologia-slowian-i-wiara-przyrody\/straznicy-wiary-slowianskiej-wiary-przyrodzoney\/o-slaskiej-swiatyni-swiatla-swiata-i-wiary-przyrodzoney-slowian-i-niemcow\/wanda-bibrowicz-1878-1954-slaska-strazniczka-wiary-slowian\/\">Wanda Bibrowicz (1878 \u2013 1954) \u2013 \u015al\u0105ska Stra\u017cniczka Wiary S\u0142owian<\/a><\/li>\n<li class=\"page_item page-item-57191\"><a href=\"https:\/\/bialczynski.pl\/slowianie-w-dziejach-mitologia-slowian-i-wiara-przyrody\/straznicy-wiary-slowianskiej-wiary-przyrodzoney\/o-slaskiej-swiatyni-swiatla-swiata-i-wiary-przyrodzoney-slowian-i-niemcow\/wawrzyniec-hajda-1844-1923-slaski-straznik-wiary-przyrodzonej-i-dziejow-slowian\/\">Wawrzyniec Hajda (1844-1923) \u2013 \u015al\u0105ski Stra\u017cnik Wiary Przyrodzonej i Dziej\u00f3w S\u0142owian<\/a><\/li>\n<li class=\"page_item page-item-57193\"><a href=\"https:\/\/bialczynski.pl\/slowianie-w-dziejach-mitologia-slowian-i-wiara-przyrody\/straznicy-wiary-slowianskiej-wiary-przyrodzoney\/o-slaskiej-swiatyni-swiatla-swiata-i-wiary-przyrodzoney-slowian-i-niemcow\/wiktor-polok-1883-1941-slaski-straznik-wiary-przyrodzonej-i-dziejow-slowian\/\">Wiktor Polok (1883-1941) \u2013 \u015al\u0105ski Stra\u017cnik Wiary Przyrodzonej i Dziej\u00f3w S\u0142owian<\/a><\/li>\n<\/ul>\n<\/li>\n<li class=\"page_item page-item-14910 page_item_has_children\"><a href=\"https:\/\/bialczynski.pl\/slowianie-w-dziejach-mitologia-slowian-i-wiara-przyrody\/straznicy-wiary-slowianskiej-wiary-przyrodzoney\/o-swietym-kole-czcicieli-swiatowida\/\">O \u015awi\u0119tym Kole Czcicieli \u015awiatowida (\u015aKC\u015a \u2013 1921 \u2013 1989)<\/a>\n<ul class=\"children\">\n<li class=\"page_item page-item-31515\"><a href=\"https:\/\/bialczynski.pl\/slowianie-w-dziejach-mitologia-slowian-i-wiara-przyrody\/straznicy-wiary-slowianskiej-wiary-przyrodzoney\/o-swietym-kole-czcicieli-swiatowida\/karol-chobot-1886-1937-i-jozef-chobot-1875-1942\/\">Karol Chobot (1886-1937) i J\u00f3zef Chobot (1875 \u2013 1942)<\/a><\/li>\n<li class=\"page_item page-item-46409\"><a href=\"https:\/\/bialczynski.pl\/slowianie-w-dziejach-mitologia-slowian-i-wiara-przyrody\/straznicy-wiary-slowianskiej-wiary-przyrodzoney\/o-swietym-kole-czcicieli-swiatowida\/lechoslaw-pietruszka-lechicki-krag-czcicieli-swiatowida\/\">Lechos\u0142aw Pietruszka (Lechicki Kr\u0105g Czcicieli \u015awiatowida)<\/a><\/li>\n<li class=\"page_item page-item-13616 page_item_has_children\"><a href=\"https:\/\/bialczynski.pl\/slowianie-w-dziejach-mitologia-slowian-i-wiara-przyrody\/straznicy-wiary-slowianskiej-wiary-przyrodzoney\/o-swietym-kole-czcicieli-swiatowida\/franciszek-walczowski-1902-1983-malarz-pisarz-antropozof\/\">Stra\u017cnik Wiary Przyrodzonej S\u0142owian \u2013 Franciszek Walczowski (1902 \u2013 1983) \u2013 malarz, pisarz, antropozof oraz Zofia Walczowska\/\u017byczy\u0144ska (1920 \u2013 2003)<\/a>\n<ul class=\"children\">\n<li class=\"page_item page-item-46401\"><a href=\"https:\/\/bialczynski.pl\/slowianie-w-dziejach-mitologia-slowian-i-wiara-przyrody\/straznicy-wiary-slowianskiej-wiary-przyrodzoney\/o-swietym-kole-czcicieli-swiatowida\/franciszek-walczowski-1902-1983-malarz-pisarz-antropozof\/walczowski-o-szukalskim\/\">Walczowski o Szukalskim, w czasopi\u015bmie \u201e\u017bywio\u0142\u201d<\/a><\/li>\n<\/ul>\n<\/li>\n<li class=\"page_item page-item-14814 page_item_has_children\"><a href=\"https:\/\/bialczynski.pl\/slowianie-w-dziejach-mitologia-slowian-i-wiara-przyrody\/straznicy-wiary-slowianskiej-wiary-przyrodzoney\/o-swietym-kole-czcicieli-swiatowida\/straznik-wiary-przyrodzonej-slowian-wladyslaw-kolodziej-1897-1978\/\">Stra\u017cnik Wiary Przyrodzonej S\u0142owian \u2013 W\u0142adys\u0142aw Ko\u0142odziej (1897 \u2013 1978)<\/a>\n<ul class=\"children\">\n<li class=\"page_item page-item-81449\"><a href=\"https:\/\/bialczynski.pl\/slowianie-w-dziejach-mitologia-slowian-i-wiara-przyrody\/straznicy-wiary-slowianskiej-wiary-przyrodzoney\/o-swietym-kole-czcicieli-swiatowida\/straznik-wiary-przyrodzonej-slowian-wladyslaw-kolodziej-1897-1978\/wladyslaw-kolodziej-straznik-wiary-slowian-rozplakaly-sie-grodziszcza-i-bory-dziewicze-1924\/\">W\u0142adys\u0142aw Ko\u0142odziej (Stra\u017cnik Wiary S\u0142owian) \u2013 Rozp\u0142aka\u0142y si\u0119 grodziszcza i bory dziewicze [1924]<\/a><\/li>\n<\/ul>\n<\/li>\n<li class=\"page_item page-item-42999\"><a href=\"https:\/\/bialczynski.pl\/slowianie-w-dziejach-mitologia-slowian-i-wiara-przyrody\/straznicy-wiary-slowianskiej-wiary-przyrodzoney\/o-swietym-kole-czcicieli-swiatowida\/zdzislaw-skoczek-1942-2003-straznik-wiary-przyrodzonej-slowian-lechicki-krag-czcicieli-swiatowida\/\">Zdzis\u0142aw Skoczek (1942-2003) \u2013 Stra\u017cnik Wiary Przyrodzonej S\u0142owian (Lechicki Kr\u0105g Czcicieli \u015awiatowida)<\/a><\/li>\n<\/ul>\n<\/li>\n<li class=\"page_item page-item-31705 page_item_has_children\"><a href=\"https:\/\/bialczynski.pl\/slowianie-w-dziejach-mitologia-slowian-i-wiara-przyrody\/straznicy-wiary-slowianskiej-wiary-przyrodzoney\/polabscy-i-luzyccy-straznicy-wiary-slowian-oraz-bohaterowie-narodowi-ksiaze-obodrytow-niklot-1090-1160\/\">Po\u0142abscy, Pomorscy i \u0141u\u017cyccy Stra\u017cnicy Wiary S\u0142owian oraz bohaterowie narodowi \u2013 Ksi\u0105\u017c\u0119 Obodryt\u00f3w Niklot (1090 \u2013 1160)<\/a>\n<ul class=\"children\">\n<li class=\"page_item page-item-60403\"><a href=\"https:\/\/bialczynski.pl\/slowianie-w-dziejach-mitologia-slowian-i-wiara-przyrody\/straznicy-wiary-slowianskiej-wiary-przyrodzoney\/polabscy-i-luzyccy-straznicy-wiary-slowian-oraz-bohaterowie-narodowi-ksiaze-obodrytow-niklot-1090-1160\/franciszek-fenikowski-z-gdanska-1922-1982\/\">Franciszek Fenikowski z Gda\u0144ska (1922 \u2013 1982)<\/a><\/li>\n<li class=\"page_item page-item-37105\"><a href=\"https:\/\/bialczynski.pl\/slowianie-w-dziejach-mitologia-slowian-i-wiara-przyrody\/straznicy-wiary-slowianskiej-wiary-przyrodzoney\/polabscy-i-luzyccy-straznicy-wiary-slowian-oraz-bohaterowie-narodowi-ksiaze-obodrytow-niklot-1090-1160\/jaksa-z-kopanicy-1120-1176\/\">Jaksa z Kopanicy (1120 \u2013 1176)<\/a><\/li>\n<li class=\"page_item page-item-81451\"><a href=\"https:\/\/bialczynski.pl\/slowianie-w-dziejach-mitologia-slowian-i-wiara-przyrody\/straznicy-wiary-slowianskiej-wiary-przyrodzoney\/polabscy-i-luzyccy-straznicy-wiary-slowian-oraz-bohaterowie-narodowi-ksiaze-obodrytow-niklot-1090-1160\/janusz-christa-1934-2008-pomorski-straznik-wiary-slowian\/\">Janusz Christa (1934 \u2013 2008) \u2013 Pomorski Stra\u017cnik Wiary S\u0142owian<\/a><\/li>\n<li class=\"page_item page-item-60379\"><a href=\"https:\/\/bialczynski.pl\/slowianie-w-dziejach-mitologia-slowian-i-wiara-przyrody\/straznicy-wiary-slowianskiej-wiary-przyrodzoney\/polabscy-i-luzyccy-straznicy-wiary-slowian-oraz-bohaterowie-narodowi-ksiaze-obodrytow-niklot-1090-1160\/kazimierz-szulc-1825-1887-pomorski-straznik-wiary-slowian\/\">Kazimierz Szulc (1825 \u2013 1887) \u2013 Pomorski Stra\u017cnik Wiary S\u0142owian<\/a><\/li>\n<li class=\"page_item page-item-81445\"><a href=\"https:\/\/bialczynski.pl\/slowianie-w-dziejach-mitologia-slowian-i-wiara-przyrody\/straznicy-wiary-slowianskiej-wiary-przyrodzoney\/polabscy-i-luzyccy-straznicy-wiary-slowian-oraz-bohaterowie-narodowi-ksiaze-obodrytow-niklot-1090-1160\/ksiaze-racibor-i-gryfita-1100-1156-pomorski-straznik-wiary-przyrodzonej-slowian\/\">Ksi\u0105\u017c\u0119 Racibor I Gryfita (1100 \u2013 1156) \u2013 Pomorski Stra\u017cnik Wiary Przyrodzonej S\u0142owian<\/a><\/li>\n<li class=\"page_item page-item-35346\"><a href=\"https:\/\/bialczynski.pl\/slowianie-w-dziejach-mitologia-slowian-i-wiara-przyrody\/straznicy-wiary-slowianskiej-wiary-przyrodzoney\/polabscy-i-luzyccy-straznicy-wiary-slowian-oraz-bohaterowie-narodowi-ksiaze-obodrytow-niklot-1090-1160\/mato-kosyk-1883-1940\/\">Mato K\u00f3syk (1883 \u2013 1940)<\/a><\/li>\n<li class=\"page_item page-item-46430\"><a href=\"https:\/\/bialczynski.pl\/slowianie-w-dziejach-mitologia-slowian-i-wiara-przyrody\/straznicy-wiary-slowianskiej-wiary-przyrodzoney\/polabscy-i-luzyccy-straznicy-wiary-slowian-oraz-bohaterowie-narodowi-ksiaze-obodrytow-niklot-1090-1160\/mercin-nowak-njechornski-1900-1990-straznik-wiary-slowian\/\">M\u011brcin Nowak-Njechor\u0144ski (1900-1990) \u2013 Stra\u017cnik Wiary S\u0142owian<\/a><\/li>\n<\/ul>\n<\/li>\n<li class=\"page_item page-item-3023 page_item_has_children\"><a href=\"https:\/\/bialczynski.pl\/slowianie-w-dziejach-mitologia-slowian-i-wiara-przyrody\/straznicy-wiary-slowianskiej-wiary-przyrodzoney\/szczep-rogate-serce-i-swiete-kolo-czcicieli-swiatowida\/\">Szczep Rogate Serce oraz o \u015awi\u0119tym Kole Czcicieli \u015awiatowida (\u015aKC\u015a); ich korzeniach i nast\u0119pcach z SS\u015a\u015a\u015a<\/a>\n<ul class=\"children\">\n<li class=\"page_item page-item-10309\"><a href=\"https:\/\/bialczynski.pl\/slowianie-w-dziejach-mitologia-slowian-i-wiara-przyrody\/straznicy-wiary-slowianskiej-wiary-przyrodzoney\/szczep-rogate-serce-i-swiete-kolo-czcicieli-swiatowida\/10309-2\/\">Antoni Bryndza (1901-1971), Czes\u0142aw KIE\u0141BI\u0143SKI (1908-1992)<\/a><\/li>\n<li class=\"page_item page-item-10081\"><a href=\"https:\/\/bialczynski.pl\/slowianie-w-dziejach-mitologia-slowian-i-wiara-przyrody\/straznicy-wiary-slowianskiej-wiary-przyrodzoney\/szczep-rogate-serce-i-swiete-kolo-czcicieli-swiatowida\/jerzy-baranowski-ps-ladomir-1901-po-1944\/\">Jerzy Baranowski (ps. \u0141adomir) (1901- po 1944)<\/a><\/li>\n<li class=\"page_item page-item-15654\"><a href=\"https:\/\/bialczynski.pl\/slowianie-w-dziejach-mitologia-slowian-i-wiara-przyrody\/straznicy-wiary-slowianskiej-wiary-przyrodzoney\/szczep-rogate-serce-i-swiete-kolo-czcicieli-swiatowida\/marian-wawrzeniecki-1863-1943-dabrowid-szczepu\/\">Marian Wawrzeniecki ( 1863 \u2013 1943) \u2013 d\u0105browid Szczepu<\/a><\/li>\n<li class=\"page_item page-item-8977\"><a href=\"https:\/\/bialczynski.pl\/slowianie-w-dziejach-mitologia-slowian-i-wiara-przyrody\/straznicy-wiary-slowianskiej-wiary-przyrodzoney\/szczep-rogate-serce-i-swiete-kolo-czcicieli-swiatowida\/mieczyslaw-stobierski\/\">Mieczys\u0142aw Stobierski (1914 \u2013 1998)<\/a><\/li>\n<li class=\"page_item page-item-55779\"><a href=\"https:\/\/bialczynski.pl\/slowianie-w-dziejach-mitologia-slowian-i-wiara-przyrody\/straznicy-wiary-slowianskiej-wiary-przyrodzoney\/szczep-rogate-serce-i-swiete-kolo-czcicieli-swiatowida\/norbert-strassberg-1912-1941-zapomniany-malarz-zydowski-ze-szczepu-rogate-serce\/\">Norbert Strassberg (1912 \u2013 1941): Zapomniany malarz \u017cydowski ze Szczepu Rogate Serce.<\/a><\/li>\n<li class=\"page_item page-item-9673\"><a href=\"https:\/\/bialczynski.pl\/slowianie-w-dziejach-mitologia-slowian-i-wiara-przyrody\/straznicy-wiary-slowianskiej-wiary-przyrodzoney\/szczep-rogate-serce-i-swiete-kolo-czcicieli-swiatowida\/pracowit-z-ryglic-1908-1939-i-kurhanin-ze-slociny-1910-1986\/\">Pracowit z Ryglic \u2013 Wac\u0142aw Boraty\u0144ski (1908-1939) i Kurhanin ze S\u0142ociny \u2013 Stanis\u0142aw Gliwa (1910 \u2013 1986)<\/a><\/li>\n<li class=\"page_item page-item-8910 page_item_has_children\"><a href=\"https:\/\/bialczynski.pl\/slowianie-w-dziejach-mitologia-slowian-i-wiara-przyrody\/straznicy-wiary-slowianskiej-wiary-przyrodzoney\/szczep-rogate-serce-i-swiete-kolo-czcicieli-swiatowida\/rogate-serce-marian-konarski-1909-1998\/\">Rogate Serce \u2013 Marian Konarski (1909 \u2013 1998) \u2013 d\u0105browid Szczepu<\/a>\n<ul class=\"children\">\n<li class=\"page_item page-item-46398\"><a href=\"https:\/\/bialczynski.pl\/slowianie-w-dziejach-mitologia-slowian-i-wiara-przyrody\/straznicy-wiary-slowianskiej-wiary-przyrodzoney\/szczep-rogate-serce-i-swiete-kolo-czcicieli-swiatowida\/rogate-serce-marian-konarski-1909-1998\/konarski-o-szukalskim-w-100-rocznice-urodzin\/\">Konarski o Szukalskim w 100 rocznic\u0119 urodzin<\/a><\/li>\n<\/ul>\n<\/li>\n<li class=\"page_item page-item-6026 page_item_has_children\"><a href=\"https:\/\/bialczynski.pl\/slowianie-w-dziejach-mitologia-slowian-i-wiara-przyrody\/straznicy-wiary-slowianskiej-wiary-przyrodzoney\/szczep-rogate-serce-i-swiete-kolo-czcicieli-swiatowida\/slonceslaw-z-zolyni-franciszek-fraczek\/\">S\u0142o\u0144ces\u0142aw z \u017bo\u0142yni \u2013 Franciszek Fr\u0105czek (1908 \u2013 2006)<\/a>\n<ul class=\"children\">\n<li class=\"page_item page-item-19704\"><a href=\"https:\/\/bialczynski.pl\/slowianie-w-dziejach-mitologia-slowian-i-wiara-przyrody\/straznicy-wiary-slowianskiej-wiary-przyrodzoney\/szczep-rogate-serce-i-swiete-kolo-czcicieli-swiatowida\/slonceslaw-z-zolyni-franciszek-fraczek\/slonceslaw-z-zolyniifranciszek-fraczek-obrazy-przyrody-z-prywatnej-kolekcji\/\">S\u0142o\u0144ces\u0142aw z \u017bo\u0142ynii \u2013 Obrazy Przyrody (z prywatnej kolekcji)<\/a><\/li>\n<\/ul>\n<\/li>\n<li class=\"page_item page-item-15662\"><a href=\"https:\/\/bialczynski.pl\/slowianie-w-dziejach-mitologia-slowian-i-wiara-przyrody\/straznicy-wiary-slowianskiej-wiary-przyrodzoney\/szczep-rogate-serce-i-swiete-kolo-czcicieli-swiatowida\/stanislaw-jakubowski-1885-1964-dabrowid-szczepu\/\">Stanis\u0142aw Jakubowski (1885-1964) \u2013 d\u0105browid Szczepu<\/a><\/li>\n<li class=\"page_item page-item-4300 page_item_has_children\"><a href=\"https:\/\/bialczynski.pl\/slowianie-w-dziejach-mitologia-slowian-i-wiara-przyrody\/straznicy-wiary-slowianskiej-wiary-przyrodzoney\/szczep-rogate-serce-i-swiete-kolo-czcicieli-swiatowida\/stanislaw-szukalski-stach-z-warty-1893-1987\/\">Stanis\u0142aw Szukalski \u2013 Stach z Warty (1893 \u2013 1987)<\/a>\n<ul class=\"children\">\n<li class=\"page_item page-item-15935\"><a href=\"https:\/\/bialczynski.pl\/slowianie-w-dziejach-mitologia-slowian-i-wiara-przyrody\/straznicy-wiary-slowianskiej-wiary-przyrodzoney\/szczep-rogate-serce-i-swiete-kolo-czcicieli-swiatowida\/stanislaw-szukalski-stach-z-warty-1893-1987\/antropopolityczna-motywacja-czyli-fragmenty-z-zurwanizmu-oraz-linki-do-filmow-o-rogatym-sercu-i-stanislawie-s\/\">Antropopolityczne Motywacje, czyli fragmenty z Zermatyzmu oraz linki do film\u00f3w o Rogatym Sercu i Stanis\u0142awie Szukalskim<\/a><\/li>\n<li class=\"page_item page-item-17903\"><a href=\"https:\/\/bialczynski.pl\/slowianie-w-dziejach-mitologia-slowian-i-wiara-przyrody\/straznicy-wiary-slowianskiej-wiary-przyrodzoney\/szczep-rogate-serce-i-swiete-kolo-czcicieli-swiatowida\/stanislaw-szukalski-stach-z-warty-1893-1987\/czy-zermatyzm-stanislawa-szukalskiego-jest-rzeczywiscie-naukowym-kiczem\/\">Czy zermatyzm jest rzeczywi\u015bcie naukowym kiczem?<\/a><\/li>\n<li class=\"page_item page-item-19826\"><a href=\"https:\/\/bialczynski.pl\/slowianie-w-dziejach-mitologia-slowian-i-wiara-przyrody\/straznicy-wiary-slowianskiej-wiary-przyrodzoney\/szczep-rogate-serce-i-swiete-kolo-czcicieli-swiatowida\/stanislaw-szukalski-stach-z-warty-1893-1987\/leonardo-di-caprio-upomina-sie-o-pamiec-stanislawa-szukalskiego\/\">Leonardo Di Caprio upomina si\u0119 o pami\u0119\u0107 Stanis\u0142awa Szukalskiego<\/a><\/li>\n<li class=\"page_item page-item-10067\"><a href=\"https:\/\/bialczynski.pl\/slowianie-w-dziejach-mitologia-slowian-i-wiara-przyrody\/straznicy-wiary-slowianskiej-wiary-przyrodzoney\/szczep-rogate-serce-i-swiete-kolo-czcicieli-swiatowida\/stanislaw-szukalski-stach-z-warty-1893-1987\/nieznany-list-stanislawa-szukalskiego\/\">Nieznany list Stanis\u0142awa Szukalskiego<\/a><\/li>\n<li class=\"page_item page-item-10060\"><a href=\"https:\/\/bialczynski.pl\/slowianie-w-dziejach-mitologia-slowian-i-wiara-przyrody\/straznicy-wiary-slowianskiej-wiary-przyrodzoney\/szczep-rogate-serce-i-swiete-kolo-czcicieli-swiatowida\/stanislaw-szukalski-stach-z-warty-1893-1987\/profesor-lechoslaw-lamenski-o-nacjonalizmie-stacha-z-warty\/\">Profesor Lechos\u0142aw Lame\u0144ski \u2013 O nacjonali\u017amie Stacha z Warty<\/a><\/li>\n<li class=\"page_item page-item-55008\"><a href=\"https:\/\/bialczynski.pl\/slowianie-w-dziejach-mitologia-slowian-i-wiara-przyrody\/straznicy-wiary-slowianskiej-wiary-przyrodzoney\/szczep-rogate-serce-i-swiete-kolo-czcicieli-swiatowida\/stanislaw-szukalski-stach-z-warty-1893-1987\/stanislaw-szukalski-podczas-wystawy-rogatego-serca-w-krakowie-1936\/\">Stanis\u0142aw Szukalski podczas wystawy Rogatego Serca w Krakowie 1936<\/a><\/li>\n<li class=\"page_item page-item-54975\"><a href=\"https:\/\/bialczynski.pl\/slowianie-w-dziejach-mitologia-slowian-i-wiara-przyrody\/straznicy-wiary-slowianskiej-wiary-przyrodzoney\/szczep-rogate-serce-i-swiete-kolo-czcicieli-swiatowida\/stanislaw-szukalski-stach-z-warty-1893-1987\/szukalski-struggle-dokument-irka-dobrowolskiego-i-stanislaw-szukalski-wyznawcy-peruna-2007\/\">Szukalski \u2013 STRUGGLE \u2013 dokument Irka Dobrowolskiego i Stanis\u0142aw Szukalski Wyznawcy Peruna (2007)<\/a><\/li>\n<li class=\"page_item page-item-17428\"><a href=\"https:\/\/bialczynski.pl\/slowianie-w-dziejach-mitologia-slowian-i-wiara-przyrody\/straznicy-wiary-slowianskiej-wiary-przyrodzoney\/szczep-rogate-serce-i-swiete-kolo-czcicieli-swiatowida\/stanislaw-szukalski-stach-z-warty-1893-1987\/zdzislaw-slowinski-teologia-stanislawa-szukalskiego-fragment-neopoganstwo-a-symulakry\/\">Zdzis\u0142aw S\u0142owi\u0144ski \u2013 Teologia Stanis\u0142awa Szukalskiego (fragment \u2013 Neopoga\u0144stwo a symulakry)<\/a><\/li>\n<\/ul>\n<\/li>\n<li class=\"page_item page-item-9579 page_item_has_children\"><a href=\"https:\/\/bialczynski.pl\/slowianie-w-dziejach-mitologia-slowian-i-wiara-przyrody\/straznicy-wiary-slowianskiej-wiary-przyrodzoney\/szczep-rogate-serce-i-swiete-kolo-czcicieli-swiatowida\/stefan-zechowski-1912-1984\/\">Stefan \u017bechowski (1912 \u2013 1984) i Marian Ruzamski (1889 \u2013 1945)<\/a>\n<ul class=\"children\">\n<li class=\"page_item page-item-17478\"><a href=\"https:\/\/bialczynski.pl\/slowianie-w-dziejach-mitologia-slowian-i-wiara-przyrody\/straznicy-wiary-slowianskiej-wiary-przyrodzoney\/szczep-rogate-serce-i-swiete-kolo-czcicieli-swiatowida\/stefan-zechowski-1912-1984\/stefana-zechowskiego-ilustracje-do-motorow-emila-zegadlowicza-i-esej-poswiecony-mu-przez-tadeusza-olszewskiego\/\">Stefana \u017bechowskiego ilustracje do \u201eMotor\u00f3w\u201d Emila Zegad\u0142owicza i esej po\u015bwi\u0119cony mu przez Tadeusza Olszewskiego<\/a><\/li>\n<\/ul>\n<\/li>\n<li class=\"page_item page-item-18929\"><a href=\"https:\/\/bialczynski.pl\/slowianie-w-dziejach-mitologia-slowian-i-wiara-przyrody\/straznicy-wiary-slowianskiej-wiary-przyrodzoney\/szczep-rogate-serce-i-swiete-kolo-czcicieli-swiatowida\/18929-2\/\">Stra\u017cnik Wiary S\u0142owian \u2013 Andrzej Wylotek (Anidr\u017cej z Parczewa: 1959 \u2013 2001?) \u2013 Zadruga, Niklot, Rodzimy Ko\u015bci\u00f3\u0142 Polski, Szczep Rogate Serce<\/a><\/li>\n<\/ul>\n<\/li>\n<li class=\"page_item page-item-45929 page_item_has_children\"><a href=\"https:\/\/bialczynski.pl\/slowianie-w-dziejach-mitologia-slowian-i-wiara-przyrody\/straznicy-wiary-slowianskiej-wiary-przyrodzoney\/klan-ausran-lodz-warszawa-ryszard-danka-i-wielu-innych\/\">Klan Ausran (\u0141\u00f3d\u017a \u2013 Warszawa) \u2013 Ryszard Danka i wielu innych<\/a>\n<ul class=\"children\">\n<li class=\"page_item page-item-46425\"><a href=\"https:\/\/bialczynski.pl\/slowianie-w-dziejach-mitologia-slowian-i-wiara-przyrody\/straznicy-wiary-slowianskiej-wiary-przyrodzoney\/klan-ausran-lodz-warszawa-ryszard-danka-i-wielu-innych\/profesora-ignacego-ryszarda-danki-pelazgowie-autochtoni-hellady-wojciech-jozwiak-taraka-2014\/\">Profesora Ignacego Ryszarda Danki \u201ePelazgowie, autochtoni Hellady. Pochodzenie, j\u0119zyk, religia. \u201d (Wojciech J\u00f3\u017awiak \u2013 Taraka 2014)<\/a><\/li>\n<\/ul>\n<\/li>\n<li class=\"page_item page-item-16112 page_item_has_children\"><a href=\"https:\/\/bialczynski.pl\/slowianie-w-dziejach-mitologia-slowian-i-wiara-przyrody\/straznicy-wiary-slowianskiej-wiary-przyrodzoney\/rodzimy-kosciol-polski\/\">Rodzimy Ko\u015bci\u00f3\u0142 Polski<\/a>\n<ul class=\"children\">\n<li class=\"page_item page-item-29852\"><a href=\"https:\/\/bialczynski.pl\/slowianie-w-dziejach-mitologia-slowian-i-wiara-przyrody\/straznicy-wiary-slowianskiej-wiary-przyrodzoney\/rodzimy-kosciol-polski\/native-church-of-poland\/\">Native Church of Poland [ENG]<\/a><\/li>\n<li class=\"page_item page-item-16108\"><a href=\"https:\/\/bialczynski.pl\/slowianie-w-dziejach-mitologia-slowian-i-wiara-przyrody\/straznicy-wiary-slowianskiej-wiary-przyrodzoney\/rodzimy-kosciol-polski\/lech-emfazy-stefanski-straznik-wiary-przyrodzonej-slowian\/\">Lech Emfazy Stefa\u0144ski (1928 \u2013 2010) \u2013 Stra\u017cnik Wiary Przyrodzonej S\u0142owian<\/a><\/li>\n<\/ul>\n<\/li>\n<li class=\"page_item page-item-19575 page_item_has_children\"><a href=\"https:\/\/bialczynski.pl\/slowianie-w-dziejach-mitologia-slowian-i-wiara-przyrody\/straznicy-wiary-slowianskiej-wiary-przyrodzoney\/zwiazek-wici-straznicy-wiary-przyrody-jozef-niecko-ignacy-solarz-stanislaw-milkowski\/\">Zwi\u0105zek Wici \u2013 Stra\u017cnicy Wiary Przyrody: J\u00f3zef Nie\u0107ko, Ignacy Solarz, Stanis\u0142aw Mi\u0142kowski<\/a>\n<ul class=\"children\">\n<li class=\"page_item page-item-30544\"><a href=\"https:\/\/bialczynski.pl\/slowianie-w-dziejach-mitologia-slowian-i-wiara-przyrody\/straznicy-wiary-slowianskiej-wiary-przyrodzoney\/zwiazek-wici-straznicy-wiary-przyrody-jozef-niecko-ignacy-solarz-stanislaw-milkowski\/straznik-wiary-slowian-franciszek-kotula-1900-1983-zmw-wici\/\">Stra\u017cnik Wiary S\u0142owian \u2013 Franciszek Kotula (1900 \u2013 1983) \u2013 ZMW Wici oraz uroczysko Diabla Izdebka pod Jas\u0142em<\/a><\/li>\n<\/ul>\n<\/li>\n<li class=\"page_item page-item-81401\"><a href=\"https:\/\/bialczynski.pl\/slowianie-w-dziejach-mitologia-slowian-i-wiara-przyrody\/straznicy-wiary-slowianskiej-wiary-przyrodzoney\/eunapius-347-414-grecki-straznik-wiary-przyrodzonej\/\">Eunapius (347 \u2013 414) grecki Stra\u017cnik Wiary Przyrodzonej<\/a><\/li>\n<li class=\"page_item page-item-81443\"><a href=\"https:\/\/bialczynski.pl\/slowianie-w-dziejach-mitologia-slowian-i-wiara-przyrody\/straznicy-wiary-slowianskiej-wiary-przyrodzoney\/liam-emmery-1959-2010-straznik-celtyckiej-wiary-przyrodzonej-i-jego-krzyz-w-lesie-donegal\/\">Liam Emmery (1959 \u2013 2010) \u2013 Stra\u017cnik Celtyckiej Wiary Przyrodzonej i jego krzy\u017c w Lesie Donegal<\/a><\/li>\n<\/ul>\n<\/li>\n<\/ul>\n<p>&nbsp;<\/p>\n<p>&nbsp;<\/p>\n<p>&#8230;&#8230;&#8230;&#8230;&#8230;&#8230;&#8230;&#8230;&#8230;&#8230;&#8230;&#8230;&#8230;&#8230;&#8230;&#8230;&#8230;&#8230;&#8230;&#8230;&#8230;&#8230;&#8230;&#8230;&#8230;&#8230;&#8230;&#8230;&#8230;&#8230;&#8230;&#8230;&#8230;&#8230;&#8230;&#8230;&#8230;&#8230;&#8230;&#8230;&#8230;&#8230;&#8230;&#8230;&#8230;&#8230;&#8230;&#8230;&#8230;&#8230;&#8230;&#8230;&#8230;<\/p>\n<p>&nbsp;<\/p>\n<p>na podstawie min <a href=\"https:\/\/bialczynski.pl\/2018\/12\/14\/czeslaw-bialczynski-jak-slowo-cialem-sie-stalo-tresc-wystapienia-z-dnia-13-grudnia-2018-roku\/\">https:\/\/bialczynski.pl\/2018\/12\/14\/czeslaw-bialczynski-jak-slowo-cialem-sie-stalo-tresc-wystapienia-z-dnia-13-grudnia-2018-roku\/<\/a><\/p>\n<p>i bloga <a href=\"http:\/\/bialczynski.pl\">bialczynski.pl<\/a><\/p>\n<p>oraz bloga https:\/\/opolczykpl.wordpress.com\/linki-slowianskie\/<\/p>\n<p>i w\u0142asnychposzukiwa\u0144<\/p>\n<p>OCZYWI\u015aCIE NA TYCH STRONACH MOG\u0104 SI\u0118 ZDARZY\u0106 WYPOWIEDZI NIEKONIECZNIE ZGODNE Z DUCHEM S\u0141OWIA\u0143SKIM, A CZASEM OKAZUJE SI\u0118 \u017bE BLOG CZY KANA\u0141 YB JEST ZAK\u0141AMANY CZY OSZUKA\u0143CZY<\/p>\n<p>TAK\u0104 LIST\u0118 KANA\u0141\u00d3W VIDEO MAM NA YB OKIEMMATKIS\u0141OWIANKI <a href=\"https:\/\/www.youtube.com\/user\/joannacholuj\">https:\/\/www.youtube.com\/user\/joannacholuj<\/a><\/p>\n<p>&#8222;K\u0142amstwa na temat S\u0142owian<\/p>\n<h3>&#8230;&#8230;&#8230;&#8230;&#8230;&#8230;&#8230;&#8230;&#8230;&#8230;&#8230;&#8230;&#8230;&#8230;&#8230;&#8230;&#8230;&#8230;&#8230;&#8230;&#8230;&#8230;&#8230;&#8230;&#8230;&#8230;&#8230;&#8230;&#8230;&#8230;&#8230;&#8230;&#8230;&#8230;&#8230;&#8230;&#8230;&#8230;&#8230;&#8230;<\/h3>\n<h3><strong>ZAS\u0141U\u017bENI DLA EDUKACJI<\/strong><\/h3>\n<div class=\"BlogWpisTresc\">\n<p>Lista os\u00f3b , z kt\u00f3rymi warto si\u0119 zapozna\u0107 (z ich prac\u0105 \ud83d\ude42 je\u015bli interesuje nas naprawd\u0119 :<\/p>\n<p>dziecko nasze, szkolnictwo, edukacja, wychowanie, psychologia\u00a0 i rozw\u00f3j dziecka<\/p>\n<p>lista random &#8211; bez uk\u0142adu wg wa\u017cno\u015bci, tylko wedle &#8212; jak mia\u0142am wypisane w zeszycie \ud83d\ude42<\/p>\n<p>&#8230;&#8230;&#8230;&#8230;&#8230;&#8230;&#8230;&#8230;&#8230;&#8230;&#8230;&#8230;<\/p>\n<p>dr Sears<\/p>\n<p><span class=\"spAttrVal geogrotesque\">Bruce Perry<\/span> <span class=\"spAttrVal geogrotesque\">Maia Szalavitz, Born to love, O ch\u0142opcu wychowanym jak pies.<\/span><\/p>\n<p>Maria \u0141opatkowa Samotno\u015b\u0107 dziecka<\/p>\n<p>Natalia i Krzysztof Minge Jak kreatywnie wspiera\u0107 rozw\u00f3j dziecka<\/p>\n<p>Gordon Wychowanie bez pora\u017cek..<\/p>\n<p>Mazlich i Faber<\/p>\n<p>Gerald Huther<\/p>\n<p>Robert Kyosaki<\/p>\n<p>Rosenberg PBP<\/p>\n<p>Shichida<\/p>\n<p>Suzuki<\/p>\n<p>G Doman<\/p>\n<p>Helen Doron<\/p>\n<p>L Polgar<\/p>\n<p>Wojakowscy<\/p>\n<p><em><a href=\"http:\/\/www.amazon.com\/exec\/obidos\/ASIN\/0880707100\/foundatfortruthi\">Outcome-Based Education<\/a><\/em> by Ron Sunseri 1994<\/p>\n<p><em><a href=\"http:\/\/video.google.com\/videoplay?docid=-7373201783240489827&amp;ei=BspUS5elF4H0qwOW9P3wAw&amp;q=norman+dodd+transcript&amp;hl=en&amp;client=firefox-a\">The Hidden Agenda<\/a><\/em>: <em>How the Foundations controlling Education are also creating a World Government<\/em> \u2013 An Interview with Norman Dodd (<a href=\"http:\/\/www.google.com\/search?hl=en&amp;client=firefox-a&amp;rls=org.mozilla%3Aen-US%3Aofficial&amp;hs=NQe&amp;q=norman+dodd+transcript&amp;aq=f&amp;oq=&amp;aqi=\">Transcript<\/a> and <a href=\"http:\/\/video.google.com\/videoplay?docid=-7373201783240489827&amp;ei=BspUS5elF4H0qwOW9P3wAw&amp;q=norman+dodd+transcript&amp;hl=en&amp;client=firefox-a\">Video<\/a>) by G. Edward Griffin 1981<\/p>\n<p><em><a href=\"http:\/\/www.google.com\/search?q=lost+tools+of+learning+sayers&amp;ie=utf-8&amp;oe=utf-8&amp;aq=t&amp;rls=org.mozilla:en-US\">The Lost Tools of Learning<\/a><\/em> by Dorothy Sayers<\/p>\n<p><em><a href=\"http:\/\/www.google.com\/search?hl=en&amp;client=firefox-a&amp;rls=org.mozilla%3Aen-US%3Aofficial&amp;hs=mVI&amp;q=The+Trivium%3A+The+Liberal+Arts+of+Logic%2C+Grammar%2C+and+Rhetoric&amp;aq=f&amp;oq=&amp;aqi=\">The Trivium<\/a><\/em>: <em>The Liberal Arts of Grammar, Logic, and Rhetoric<\/em> by Sister Miriam Joseph 1937<\/p>\n<p><a href=\"http:\/\/astore.amazon.com\/trivium-20\/detail\/0393067084\" target=\"_blank\" rel=\"noopener\">A Well Trained Mind<\/a>\u00a0by Susan Wise Bauer<\/p>\n<p><a href=\"http:\/\/astore.amazon.com\/trivium-20\/detail\/0974361631\" target=\"_blank\" rel=\"noopener\">Teaching the Trivium<\/a>\u00a0by Harvey Bluedorn<\/p>\n<p>Camille Paglia<\/p>\n<p>Michael Tsarion<\/p>\n<p>Beata PAwlikowska<\/p>\n<p>P Gray<\/p>\n<p>J T Gatto<\/p>\n<p>Ivan Illich<\/p>\n<p>Lew Vygotsky<\/p>\n<p>Alice Miller<\/p>\n<p>Melanie Klein<\/p>\n<p>jean Liedlof<\/p>\n<p>Zygmunt Freud<\/p>\n<p>Carl Rogers<\/p>\n<p>Francoise Dolto<\/p>\n<p>Maria Montessori<\/p>\n<p>Freinet<\/p>\n<p>J Holt<\/p>\n<p>S Neil<\/p>\n<p>C Gustav Jung<\/p>\n<p>Gardner typy inteligencji<\/p>\n<p>Sir Michael Rutter<\/p>\n<p>Albert Bandura<\/p>\n<p>Hans Steiner<\/p>\n<p>Rudolf Steiner<\/p>\n<p>John Bowlby<\/p>\n<p>Jean Piaget<\/p>\n<p>Dr Shaffer<\/p>\n<p>Anna Freud<\/p>\n<p>Erik Erikson<\/p>\n<p>Mary Ainsworth<\/p>\n<p>J Juul<\/p>\n<p>Sidney W Bijou<\/p>\n<p>Agnieszka Stein<\/p>\n<p>Goleman Inteligencja emocj.<\/p>\n<p>Gabor Mate<\/p>\n<p>&#8230;&#8230;&#8230;&#8230;&#8230;&#8230;&#8230;&#8230;&#8230;&#8230;&#8230;&#8230;&#8230;&#8230;&#8230;..<\/p>\n<p>b\u0119d\u0105 updaty \ud83d\ude42<\/p>\n<p>&nbsp;<\/p>\n<p><a href=\"https:\/\/www.verywellmind.com\/child-development-theories-2795068\">teorie rozwoju dziecka &#8211; po ang &#8211; tu opis dokona\u0144 niekt\u00f3rych spo\u015br\u00f3d powy\u017cszych os\u00f3b<\/a><\/p>\n<p>inne , c\u00f3\u017c.. wrzucic w wyszukiwark\u0119 \ud83d\ude42<\/p>\n<p>czasem opis nie ma sensu. Ja tylko polecam, a google i wiki zrobi\u0105 swoje<\/p>\n<\/div>\n<p>&nbsp;<\/p>","protected":false},"excerpt":{"rendered":"<p>DZIA\u0141AJ\u0104CY NA RZECZ S\u0141OWIA\u0143SZCZYZNY &nbsp; blogi, kana\u0142y video, grupy online , portale Najmici.net (nieistniej\u0105ca, z USA, Polonia Ameryka\u0144ska promuj\u0105ca Mitologi\u0119 [&hellip;]<\/p>","protected":false},"author":2,"featured_media":943,"parent":0,"menu_order":0,"comment_status":"closed","ping_status":"closed","template":"","meta":{"_bbp_topic_count":0,"_bbp_reply_count":0,"_bbp_total_topic_count":0,"_bbp_total_reply_count":0,"_bbp_voice_count":0,"_bbp_anonymous_reply_count":0,"_bbp_topic_count_hidden":0,"_bbp_reply_count_hidden":0,"_bbp_forum_subforum_count":0,"_uag_custom_page_level_css":"","footnotes":""},"class_list":["post-966","page","type-page","status-publish","has-post-thumbnail","hentry"],"spectra_custom_meta":{"_edit_lock":["1546000323:2"],"_edit_last":["2"],"_wp_page_template":["default"],"_thumbnail_id":["943"],"_oembed_ca8aa494ba9b807168fa7029337ed893":["{{unknown}}"],"_oembed_58201707381fe99b031c64ff9d556f5a":["{{unknown}}"],"_uag_page_assets":["a:9:{s:3:\"css\";s:0:\"\";s:2:\"js\";s:0:\"\";s:18:\"current_block_list\";a:0:{}s:8:\"uag_flag\";b:0;s:11:\"uag_version\";s:10:\"1777350280\";s:6:\"gfonts\";a:0:{}s:10:\"gfonts_url\";s:0:\"\";s:12:\"gfonts_files\";a:0:{}s:14:\"uag_faq_layout\";b:0;}"]},"uagb_featured_image_src":{"full":["https:\/\/joannacholuj.pl\/wp-content\/uploads\/2018\/12\/20181117_131747_HDRsm.jpg",492,656,false],"thumbnail":["https:\/\/joannacholuj.pl\/wp-content\/uploads\/2018\/12\/20181117_131747_HDRsm-150x150.jpg",150,150,true],"medium":["https:\/\/joannacholuj.pl\/wp-content\/uploads\/2018\/12\/20181117_131747_HDRsm-225x300.jpg",225,300,true],"medium_large":["https:\/\/joannacholuj.pl\/wp-content\/uploads\/2018\/12\/20181117_131747_HDRsm.jpg",492,656,false],"large":["https:\/\/joannacholuj.pl\/wp-content\/uploads\/2018\/12\/20181117_131747_HDRsm.jpg",492,656,false],"1536x1536":["https:\/\/joannacholuj.pl\/wp-content\/uploads\/2018\/12\/20181117_131747_HDRsm.jpg",492,656,false],"2048x2048":["https:\/\/joannacholuj.pl\/wp-content\/uploads\/2018\/12\/20181117_131747_HDRsm.jpg",492,656,false],"trp-custom-language-flag":["https:\/\/joannacholuj.pl\/wp-content\/uploads\/2018\/12\/20181117_131747_HDRsm.jpg",9,12,false],"illdy-blog-list":["https:\/\/joannacholuj.pl\/wp-content\/uploads\/2018\/12\/20181117_131747_HDRsm-492x500.jpg",492,500,true],"illdy-widget-recent-posts":["https:\/\/joannacholuj.pl\/wp-content\/uploads\/2018\/12\/20181117_131747_HDRsm-70x70.jpg",70,70,true],"illdy-blog-post-related-articles":["https:\/\/joannacholuj.pl\/wp-content\/uploads\/2018\/12\/20181117_131747_HDRsm-240x206.jpg",240,206,true],"illdy-front-page-latest-news":["https:\/\/joannacholuj.pl\/wp-content\/uploads\/2018\/12\/20181117_131747_HDRsm-250x213.jpg",250,213,true],"illdy-front-page-testimonials":["https:\/\/joannacholuj.pl\/wp-content\/uploads\/2018\/12\/20181117_131747_HDRsm-127x127.jpg",127,127,true],"illdy-front-page-projects":["https:\/\/joannacholuj.pl\/wp-content\/uploads\/2018\/12\/20181117_131747_HDRsm-476x476.jpg",476,476,true],"illdy-front-page-person":["https:\/\/joannacholuj.pl\/wp-content\/uploads\/2018\/12\/20181117_131747_HDRsm-125x125.jpg",125,125,true]},"uagb_author_info":{"display_name":"Joanna Choluj","author_link":"https:\/\/joannacholuj.pl\/en\/blog\/author\/joannacholuj\/"},"uagb_comment_info":0,"uagb_excerpt":"DZIA\u0141AJ\u0104CY NA RZECZ S\u0141OWIA\u0143SZCZYZNY &nbsp; blogi, kana\u0142y video, grupy online , portale Najmici.net (nieistniej\u0105ca, z USA, Polonia Ameryka\u0144ska promuj\u0105ca Mitologi\u0119 [&hellip;]","_links":{"self":[{"href":"https:\/\/joannacholuj.pl\/en\/wp-json\/wp\/v2\/pages\/966"}],"collection":[{"href":"https:\/\/joannacholuj.pl\/en\/wp-json\/wp\/v2\/pages"}],"about":[{"href":"https:\/\/joannacholuj.pl\/en\/wp-json\/wp\/v2\/types\/page"}],"author":[{"embeddable":true,"href":"https:\/\/joannacholuj.pl\/en\/wp-json\/wp\/v2\/users\/2"}],"replies":[{"embeddable":true,"href":"https:\/\/joannacholuj.pl\/en\/wp-json\/wp\/v2\/comments?post=966"}],"version-history":[{"count":52,"href":"https:\/\/joannacholuj.pl\/en\/wp-json\/wp\/v2\/pages\/966\/revisions"}],"predecessor-version":[{"id":1077,"href":"https:\/\/joannacholuj.pl\/en\/wp-json\/wp\/v2\/pages\/966\/revisions\/1077"}],"wp:featuredmedia":[{"embeddable":true,"href":"https:\/\/joannacholuj.pl\/en\/wp-json\/wp\/v2\/media\/943"}],"wp:attachment":[{"href":"https:\/\/joannacholuj.pl\/en\/wp-json\/wp\/v2\/media?parent=966"}],"curies":[{"name":"wp","href":"https:\/\/api.w.org\/{rel}","templated":true}]}}