{"id":1587,"date":"2019-09-30T08:08:03","date_gmt":"2019-09-30T06:08:03","guid":{"rendered":"http:\/\/joannacholuj.pl\/?page_id=1587"},"modified":"2019-09-30T08:08:03","modified_gmt":"2019-09-30T06:08:03","slug":"rodo","status":"publish","type":"page","link":"https:\/\/joannacholuj.pl\/en\/rodo\/","title":{"rendered":"RODO"},"content":{"rendered":"<p>W zwi\u0105zku ze zmian\u0105 w\u00a0przepisach o\u00a0przetwarzaniu i\u00a0ochronie danych osobowych, zwanych RODO (Rozporz\u0105dzenie o\u00a0Ochronie Danych OsobowychParlamentu Europejskiego i\u00a0Rady (UE) 2016\/679 z\u00a0dnia 27 kwietnia 2016 r. w\u00a0sprawie ochrony os\u00f3b fizycznych w\u00a0zwi\u0105zku z\u00a0przetwarzaniem danych osobowych i\u00a0w sprawie swobodnego przep\u0142ywu takich danych (RODO)\u00a0<a href=\"https:\/\/eur-lex.europa.eu\/legal-content\/PL\/TXT\/PDF\/?uri=CELEX:32016R0679&amp;from=PL\" target=\"_blank\" rel=\"noopener\">https:\/\/eur-lex.europa.eu\/legal-content\/PL\/TXT\/PDF\/?uri=CELEX:32016R0679&amp;from=PL<\/a>,), kt\u00f3re wejdzie w\u00a0\u017cycie w\u00a0dniu 25.05.2018 r. zobowi\u0105zana jestem poinformowa\u0107, w\u00a0jaki spos\u00f3b przetwarzane s\u0105 i\u00a0chronione, pa\u0144stwa dane osobowe w\u00a0mojej firmie.<\/p>\n<ol>\n<li>Pa\u0144stwa dane pozyskiwane s\u0105 za pa\u0144stwa zgod\u0105, w\u00a0celach okre\u015blonych, w\u00a0zasadach wykonywania tego rodzaju us\u0142ug, o\u00a0czym s\u0105 Pa\u0144stwo ka\u017cdorazowo informowani podczas korespondencji mailowej lub telefonicznej.<\/li>\n<li>Pe\u0142ne dane, czyli pa\u0144stwa dane (imi\u0119 nazwisko data urodzenia telefon), s\u0105 przetwarzane jedynie w\u00a0celach stworzenia analizy.<\/li>\n<li>Wszystkie dane, po wykonaniu analiz lub zabieg\u00f3w s\u0105 trwale usuwane z\u00a0komputera.<\/li>\n<li>Pa\u0144stwa dane, mail, numer telefonu, zdj\u0119cia nie s\u0105 w\u00a0\u017caden spos\u00f3b, przeze mnie i\u00a0moj\u0105 firm\u0119, przetwarzane w\u00a0celach marketingowych, reklamowych lub mailingowych, statystycznych i\u00a0innych. Nie s\u0105 te\u017c udost\u0119pniane osobom trzecim, firmom reklamowym lub udost\u0119pniane publicznie. Oparte jest to na polityce wewn\u0119trznej mojej firmy i\u00a0okre\u015bleniu jasnych zasad, kt\u00f3re opieraj\u0105 si\u0119 na budowaniu wzajemnego zaufania i\u00a0dyskrecji, co jest podstaw\u0105 mojej pracy i\u00a0tego rodzaju us\u0142ug.<\/li>\n<li>Kontakt i\u00a0wszelkie informacje na ten temat mo\u017cecie pa\u0144stwo uzyska\u0107 pod numerem telefonu, podanym na stronie <a href=\"https:\/\/joannacholuj.pl\/en\/\">joannacholuj.pl<\/a><\/li>\n<\/ol>","protected":false},"excerpt":{"rendered":"<p>W zwi\u0105zku ze zmian\u0105 w\u00a0przepisach o\u00a0przetwarzaniu i\u00a0ochronie danych osobowych, zwanych RODO (Rozporz\u0105dzenie o\u00a0Ochronie Danych OsobowychParlamentu Europejskiego i\u00a0Rady (UE) 2016\/679 z\u00a0dnia [&hellip;]<\/p>","protected":false},"author":2,"featured_media":0,"parent":0,"menu_order":0,"comment_status":"closed","ping_status":"closed","template":"","meta":{"_bbp_topic_count":0,"_bbp_reply_count":0,"_bbp_total_topic_count":0,"_bbp_total_reply_count":0,"_bbp_voice_count":0,"_bbp_anonymous_reply_count":0,"_bbp_topic_count_hidden":0,"_bbp_reply_count_hidden":0,"_bbp_forum_subforum_count":0,"_uag_custom_page_level_css":"","footnotes":""},"class_list":["post-1587","page","type-page","status-publish","hentry"],"spectra_custom_meta":{"_edit_lock":["1578934793:2"],"_edit_last":["2"],"_wp_page_template":["default"],"_uag_page_assets":["a:9:{s:3:\"css\";s:0:\"\";s:2:\"js\";s:0:\"\";s:18:\"current_block_list\";a:0:{}s:8:\"uag_flag\";b:0;s:11:\"uag_version\";s:10:\"1777350280\";s:6:\"gfonts\";a:0:{}s:10:\"gfonts_url\";s:0:\"\";s:12:\"gfonts_files\";a:0:{}s:14:\"uag_faq_layout\";b:0;}"]},"uagb_featured_image_src":{"full":false,"thumbnail":false,"medium":false,"medium_large":false,"large":false,"1536x1536":false,"2048x2048":false,"trp-custom-language-flag":false,"illdy-blog-list":false,"illdy-widget-recent-posts":false,"illdy-blog-post-related-articles":false,"illdy-front-page-latest-news":false,"illdy-front-page-testimonials":false,"illdy-front-page-projects":false,"illdy-front-page-person":false},"uagb_author_info":{"display_name":"Joanna Choluj","author_link":"https:\/\/joannacholuj.pl\/en\/blog\/author\/joannacholuj\/"},"uagb_comment_info":0,"uagb_excerpt":"W zwi\u0105zku ze zmian\u0105 w\u00a0przepisach o\u00a0przetwarzaniu i\u00a0ochronie danych osobowych, zwanych RODO (Rozporz\u0105dzenie o\u00a0Ochronie Danych OsobowychParlamentu Europejskiego i\u00a0Rady (UE) 2016\/679 z\u00a0dnia [&hellip;]","_links":{"self":[{"href":"https:\/\/joannacholuj.pl\/en\/wp-json\/wp\/v2\/pages\/1587"}],"collection":[{"href":"https:\/\/joannacholuj.pl\/en\/wp-json\/wp\/v2\/pages"}],"about":[{"href":"https:\/\/joannacholuj.pl\/en\/wp-json\/wp\/v2\/types\/page"}],"author":[{"embeddable":true,"href":"https:\/\/joannacholuj.pl\/en\/wp-json\/wp\/v2\/users\/2"}],"replies":[{"embeddable":true,"href":"https:\/\/joannacholuj.pl\/en\/wp-json\/wp\/v2\/comments?post=1587"}],"version-history":[{"count":1,"href":"https:\/\/joannacholuj.pl\/en\/wp-json\/wp\/v2\/pages\/1587\/revisions"}],"predecessor-version":[{"id":1588,"href":"https:\/\/joannacholuj.pl\/en\/wp-json\/wp\/v2\/pages\/1587\/revisions\/1588"}],"wp:attachment":[{"href":"https:\/\/joannacholuj.pl\/en\/wp-json\/wp\/v2\/media?parent=1587"}],"curies":[{"name":"wp","href":"https:\/\/api.w.org\/{rel}","templated":true}]}}