{"id":10815,"date":"2024-02-28T21:48:48","date_gmt":"2024-02-28T20:48:48","guid":{"rendered":"http:\/\/joannacholuj.pl\/?page_id=10815"},"modified":"2024-06-25T00:56:35","modified_gmt":"2024-06-24T22:56:35","slug":"gmina-wyznawcow-slonca-apolonia-2","status":"publish","type":"page","link":"https:\/\/joannacholuj.pl\/en\/gmina-wyznawcow-slonca-apolonia-2\/","title":{"rendered":"Odwied\u017a nas w Peru"},"content":{"rendered":"<div id='gallery-1' class='gallery galleryid-10815 gallery-columns-3 gallery-size-thumbnail'><figure class='gallery-item'>\n\t\t\t<div class='gallery-icon landscape'>\n\t\t\t\t<img loading=\"lazy\" decoding=\"async\" width=\"150\" height=\"150\" src=\"https:\/\/joannacholuj.pl\/wp-content\/uploads\/2020\/01\/KKb-150x150.jpg\" class=\"attachment-thumbnail size-thumbnail\" alt=\"\" srcset=\"https:\/\/joannacholuj.pl\/wp-content\/uploads\/2020\/01\/KKb-150x150.jpg 150w, https:\/\/joannacholuj.pl\/wp-content\/uploads\/2020\/01\/KKb-70x70.jpg 70w, https:\/\/joannacholuj.pl\/wp-content\/uploads\/2020\/01\/KKb-127x127.jpg 127w, https:\/\/joannacholuj.pl\/wp-content\/uploads\/2020\/01\/KKb-476x476.jpg 476w, https:\/\/joannacholuj.pl\/wp-content\/uploads\/2020\/01\/KKb-125x125.jpg 125w\" sizes=\"(max-width: 150px) 100vw, 150px\" \/>\n\t\t\t<\/div><\/figure><figure class='gallery-item'>\n\t\t\t<div class='gallery-icon portrait'>\n\t\t\t\t<img loading=\"lazy\" decoding=\"async\" width=\"150\" height=\"150\" src=\"https:\/\/joannacholuj.pl\/wp-content\/uploads\/2020\/01\/LOGO-150x150.jpg\" class=\"attachment-thumbnail size-thumbnail\" alt=\"\" srcset=\"https:\/\/joannacholuj.pl\/wp-content\/uploads\/2020\/01\/LOGO-150x150.jpg 150w, https:\/\/joannacholuj.pl\/wp-content\/uploads\/2020\/01\/LOGO-70x70.jpg 70w, https:\/\/joannacholuj.pl\/wp-content\/uploads\/2020\/01\/LOGO-127x127.jpg 127w, https:\/\/joannacholuj.pl\/wp-content\/uploads\/2020\/01\/LOGO-476x476.jpg 476w, https:\/\/joannacholuj.pl\/wp-content\/uploads\/2020\/01\/LOGO-125x125.jpg 125w\" sizes=\"(max-width: 150px) 100vw, 150px\" \/>\n\t\t\t<\/div><\/figure><figure class='gallery-item'>\n\t\t\t<div class='gallery-icon landscape'>\n\t\t\t\t<img loading=\"lazy\" decoding=\"async\" width=\"150\" height=\"150\" src=\"https:\/\/joannacholuj.pl\/wp-content\/uploads\/2020\/06\/KtKb1-1024x734-150x150.jpg\" class=\"attachment-thumbnail size-thumbnail\" alt=\"\" srcset=\"https:\/\/joannacholuj.pl\/wp-content\/uploads\/2020\/06\/KtKb1-1024x734-150x150.jpg 150w, https:\/\/joannacholuj.pl\/wp-content\/uploads\/2020\/06\/KtKb1-1024x734-70x70.jpg 70w, https:\/\/joannacholuj.pl\/wp-content\/uploads\/2020\/06\/KtKb1-1024x734-127x127.jpg 127w, https:\/\/joannacholuj.pl\/wp-content\/uploads\/2020\/06\/KtKb1-1024x734-476x476.jpg 476w, https:\/\/joannacholuj.pl\/wp-content\/uploads\/2020\/06\/KtKb1-1024x734-125x125.jpg 125w\" sizes=\"(max-width: 150px) 100vw, 150px\" \/>\n\t\t\t<\/div><\/figure>\n\t\t<\/div>\n\n<p>&nbsp;<\/p>\n<p><img loading=\"lazy\" decoding=\"async\" class=\"size-thumbnail wp-image-10847 aligncenter\" src=\"http:\/\/joannacholuj.pl\/wp-content\/uploads\/2024\/02\/Screenshot_2022-07-29-18-31-33-88-1-150x150.jpg\" alt=\"\" width=\"150\" height=\"150\" srcset=\"https:\/\/joannacholuj.pl\/wp-content\/uploads\/2024\/02\/Screenshot_2022-07-29-18-31-33-88-1-150x150.jpg 150w, https:\/\/joannacholuj.pl\/wp-content\/uploads\/2024\/02\/Screenshot_2022-07-29-18-31-33-88-1-70x70.jpg 70w, https:\/\/joannacholuj.pl\/wp-content\/uploads\/2024\/02\/Screenshot_2022-07-29-18-31-33-88-1-127x127.jpg 127w, https:\/\/joannacholuj.pl\/wp-content\/uploads\/2024\/02\/Screenshot_2022-07-29-18-31-33-88-1-125x125.jpg 125w\" sizes=\"(max-width: 150px) 100vw, 150px\" \/><\/p>\n<p style=\"text-align: center;\">Gmina Wyznawc\u00f3w S\u0142o\u0144ca &#8211; APOLONIA<\/p>\n<p style=\"text-align: center;\">POWSTAJ\u0104CY W\u0141A\u015aNIE PROJEKT !!! ZAPRASZAMY DO WSP\u00d3\u0141TWORZENIA!!!<\/p>\n<div id='gallery-2' class='gallery galleryid-10815 gallery-columns-2 gallery-size-medium'><figure class='gallery-item'>\n\t\t\t<div class='gallery-icon landscape'>\n\t\t\t\t<a href='https:\/\/joannacholuj.pl\/en\/gmina-wyznawcow-slonca-apolonia-2\/401464531_10163359110955299_7781841197012620061_n-1\/'><img loading=\"lazy\" decoding=\"async\" width=\"300\" height=\"169\" src=\"https:\/\/joannacholuj.pl\/wp-content\/uploads\/2024\/03\/401464531_10163359110955299_7781841197012620061_n-1-300x169.jpg\" class=\"attachment-medium size-medium\" alt=\"\" srcset=\"https:\/\/joannacholuj.pl\/wp-content\/uploads\/2024\/03\/401464531_10163359110955299_7781841197012620061_n-1-300x169.jpg 300w, https:\/\/joannacholuj.pl\/wp-content\/uploads\/2024\/03\/401464531_10163359110955299_7781841197012620061_n-1.jpg 640w\" sizes=\"(max-width: 300px) 100vw, 300px\" \/><\/a>\n\t\t\t<\/div><\/figure><figure class='gallery-item'>\n\t\t\t<div class='gallery-icon landscape'>\n\t\t\t\t<a href='https:\/\/joannacholuj.pl\/en\/gmina-wyznawcow-slonca-apolonia-2\/401307098_10163359107350299_3007799032135888327_n-2\/'><img loading=\"lazy\" decoding=\"async\" width=\"300\" height=\"169\" src=\"https:\/\/joannacholuj.pl\/wp-content\/uploads\/2024\/03\/401307098_10163359107350299_3007799032135888327_n-2-300x169.jpg\" class=\"attachment-medium size-medium\" alt=\"\" srcset=\"https:\/\/joannacholuj.pl\/wp-content\/uploads\/2024\/03\/401307098_10163359107350299_3007799032135888327_n-2-300x169.jpg 300w, https:\/\/joannacholuj.pl\/wp-content\/uploads\/2024\/03\/401307098_10163359107350299_3007799032135888327_n-2.jpg 600w\" sizes=\"(max-width: 300px) 100vw, 300px\" \/><\/a>\n\t\t\t<\/div><\/figure>\n\t\t<\/div>\n\n<p style=\"text-align: center;\"><strong>Na stronie FB GMINA APOLONIA &#8211; ZDJ\u0118CIA, FILMY, INFORMACJE I OPOWIE\u015aCI Z PERU<\/strong><\/p>\n<p style=\"text-align: center;\"><a href=\"https:\/\/web.facebook.com\/gminaapoloniaperu\/\"><strong>WEJD\u0179 NA STRON\u0118<\/strong><\/a><\/p>\n<p><img loading=\"lazy\" decoding=\"async\" class=\"aligncenter wp-image-11346 size-full\" src=\"http:\/\/joannacholuj.pl\/wp-content\/uploads\/2024\/06\/Zrzut-ekranu-2573.png\" alt=\"\" width=\"936\" height=\"579\" srcset=\"https:\/\/joannacholuj.pl\/wp-content\/uploads\/2024\/06\/Zrzut-ekranu-2573.png 936w, https:\/\/joannacholuj.pl\/wp-content\/uploads\/2024\/06\/Zrzut-ekranu-2573-300x186.png 300w, https:\/\/joannacholuj.pl\/wp-content\/uploads\/2024\/06\/Zrzut-ekranu-2573-768x475.png 768w\" sizes=\"(max-width: 936px) 100vw, 936px\" \/><\/p>\n<p style=\"text-align: center;\"><strong>\u00a0<\/strong><\/p>\n<p style=\"text-align: center;\"><strong>Misja Gminy\u00a0<\/strong><\/p>\n<p style=\"text-align: center;\">Jeste\u015bmy jedn\u0105 z gmin polskiego zwi\u0105zku wyznaniowego Wyznawcy S\u0142o\u0144ca. Jeste\u015bmy w trakcie organizacji i formalizacji przyst\u0105pienia.<\/p>\n<p>Od za\u0142o\u017cycielki gminy:<\/p>\n<p style=\"text-align: left;\">Nazywam si\u0119 Joanna Cho\u0142uj vel \u0141ada i jestem Kap\u0142ank\u0105 i Wied\u017am\u0105 ArioS\u0142owia\u0144sk\u0105, kt\u00f3ra pomaga w procesach metamorfozy \u017cycia i my\u015blenia oraz w powrocie do pe\u0142ni mocy i kobieco\u015bci. Pomog\u0119 Ci dzi\u0119ki Ario-S\u0142owia\u0144skiej Metodzie Transformacji zrozumie\u0107 swoj\u0105 osobowo\u015b\u0107 i powo\u0142anie, przej\u015b\u0107 od toksycznych schemat\u00f3w do zdrowej osobowo\u015bci, kreowa\u0107 dobrostan dzi\u0119ki wibracjom s\u0142\u00f3w, wychowa\u0107 i wykszta\u0142ci\u0107 m\u0105dre i wolne dzieci.<\/p>\n<p style=\"text-align: left;\">Dzia\u0142a\u0107 b\u0119dziemy formalnie z m\u0119\u017cem jako osoby duchowne w naszej Gminie Wyznawc\u00f3w S\u0142o\u0144ca APOLONIA. Zapraszamy na codzienne i niecodzienne SPOTKANIA W KR\u0118GU!<\/p>\n<p>Gmina rozpocznie dzia\u0142alno\u015b\u0107 na misji zagranicznej w Peru. Planowane miejsce to costa, czyli wybrze\u017ce oceanu w Peru, w niedu\u017cej odleg\u0142o\u015bci od Limy (stolicy). Zasada dzia\u0142ania i przyjmowania os\u00f3b na pobyt w gminie\u00a0 od dwu tygodni wzwy\u017c, b\u0119dzie taka jak w eko-farmach: praca za wy\u017cywienie i noclegi. Jednak MY OFERUJEMY WI\u0118CEJ NI\u017b STANDARDOWA EKO-FARMA \ud83d\ude42<\/p>\n<p><img loading=\"lazy\" decoding=\"async\" class=\"alignnone wp-image-11348 size-full\" src=\"http:\/\/joannacholuj.pl\/wp-content\/uploads\/2024\/06\/Zrzut-ekranu-2574.png\" alt=\"\" width=\"929\" height=\"543\" srcset=\"https:\/\/joannacholuj.pl\/wp-content\/uploads\/2024\/06\/Zrzut-ekranu-2574.png 929w, https:\/\/joannacholuj.pl\/wp-content\/uploads\/2024\/06\/Zrzut-ekranu-2574-300x175.png 300w, https:\/\/joannacholuj.pl\/wp-content\/uploads\/2024\/06\/Zrzut-ekranu-2574-768x449.png 768w\" sizes=\"(max-width: 929px) 100vw, 929px\" \/><\/p>\n<p>Ch\u0119tni na wyjazd i pobyt w Peru u nas, ch\u0119tni cz\u0142onkowie gminy, ch\u0119tni do wsp\u00f3\u0142tworzenia i pracy na rzecz gminy w Peru (pobyt minimum 2 tygodnie)\u00a0 &#8211; zapraszam do kontaktu jc@joannacholuj.pl whatsapp +51 999 333 717 whatsapp +48 605 66 3939<\/p>\n<p>W PEWNYM MOMENCIE, GDY GMINA (teren) UZYSKA JU\u017b ODPOWIEDNI POZIOM WARUNK\u00d3W BYTOWYCH \ud83d\ude42 ZAPRASZA\u0106 B\u0118DZIEMY WSZYSTKICH\u00a0 &#8211; NA POBYT MINIMUM 2 TYGODNIE,\u00a0 bez zobowi\u0105zania do pracy na rzecz gminy, za to z\u00a0 mo\u017cliwo\u015bci\u0105 op\u0142aty nocleg\u00f3w i wy\u017cywienia. Pami\u0119tajcie, \u017ce u nas zawsze b\u0119dzie swojsko i taniej, bo szczeg\u00f3lnie chcemy zaprasza\u0107 Polak\u00f3w, i wszystkich znajomych znajomych, oraz b\u0119dziemy sadzi\u0107 w\u0142asne eko-jedzenie d\u0105\u017c\u0105c do jak najwi\u0119kszej samowystarczalno\u015bci gminy.<\/p>\n<p>GMINA STANIE SI\u0118 WI\u0118C DOBR\u0104 BAZ\u0104 WYPADOW\u0104 I ODPOCZYNKOW\u0104 I WARSZTATOW\u0104 DLA TYCH KT\u00d3RZY CHC\u0104 ZWIEDZA\u0106 PERU &#8211; Z NAMI LUB &#8230; BEZ NAS. A nawet jak b\u0119dziecie zwiedza\u0107 bez nas \ud83d\ude42 zaprosimy Was na wyk\u0142ad i zaoferujemy podr\u0119cznik-niezb\u0119dnik podr\u00f3\u017cy po Peru. Zapewniam Was &#8211; jest Wam to potrzebne. Ameryka Po\u0142udniowa i nawet Peru, to swego rodzaju d\u017cungla i trzeba wiedzie\u0107 jak si\u0119 zachowa\u0107 by zyska\u0107 a nie straci\u0107 &#8230;<\/p>\n<p style=\"text-align: center;\"><strong>Dzia\u0142ania Gminy\u00a0<\/strong><\/p>\n<p style=\"text-align: left;\">Spotkania b\u0119d\u0105 odbywa\u0142y si\u0119 codziennie w tygodniu. W realu. Prawdopodobnie niekt\u00f3re elementy b\u0119dziemy czasem transmitowa\u0107 online.<\/p>\n<p>Nie ma formalnego sk\u0142adu naszej gminy. Je\u015bli chcecie, mo\u017cecie zapisa\u0107 si\u0119 jako cz\u0142onek Zwi\u0105zku Wyznawc\u00f3w S\u0142o\u0144ca &#8211; Przyjaciel S\u0142o\u0144ca (strona WS), cho\u0107 nie jest to konieczne, ani nie skutkuje op\u0142at\u0105 sk\u0142adek cz\u0142onkowskich itd.<\/p>\n<p>Wyjazd do naszej gminy APOLONIA do Peru oznacza spe\u0142nienie zasady gminy, jak\u0105 jest praca na jej rzecz. Na pocz\u0105tku b\u0119dziemy budowa\u0107 gmin\u0119 i przygotowywa\u0107 teren. B\u0119dziemy pracowa\u0107 w grupach : budowniczy dom\u00f3w, ogrodnicy, przygotowuj\u0105cy posi\u0142ki, sprz\u0105taj\u0105cy. PRzynale\u017cno\u015b\u0107 do grup b\u0119dzie umowna i zmienna. Nie tworzymy wsp\u00f3lnoty (komuny) lecz gmin\u0119. Decyzje podejmujemy my, w\u0142a\u015bciciele i tw\u00f3rcy.\u00a0 Jednak ka\u017cdego dnia b\u0119dzie spotkanie w kr\u0119gu i refleksje na temat minionego dnia, gdzie ka\u017cdy mo\u017ce si\u0119 wypowiedzie\u0107 na temat gminy i przedstawi\u0107 swoje refleksje.<\/p>\n<p>Wyjazd &#8211; koszty podr\u00f3\u017cy, ubezpieczenia &#8211; s\u0105 po Waszej stronie. Potrzebowa\u0107 b\u0119dziemy od Was r\u00f3wnie\u017c wyj\u015bciowej wp\u0142aty. Jeszcze nie wiemy jaka to b\u0119dzie kwota. Bowiem gmina, przynajmniej na pocz\u0105tku, nie b\u0119dzie mia\u0142a samowystarczalno\u015bci (ogr\u00f3d , jedzenie trzeba dopiero posadzi\u0107, restauracj\u0119 zbudowa\u0107, a to generuje koszty itd). Proponujemy wi\u0119c za to kurs hiszpa\u0144skiego &#8211; codzienne lekcje przez ca\u0142y pobyt, oraz lekcje j\u0119zyk\u00f3w dla Waszych dzieci. I TO JEST OGROMNY BONUS.<\/p>\n<p>PROPONUJEMY WI\u0118C POBYT W GMINIE ROZWOJU DUCHOWEGO I J\u0118ZYKOWEGO !!!<\/p>\n<p>Og\u00f3lnie wyjazd b\u0119dzie dla Was bardzo korzystny i tani. Standardowo w Peru dwa tygodnie we w\u0142asnym zakresie ! (bez zorganizowanego biura, wycieczek itd) kosztuj\u0105 10 tysi\u0119cy z\u0142 od osoby lub wi\u0119cej. Jedzenie w Peru jest tanie (ale te\u017c trzeba wiedzie\u0107 gdzie je\u015b\u0107 by by\u0142o czysto, na pocz\u0105tku problemy\u00a0 \u017co\u0142\u0105dkiem to standard ze wzgl\u0119du na inn\u0105 flor\u0119 bakteryjn\u0105 ale cz\u0119sto te\u017c &#8211; nieczyste miejsca i jedzenie) , noclegi &#8211; to zale\u017cy jaki standard i czysto\u015b\u0107, pozosta\u0142e rzeczy jak transport, ubezpieczenia, karty telefoniczne&#8230;\u00a0 s\u0105 w cenach podobnych do polskich.<\/p>\n<p>Wiza turystyczna jest na 3 miesi\u0105ce. Potem trzeba przejecha\u0107 si\u0119 np. do Ekwadoru, najbli\u017cej, i dosta\u0107 drugi stempelek na drug\u0105 wiz\u0119 turystyczn\u0105. B\u0119dziemy organizowa\u0107 tak\u0105 wycieczk\u0119. Costa w stron\u0119 Ekwadoru to ogl\u0105danie wieloryb\u00f3w, fok i ciep\u0142y ocean. ).<\/p>\n<p>Wyjedziemy po Was na lotnisko, a jak nie &#8211; to Wam to zorganizujemy. W gminie pierwsze tygodnie to intensywna nauka podstaw hiszpa\u0144skiego. Jest to niezb\u0119dne &#8211; tu prawie nikt nie m\u00f3wi w jakimkolwiek j\u0119zyku Europy innym ni\u017c hiszpa\u0144ski, z wyj\u0105tkiem niekt\u00f3rych dzielnic Limy.<\/p>\n<p>Dostajecie w gminie bezp\u0142atne posi\u0142ki i mieszkanie. Zobowi\u0105zujecie si\u0119 pracowa\u0107 w wymienionych grupach na rzecz gminy. Ka\u017cdy ma przyporz\u0105dkowany na jaki\u015b zmienny czas &#8211; rol\u0119 i miejsce pracy i jest za to odpowiedzialny. Mo\u017ce te\u017c uczestniczy\u0107 w harmonogramie &#8211; wszystkie punkty.<\/p>\n<p>Niekt\u00f3re weekendy (dodatkowo p\u0142atne) wycieczki po Peru (planujemy jedn\u0105 dwudniow\u0105 w ka\u017cdym miesi\u0105cu).<\/p>\n<p>Spotkanie w tygodniu &#8211; Harmonogram<\/p>\n<p>7.00 Medytacja prowadzona i samodzielna.<\/p>\n<p>7.30 Powitanie s\u0142o\u0144ca (jogiczne). Joga twarzy + Hatha Joga<\/p>\n<p>8.30 \u015aniadanie<\/p>\n<p>9.00\u00a0 Lekcja angielskiego, hiszpa\u0144skiego lub francuskiego &#8211; dzieci (dni j\u0119zykowe)<\/p>\n<p>9-14 Prace na terenie wsp\u00f3lnoty. Przygotowanie obiadu i obiad<\/p>\n<p>14.00 Prace na terenie wsp\u00f3lnoty<\/p>\n<p>17.00-19.00\u00a0 hiszpa\u0144ski dla doros\u0142ych<\/p>\n<p>19.00 kolacja<\/p>\n<p>20. Spotkanie w kr\u0119gu i lekcje muzyki\/muzykowanie improwizowane<\/p>\n<p>&nbsp;<\/p>\n<hr \/>\n<p>W niedziele zapraszamy osoby spoza wsp\u00f3lnoty. Spotkania s\u0105 p\u0142atne dla wszystkich.<\/p>\n<p>Soboty &#8211; costa znaczy wybrze\u017ce. B\u0119dziemy na wybrze\u017cu niedaleko oceanu, a to oznacza, \u017ce w ka\u017cd\u0105 sobot\u0119 mo\u017cna si\u0119 wybra\u0107 na pla\u017c\u0119. Pogoda jest \u0142adna ZAWSZE. Mo\u017ce by\u0107 tylko bardziej\u00a0 upalnie lub mniej upalnie. Tzw. zima w Ameryce Po\u0142udniowej to deszcze, na costa jest w\u0142a\u015bciwie tylko kapu\u015bniaczek\/m\u017cawka. I nie robi si\u0119 bardzo zimno. Ocean jednak jest zawsze ch\u0142odny, ale&#8230; moim zdaniem, cieplejszy ni\u017c Ba\u0142tyk , albo jest to wra\u017cenie, bo na zewnatrz zawsze upa\u0142. Pla\u017ce to r\u00f3wie\u017c dobre miejsce do surfingu i innych sport\u00f3w wodnych. Nie zajmujemy si\u0119 tym, ale podamy Wam odpowiednie kontakty \ud83d\ude42 (\u017ceby Was nikt nie oszuka\u0142).<\/p>\n<p>Inne pa\u0144stwa. Je\u015bli b\u0119dziecie chcieli podr\u00f3\u017cowa\u0107 te\u017c do innych kraj\u00f3w Ameryki Pd. &#8211; dostaniecie porad\u0119. Kontakty turystyczne mam w Meksyku. Postaramy si\u0119 jednak nawi\u0105za\u0107 wsp\u00f3\u0142prac\u0119 z innymi eko-farmami w Ameryce po\u0142udniowej.<\/p>\n<p>PLANOWANE WYCIECZKI<\/p>\n<p>Peru ma trzy regiony geograficzne i kilka stref klimatycznych : costa (wybrze\u017ce), sierra (Andy) i selva (d\u017cunlga).<\/p>\n<p>(costa) Ekwador (wycieczka wzd\u0142u\u017c wybrze\u017ca , costa, przez Lim\u0119 do Tumbes i do Ekwadoru. W Tumbes ciep\u0142y ocean, ogl\u0105danie wieloryb\u00f3w i p\u0142ywanie z fokami)<\/p>\n<p>(costa) Lima &#8211; zwiedzanie stolicy, kluby taneczne salsa<\/p>\n<p>(sierra ) Yauyos Huancaya &#8211; ruiny \u017co\u0142nierskie Ink\u00f3w z okresu wypraw podboju i tworzenia imperium, rezerwat przyrody, wysokie Andy, kaniony, prze\u0142\u0119cze, obserwacja przyrody, hodowla lam, owiec, jak \u017cyj\u0105 tam ludzie<\/p>\n<p>(sierra selva) Cusco i Puno &#8211; czerwiec, centrum Ink\u00f3w, zwiedzanie budowli, rysunki naskalne, uczestniczenie w zimowym przesileniu \u015bwi\u0119cie Ink\u00f3w (inscenizacja w mie\u015bcie)<\/p>\n<p>(selva) Satipo\u00a0 &#8211; Tingo Maria &#8211; zwiedzanie d\u017cungli, kaskady, k\u0105piele, flora fauna, jak \u017cyj\u0105 ludzie, je\u015bli b\u0119dziecie chcieli dalej do Amazonki i po ayahuask\u0119,\u00a0 dostaniecie zaufane kontakty.\u00a0 NIE POLECAMY JECHA\u0106 BYLE GDZIE I BYLE Z KIM. TO NAPRAWD\u0118 GRO\u0179NE W KA\u017bDYM SENSIE.<\/p>\n<p>W WEEKEND PRZED KA\u017bD\u0104 WYCIECZK\u0104 B\u0118DZIE TO SPOTKANIE WEEKENDOWE -&gt;<\/p>\n<p><em><strong>S\u0142owianie. Polacy vs. Peruwia\u0144czycy. Inkowie. &#8211; w kr\u0119gu .<\/strong> Pokrewie\u0144stwa genetyczne i j\u0119zykowe. Zrozumienie zr\u00f3\u017cnicowanych kultur w Peru. J\u0119zyk. Kultura. Mitologia. \u015awi\u0119ta. Muzyka. Ubranie.\u00a0<\/em><\/p>\n<p>&nbsp;<\/p>\n<h3 style=\"text-align: center;\">SPOTKANIA W KR\u0118GU DLA WSZYSTKICH<\/h3>\n<h3 style=\"text-align: center;\">(dla wszystkich czyli nie tylko tych mieszkaj\u0105cych w gminie)<\/h3>\n<p style=\"text-align: center;\">CA\u0141ODNIOWE SPOTKANIE W KR\u0118GU<\/p>\n<p style=\"text-align: center;\">(w trakcie dost\u0119pne przek\u0105ski i posi\u0142ki)<\/p>\n<hr \/>\n<p><strong>S\u0142owianie. Polacy vs. Peruwia\u0144czycy. Inkowie. &#8211; w kr\u0119gu .<\/strong> Pokrewie\u0144stwa genetyczne i j\u0119zykowe. Zrozumienie zr\u00f3\u017cnicowanych kultur w Peru. J\u0119zyk. Kultura. Mitologia. \u015awi\u0119ta. Muzyka. Ubranie. &#8211; bezp\u0142atne<\/p>\n<hr \/>\n<p style=\"text-align: center;\"><a href=\"http:\/\/joannacholuj.pl\/en\/spotkania-w-kregu\/\">SPOTKANIA W KR\u0118GU &#8211; OPIS\u00a0<\/a><\/p>\n<p>&nbsp;<\/p>\n<p><img loading=\"lazy\" decoding=\"async\" class=\"wp-image-10848 size-full aligncenter\" src=\"http:\/\/joannacholuj.pl\/wp-content\/uploads\/2024\/02\/Screenshot_2022-07-29-18-31-33-88.jpg\" alt=\"\" width=\"294\" height=\"654\" srcset=\"https:\/\/joannacholuj.pl\/wp-content\/uploads\/2024\/02\/Screenshot_2022-07-29-18-31-33-88.jpg 294w, https:\/\/joannacholuj.pl\/wp-content\/uploads\/2024\/02\/Screenshot_2022-07-29-18-31-33-88-135x300.jpg 135w\" sizes=\"(max-width: 294px) 100vw, 294px\" \/><\/p>\n<p>&nbsp;<\/p>\n<p>&nbsp;<\/p>\n<p>&nbsp;<\/p>","protected":false},"excerpt":{"rendered":"<p>&nbsp; Gmina Wyznawc\u00f3w S\u0142o\u0144ca &#8211; APOLONIA POWSTAJ\u0104CY W\u0141A\u015aNIE PROJEKT !!! ZAPRASZAMY DO WSP\u00d3\u0141TWORZENIA!!! Na stronie FB GMINA APOLONIA &#8211; ZDJ\u0118CIA, [&hellip;]<\/p>","protected":false},"author":2,"featured_media":0,"parent":0,"menu_order":0,"comment_status":"closed","ping_status":"closed","template":"","meta":{"_bbp_topic_count":0,"_bbp_reply_count":0,"_bbp_total_topic_count":0,"_bbp_total_reply_count":0,"_bbp_voice_count":0,"_bbp_anonymous_reply_count":0,"_bbp_topic_count_hidden":0,"_bbp_reply_count_hidden":0,"_bbp_forum_subforum_count":0,"_uag_custom_page_level_css":"","footnotes":""},"class_list":["post-10815","page","type-page","status-publish","hentry"],"spectra_custom_meta":{"_edit_last":["2"],"_wp_page_template":["default"],"_edit_lock":["1720990083:2"],"_uag_page_assets":["a:9:{s:3:\"css\";s:0:\"\";s:2:\"js\";s:0:\"\";s:18:\"current_block_list\";a:0:{}s:8:\"uag_flag\";b:0;s:11:\"uag_version\";s:10:\"1777350280\";s:6:\"gfonts\";a:0:{}s:10:\"gfonts_url\";s:0:\"\";s:12:\"gfonts_files\";a:0:{}s:14:\"uag_faq_layout\";b:0;}"]},"uagb_featured_image_src":{"full":false,"thumbnail":false,"medium":false,"medium_large":false,"large":false,"1536x1536":false,"2048x2048":false,"trp-custom-language-flag":false,"illdy-blog-list":false,"illdy-widget-recent-posts":false,"illdy-blog-post-related-articles":false,"illdy-front-page-latest-news":false,"illdy-front-page-testimonials":false,"illdy-front-page-projects":false,"illdy-front-page-person":false},"uagb_author_info":{"display_name":"Joanna Choluj","author_link":"https:\/\/joannacholuj.pl\/en\/blog\/author\/joannacholuj\/"},"uagb_comment_info":0,"uagb_excerpt":"&nbsp; Gmina Wyznawc\u00f3w S\u0142o\u0144ca &#8211; APOLONIA POWSTAJ\u0104CY W\u0141A\u015aNIE PROJEKT !!! ZAPRASZAMY DO WSP\u00d3\u0141TWORZENIA!!! Na stronie FB GMINA APOLONIA &#8211; ZDJ\u0118CIA, [&hellip;]","_links":{"self":[{"href":"https:\/\/joannacholuj.pl\/en\/wp-json\/wp\/v2\/pages\/10815"}],"collection":[{"href":"https:\/\/joannacholuj.pl\/en\/wp-json\/wp\/v2\/pages"}],"about":[{"href":"https:\/\/joannacholuj.pl\/en\/wp-json\/wp\/v2\/types\/page"}],"author":[{"embeddable":true,"href":"https:\/\/joannacholuj.pl\/en\/wp-json\/wp\/v2\/users\/2"}],"replies":[{"embeddable":true,"href":"https:\/\/joannacholuj.pl\/en\/wp-json\/wp\/v2\/comments?post=10815"}],"version-history":[{"count":27,"href":"https:\/\/joannacholuj.pl\/en\/wp-json\/wp\/v2\/pages\/10815\/revisions"}],"predecessor-version":[{"id":11349,"href":"https:\/\/joannacholuj.pl\/en\/wp-json\/wp\/v2\/pages\/10815\/revisions\/11349"}],"wp:attachment":[{"href":"https:\/\/joannacholuj.pl\/en\/wp-json\/wp\/v2\/media?parent=10815"}],"curies":[{"name":"wp","href":"https:\/\/api.w.org\/{rel}","templated":true}]}}