{"id":4994,"date":"2020-08-24T21:20:52","date_gmt":"2020-08-24T19:20:52","guid":{"rendered":"http:\/\/joannacholuj.pl\/?page_id=4994"},"modified":"2020-08-24T21:20:52","modified_gmt":"2020-08-24T19:20:52","slug":"pultusk-poemat-mysim-okiem","status":"publish","type":"page","link":"http:\/\/joannacholuj.pl\/en\/pultusk-poemat-mysim-okiem\/","title":{"rendered":"Pu\u0142tusk &#8211; poemat mysim okiem"},"content":{"rendered":"<p class=\"western\"><span style=\"font-size: small;\"><b>Pu\u0142tusk mysim okiem <\/b><\/span><\/p>\n<p class=\"western\"><span style=\"font-size: small;\"><b>Poemat<\/b><\/span><\/p>\n<p class=\"western\"><span style=\"font-size: small;\">Przystan\u0119\u0142a mysz stara, zamy\u015blona i cicha,<\/span><\/p>\n<p class=\"western\"><span style=\"font-size: small;\">s\u0142aby wzrok wyt\u0119\u017cy\u0142a, nos zmarszczyla i s\u0142ucha.<\/span><\/p>\n<p class=\"western\"><span style=\"font-size: small;\">Rynek hen po widnokr\u0105g metr\u00f3w trzysta z ok\u0142adem.<\/span><\/p>\n<p class=\"western\"><span style=\"font-size: small;\">\u0141atwiej by\u0142o onegdaj przebiec truchtem, dzi\u015b jad\u0105<\/span><\/p>\n<p class=\"western\"><span style=\"font-size: small;\">auta szybkie i ci\u0119\u017ckie, ha\u0142a\u015bliwe i mnogie.<\/span><\/p>\n<p class=\"western\"><span style=\"font-size: small;\">Cie\u0144 rozproszy\u0142 si\u0119 w brzasku, znikn\u0105\u0142 zaraz za rogiem<\/span><\/p>\n<p class=\"western\"><span style=\"font-size: small;\">dyli\u017cans\u00f3w i karoc, koni, woz\u00f3w ze zbo\u017cem. <\/span><\/p>\n<p class=\"western\"><span style=\"font-size: small;\">Dzi\u015b bezpieczny tw\u00f3j \u017cywot w korytarzach, niebo\u017ce,<\/span><\/p>\n<p class=\"western\"><span style=\"font-size: small;\">tych sklepionych murowanych spichlerzach pod ziemi\u0105,<\/span><\/p>\n<p class=\"western\"><span style=\"font-size: small;\">gdzie \u017cak m\u0142ody jezuita ni\u00f3s\u0142 worki jesieni\u0105,<\/span><\/p>\n<p class=\"western\"><span style=\"font-size: small;\">pe\u0142ne dobra i jad\u0142a na sto dni mro\u017anej zimy<\/span><\/p>\n<p class=\"western\"><span style=\"font-size: small;\">temu lat trzysta z hakiem, dzi\u015b Benedykt je trzyma&#8230;<\/span><\/p>\n<p class=\"western\"><span style=\"font-size: small;\">Powiadaj\u0105 tak ludzie, jak i myszy zajedno, <\/span><\/p>\n<p class=\"western\"><span style=\"font-size: small;\">i\u017c Skarga i Horatius Sarmaticus \u0142z\u0119 rzewn\u0105<\/span><\/p>\n<p class=\"western\"><span style=\"font-size: small;\">roni\u0105 nad swym zakonem takim twardym i m\u0119skim,<\/span><\/p>\n<p class=\"western\"><span style=\"font-size: small;\">grzmi\u0105c z Jakubem pod r\u0119k\u0119 w kolegium niebieskim.<\/span><\/p>\n<p class=\"western\"><span style=\"font-size: small;\">Jeno kaszy &#8211; wspomnienie, m\u0105ka w proch si\u0119 przesia\u0142a.<\/span><\/p>\n<p class=\"western\"><span style=\"font-size: small;\">Ziarno praszczur zjad\u0142 mysi, cho\u0107 narzeka\u0142, \u017ce ma\u0142o.<\/span><\/p>\n<p class=\"western\"><span style=\"font-size: small;\">Och, nieme te lochy! Mokre tropy myszowatych!<\/span><\/p>\n<p class=\"western\"><span style=\"font-size: small;\">W\u0142\u00f3cz\u0119ga, myszarka, synatropijny lunatyk,<\/span><\/p>\n<p class=\"western\"><span style=\"font-size: small;\">korytarzo\u0142az tajny, biolog, cz\u0142ek, zoo-praktyk,<\/span><\/p>\n<p class=\"western\"><span style=\"font-size: small;\">tam pospo\u0142u brn\u0105 mi\u0119kko w historyj\u0119 tej szlachty.<\/span><\/p>\n<p class=\"western\"><span style=\"font-size: small;\">Moje buty te\u017c wsi\u0105ka\u0142y w podziemn\u0105 t\u0119 ziemi\u0119.<\/span><\/p>\n<p class=\"western\"><span style=\"font-size: small;\">Tam mysz star\u0105 spotka\u0142em, tam mi przysz\u0142o oniemie\u0107,<\/span><\/p>\n<p class=\"western\"><span style=\"font-size: small;\">gdy zaj\u0119ty badaniem stanu ceg\u0142y poszycia,<\/span><\/p>\n<p class=\"western\"><span style=\"font-size: small;\">nagle pisk w korytarzu, pisk \u2013 \u017cebranie o \u017cycie.<\/span><\/p>\n<p class=\"western\"><span style=\"font-size: small;\">Mysi ogon wystawa\u0142 zza mur\u00f3w za\u0142amania,<\/span><\/p>\n<p class=\"western\"><span style=\"font-size: small;\">Dolecia\u0142y mi\u0119 s\u0142owa \u015bwiszcz\u0105ce &#8211; obym sk\u0142ama\u0142!<\/span><\/p>\n<p class=\"western\"><span style=\"font-size: small;\">lub \u015bni\u0142, tudzie\u017c czyta\u0142 bajki Hughona Loftinga.<\/span><\/p>\n<p class=\"western\"><span style=\"font-size: small;\">Zrozumia\u0142em, \u017ce szara szuka w mie\u015bcie lod\u017cingu.<\/span><\/p>\n<p class=\"western\"><span style=\"font-size: small;\">Akcent mia\u0142a angielski, ton arystokratyczny,<\/span><\/p>\n<p class=\"western\"><span style=\"font-size: small;\">gdy o pra pra pra pra pra pra pra babce stryjecznej <\/span><\/p>\n<p class=\"western\"><span style=\"font-size: small;\">losach opowiada\u0142a co si\u0119 ci\u0105gn\u0105 lat dwie\u015bcie<\/span><\/p>\n<p class=\"western\"><span style=\"font-size: small;\">&#8230;stulecie dziewi\u0119\u0107naste&#8230;po\u017car hula\u0142 po mie\u015bcie<\/span><\/p>\n<p class=\"western\"><span style=\"font-size: small;\">onegdaj&#8230; Skulony nad ksi\u0105\u017ck\u0105 biedak ch\u0142opczyna<\/span><\/p>\n<p class=\"western\"><span style=\"font-size: small;\">&#8211; bibliotekarz- pomocnik woluminy zaczyna<\/span><\/p>\n<p class=\"western\"><span style=\"font-size: small;\">wrzuca\u0107 za sw\u0105 pazuch\u0119 &#8211; silva rerum i varia,<\/span><\/p>\n<p class=\"western\"><span style=\"font-size: small;\">mysz mu hop do kieszeni, wok\u00f3\u0142 Jezu! i Maria!<\/span><\/p>\n<p class=\"western\"><span style=\"font-size: small;\">wrzask szalonej gawiedzi, wody chlust, z\u0142ota aura<\/span><\/p>\n<p class=\"western\"><span style=\"font-size: small;\">z czerwon\u0105 aureol\u0105. Ma\u0142y p\u0119dzi po murach.<\/span><\/p>\n<p class=\"western\"><span style=\"font-size: small;\">Jest i baszta, jest przej\u015bcie i jest chata w oddali<\/span><\/p>\n<p class=\"western\"><span style=\"font-size: small;\">Ch\u0142opi biegn\u0105 ku miastu. Nic si\u0119 na wsi nie pali. <\/span><\/p>\n<p class=\"western\"><span style=\"font-size: small;\">Od dnia tego codziennie ch\u0142opak ksi\u0105\u017ck\u0119 wyci\u0105ga\u0142<\/span><\/p>\n<p class=\"western\"><span style=\"font-size: small;\">na polu, w stodole, co godno\u015bci nie ur\u0105ga,<\/span><\/p>\n<p class=\"western\"><span style=\"font-size: small;\">\u017ce od \u015bwicy tak stroni\u0142 i ju\u017c wola\u0142 czsokoli,<\/span><\/p>\n<p class=\"western\"><span style=\"font-size: small;\">w polu ora\u0107, pot roni\u0107, ni\u017ali w pieciu rozp\u0142oni\u0107.<\/span><\/p>\n<p class=\"western\"><span style=\"font-size: small;\">Wierna mysz towarzyszka \u2013 przy czytaniu \u2013 asysta.<\/span><\/p>\n<p class=\"western\"><span style=\"font-size: small;\">Uszy pilnie nastawia, przesz\u0142o\u015b\u0107 wnika, cho\u0107 mglista.<\/span><\/p>\n<p class=\"western\"><span style=\"font-size: small;\">Dzieciom swoim opowie, one swoim, i dalej. <\/span><\/p>\n<p class=\"western\"><span style=\"font-size: small;\">Sie\u0107 pasymk\u00f3w z Pu\u0142tuska sw\u0105 histori\u0119 tak dbale<\/span><\/p>\n<p class=\"western\"><span style=\"font-size: small;\">recytuje i ceni. Wszak nie tylko r\u00f3d mysi<\/span><\/p>\n<p class=\"western\"><span style=\"font-size: small;\">historyj\u0119 szanuje, ch\u0142opiec chwyci\u0142 sw\u00f3j grysik&#8230;<\/span><\/p>\n<p class=\"western\"><span style=\"font-size: small;\">Nu\u017ce w\u0142asny pami\u0119tnik spisa\u0107 spieszy. I czyta <\/span><\/p>\n<p class=\"western\"><span style=\"font-size: small;\">ten zar\u00f3wno w g\u0142os co dzie\u0144 \u2013 mysz z rado\u015bci\u0105 on wita.<\/span><\/p>\n<p class=\"western\"><span style=\"font-size: small;\">I witaj\u0105 go dzieci, bo przych\u00f3wek mia\u0142 liczny.<\/span><\/p>\n<p class=\"western\"><span style=\"font-size: small;\">Bibliotekarz, z ch\u0142opa ch\u0142opiec \u2013 wojownik waleczny&#8230;<\/span><\/p>\n<p class=\"western\"><span style=\"font-size: small;\">W roku tysi\u0105c dziewi\u0119\u0107set kraju wolno\u015b\u0107 szed\u0142 broni\u0107.<\/span><\/p>\n<p class=\"western\"><span style=\"font-size: small;\">To opisa\u0142, dzieci chowa\u0142, od ludzi wci\u0105\u017c stroni\u0142.<\/span><\/p>\n<p class=\"western\"><span style=\"font-size: small;\">W ksi\u0105\u017ckach siedzia\u0142 bibliotekarz wszem wok\u00f3\u0142 uznany, <\/span><\/p>\n<p class=\"western\"><span style=\"font-size: small;\">a\u017c nadesz\u0142y trzydziestych lat &#8211; czterdziestych walk dramy.<\/span><\/p>\n<p class=\"western\"><span style=\"font-size: small;\">I zn\u00f3w czerwie\u0144 starej rany goreje u cz\u0142eka<\/span><\/p>\n<p class=\"western\"><span style=\"font-size: small;\">po\u017car, pom\u00f3r! &#8211; dr\u017ca\u0142 przed nim. Wiedzie\u0107 chcia\u0142 co go czeka&#8230;<\/span><\/p>\n<p class=\"western\"><span style=\"font-size: small;\">Jaki los jemu niesie \u017cycie pe\u0142ne po\u017car\u00f3w?<\/span><\/p>\n<p class=\"western\"><span style=\"font-size: small;\">Jako\u017c tysi\u0105c osiemset i dziewi\u0119\u0107set t\u0105 miar\u0105<\/span><\/p>\n<p class=\"western\"><span style=\"font-size: small;\">chcia\u0142 mierzy\u0107: \u201eDwa po\u017cary &#8211; dwa zniszczenia, jednako<\/span><\/p>\n<p class=\"western\"><span style=\"font-size: small;\">my mieszka\u0144cy Pu\u0142tuska naprawimy!\u201d &#8211; tu zakl\u0105\u0142.<\/span><\/p>\n<p class=\"western\">\u201e<span style=\"font-size: small;\">Lecz histori\u0119 wsp\u00f3\u0142czesn\u0105 pan ju\u017c raczy zna\u0107 dobrze\u201d<\/span><\/p>\n<p class=\"western\"><span style=\"font-size: small;\">Tak mi powie mysz stara, racz\u0105c serem si\u0119 szczodrze.<\/span><\/p>\n<p class=\"western\"><span style=\"font-size: small;\">Za to stare w\u017cdy dzieje wszak nie ka\u017cdy potrafi<\/span><\/p>\n<p class=\"western\"><span style=\"font-size: small;\">w wyobra\u017ani malowa\u0107, gdy na ksi\u0105\u017ck\u0119 nie trafi.<\/span><\/p>\n<p class=\"western\"><span style=\"font-size: small;\">Owa ksi\u0105\u017cka niestety i pami\u0119tnik w po\u017carze <\/span><\/p>\n<p class=\"western\"><span style=\"font-size: small;\">domu bibliotekarza sczez\u0142y, chocia\u017c on marzy\u0142<\/span><\/p>\n<p class=\"western\"><span style=\"font-size: small;\">w darze z\u0142o\u017cy\u0107 je miastu jako cenne trofeum:<\/span><\/p>\n<p class=\"western\">\u201e<span style=\"font-size: small;\">signum &#8211; ignis est victus\u201d jak by rzek\u0142 Prometeusz.<\/span><\/p>\n<p class=\"western\"><span style=\"font-size: small;\">Z \u017cyciem uszed\u0142 z rodzin\u0105, koniec wojny obwie\u015bci\u0142<\/span><\/p>\n<p class=\"western\"><span style=\"font-size: small;\">zmar\u0142 po latach stu ca\u0142ych, latach tak pe\u0142nych tre\u015bci.<\/span><\/p>\n<p class=\"western\"><span style=\"font-size: small;\">Sze\u015b\u0107dziesi\u0105tych szale\u0144stwo&#8230; Buntem z lekka powia\u0142o.<\/span><\/p>\n<p class=\"western\"><span style=\"font-size: small;\">Dzieci Pu\u0142tusk rzuci\u0142y, Ameryk\u0119 wita\u0142y&#8230;<\/span><\/p>\n<p class=\"western\">\u201e<span style=\"font-size: small;\">Ty opowiedz histori\u0119, jeste\u015b wszak groto\u0142azem<\/span><\/p>\n<p class=\"western\"><span style=\"font-size: small;\">Tacy nic si\u0119 nie boj\u0105, \u017cycie uchodzi p\u0142azem\u201d<\/span><\/p>\n<p class=\"western\"><span style=\"font-size: small;\">Rzek\u0142a mi tak poufnie \u2013 i ja wam tak to rzek\u0119:<\/span><\/p>\n<p class=\"western\"><span style=\"font-size: small;\">By\u0142 dwunasty wiek z dawna i osada nad rzek\u0105<\/span><\/p>\n<p class=\"western\"><span style=\"font-size: small;\">Gwarno, t\u0142oczno, weso\u0142o, jarmark, zbo\u017ce, flisacy.<\/span><\/p>\n<p class=\"western\"><span style=\"font-size: small;\">Kwit\u0142o miasto i dzieci, dobrze \u017cyli z swej pracy.<\/span><\/p>\n<p class=\"western\"><span style=\"font-size: small;\">Lecz bywa\u0142o i surowo, morderczo, \u017ca\u0142o\u015bnie.<\/span><\/p>\n<p class=\"western\"><span style=\"font-size: small;\">I bywa\u0142y po\u017cary od Ja\u0107wing\u00f3w przy wio\u015bnie.<\/span><\/p>\n<p class=\"western\"><span style=\"font-size: small;\">Od Litwin\u00f3w, od Prus\u00f3w, popalone wsze pola, <\/span><\/p>\n<p class=\"western\"><span style=\"font-size: small;\">Domy, chramy niszczone, ciemna ludzi jest dola.<\/span><\/p>\n<p class=\"western\"><span style=\"font-size: small;\">Mroki swit zn\u00f3w rozprasza\u0142 &#8211; wiek trzynasty i dalsze.<\/span><\/p>\n<p class=\"western\"><span style=\"font-size: small;\">Zamek stan\u0105\u0142 na wzg\u00f3rzu, biskup p\u0142ocki zaprasza\u0142.<\/span><\/p>\n<p class=\"western\"><span style=\"font-size: small;\">\u015alad Pras\u0142owian i chramy \u015awi\u0119ty Krzy\u017c dzi\u015b przykrywa.<\/span><\/p>\n<p class=\"western\"><span style=\"font-size: small;\">Dawne dzieje, cho\u0107 g\u00f3ra skarby mo\u017ce wszak skrywa\u0107.<\/span><\/p>\n<p class=\"western\"><span style=\"font-size: small;\">Groto\u0142azi m\u00f3j zmys\u0142 sam wyostrzy\u0142em niebawem, <\/span><\/p>\n<p class=\"western\"><span style=\"font-size: small;\">w\u017cdy mysz pocznie historie nowe sypa\u0107 r\u0119kawem.<\/span><\/p>\n<p class=\"western\"><span style=\"font-size: small;\">Jakie zamek to cuda widzia\u0142 sam na prze\u017aroczach,<\/span><\/p>\n<p class=\"western\"><span style=\"font-size: small;\">kt\u00f3re Chronos wy\u015bwietla klej\u0105c klatki urocze.<\/span><\/p>\n<p class=\"western\"><span style=\"font-size: small;\">\u015aredniowieczny architekt ust\u0119puje arty\u015bcie<\/span><\/p>\n<p class=\"western\"><span style=\"font-size: small;\">z renasansu polotem, a ju\u017c wnet zamaszy\u015bcie<\/span><\/p>\n<p class=\"western\"><span style=\"font-size: small;\">wywijaj\u0105 swe linie barokowe rze\u017abienia. <\/span><\/p>\n<p class=\"western\"><span style=\"font-size: small;\">Zamek kwitnie i stroi si\u0119, dobiegaj\u0105 pienia.<\/span><\/p>\n<p class=\"western\"><span style=\"font-size: small;\">Ch\u00f3ry tu, tam misteria, moralitet w teatrze.<\/span><\/p>\n<p class=\"western\"><span style=\"font-size: small;\">Wszako wszem on dost\u0119pny, gawied\u017a bie\u017cy i patrzy.<\/span><\/p>\n<p class=\"western\"><span style=\"font-size: small;\">Dalej czasy po\u017cogi, wszechogarnia nas Szwecja.<\/span><\/p>\n<p class=\"western\"><span style=\"font-size: small;\">Patrz, jak \u0142atwo zapomnie\u0107, po\u017car nie jest facecja<\/span><\/p>\n<p class=\"western\"><span style=\"font-size: small;\">P\u0142omie\u0144 nasza codzienno\u015b\u0107. Czcimy go, ho\u0142ubimy<\/span><\/p>\n<p class=\"western\"><span style=\"font-size: small;\">Lecz panami z przyrod\u0105 nie b\u0119dziemy r\u00f3wnymi<\/span><\/p>\n<p class=\"western\"><span style=\"font-size: small;\">Tylko ona, natura, kosmos, wszech\u015bwiat, zielono\u015b\u0107<\/span><\/p>\n<p class=\"western\"><span style=\"font-size: small;\">jest prawdziwie wszechw\u0142adna, ale o tym ju\u017c do\u015b\u0107! do\u015b\u0107!<\/span><\/p>\n<p class=\"western\"><span style=\"font-size: small;\">Dajmy nura do Francji, \u201eczy pozwolisz?\u201dpozwalam<\/span><\/p>\n<p class=\"western\"><span style=\"font-size: small;\">Mysz zamy\u015bla si\u0119 rzewnie \u2013 ach ten Pary\u017c, ta gala<\/span><\/p>\n<p class=\"western\"><span style=\"font-size: small;\">Wojsko, panny, czar bal\u00f3w, akcent z \u201e\u0105\u201d i camembert&#8230;<\/span><\/p>\n<p class=\"western\"><span style=\"font-size: small;\">Tam piwnice&#8230; Ser dojrzewa&#8230; Tu Napolion \u201echer\u201d.<\/span><\/p>\n<p class=\"western\"><span style=\"font-size: small;\">Krwi utoczy\u0142, bitw\u0119 stoczy\u0142. Zapami\u0119tamy go, <\/span><\/p>\n<p class=\"western\"><span style=\"font-size: small;\">Pa\u0144skim gestem Napoliona Arc de Triomphe wie\u015bci to.<\/span><\/p>\n<p class=\"western\"><span style=\"font-size: small;\">Tam familii mysia ga\u0142a\u017a zapuszcza korzenie<\/span><\/p>\n<p class=\"western\"><span style=\"font-size: small;\">Je\u017adzi mysz co rok do Paris czy\u015bci\u0107 francais&#8217;a brzmienie<\/span><\/p>\n<p class=\"western\"><span style=\"font-size: small;\">Wiek za wiekiem jak ongi\u015b, dziewi\u0119tnasty w po\u0142owie-<\/span><\/p>\n<p class=\"western\"><span style=\"font-size: small;\">sztubak Wiktor, kole\u017ccy obrywaj\u0105 po g\u0142owie.<\/span><\/p>\n<p class=\"western\"><span style=\"font-size: small;\">Wzi\u0119to wolno\u015b\u0107 nam nasz\u0105, car rosyjski si\u0119 mo\u015bci\u0142,<\/span><\/p>\n<p class=\"western\"><span style=\"font-size: small;\">do terenu ziem naszych pretensyje swe ro\u015bci\u0142.<\/span><\/p>\n<p class=\"western\"><span style=\"font-size: small;\">Mysia, ludzka dziatwa walczy, pilnie krzewi\u0105c j\u0119zyk<\/span><\/p>\n<p class=\"western\"><span style=\"font-size: small;\">cho\u0107 rosyjski brzmi tak \u015bpiewnie, nie \u015bpiew nu\u017cnyj, lecz krzyk <\/span><\/p>\n<p class=\"western\"><span style=\"font-size: small;\">W tamtem czasie ga\u0142\u0105\u017a inna, i mysia, i ludzka<\/span><\/p>\n<p class=\"western\"><span style=\"font-size: small;\">hen powiod\u0142a dzieci swoje w powiat Petersburski.<\/span><\/p>\n<p class=\"western\"><span style=\"font-size: small;\">Czy to mi\u0142o\u015b\u0107? Polityka? Nie patrz w cudze \u017cycia<\/span><\/p>\n<p class=\"western\"><span style=\"font-size: small;\">wszyscy bra\u0107mi-\u015bmy na ziemi, do \u015bmierci &#8211; z powicia.<\/span><\/p>\n<p class=\"western\">\u201e<span style=\"font-size: small;\">Sum sumarum, poliglotka-m\u201d \u2013 che\u0142pi si\u0119 mysz szara.<\/span><\/p>\n<p class=\"western\"><span style=\"font-size: small;\">Tam pociotek, tu kum inny, podr\u00f3\u017cuj\u0119 stale.<\/span><\/p>\n<p class=\"western\"><span style=\"font-size: small;\">Francja Rosja Sybir Anglia \u2013 A Londyn wprost loving<\/span><\/p>\n<p class=\"western\"><span style=\"font-size: small;\">meteoryt podgl\u0105dam, czy go rdza gdzie nie trawi.<\/span><\/p>\n<p class=\"western\"><span style=\"font-size: small;\">Wszak najwi\u0119kszy w naszej ziemi pu\u0142tuskiej tu zary\u0142<\/span><\/p>\n<p class=\"western\"><span style=\"font-size: small;\">dziewi\u0119\u0107 kilo przewie\u017ali. Muzealni na bary <\/span><\/p>\n<p class=\"western\"><span style=\"font-size: small;\">wzi\u0119li go osi\u0142kowie. Zdobi British Museum.<\/span><\/p>\n<p class=\"western\"><span style=\"font-size: small;\">Nikt, kto widzia\u0142 ten deszcz, ju\u017c na ziemi nie \u017cyje.<\/span><\/p>\n<p class=\"western\"><span style=\"font-size: small;\">Natenczas mysz ziewn\u0119\u0142a, zerknie na mnie wymownie.<\/span><\/p>\n<p class=\"western\"><span style=\"font-size: small;\">My\u015bl\u0119, czas i\u015b\u0107 do domu, wi\u0119c odpalam m\u0105 g\u0142owni\u0119-<\/span><\/p>\n<p class=\"western\"><span style=\"font-size: small;\">m\u0105 male\u0144k\u0105 zapa\u0142k\u0119, bo bateria mi siad\u0142a.<\/span><\/p>\n<p class=\"western\"><span style=\"font-size: small;\">I ruszamy ju\u017c razem, ona cicha, bo jad\u0142a<\/span><\/p>\n<p class=\"western\"><span style=\"font-size: small;\">dosy\u0107 mia\u0142em w kieszeni &#8211; dwie kanapki ogromne.<\/span><\/p>\n<p class=\"western\"><span style=\"font-size: small;\">Posilila si\u0119, spa\u0142a. To\u017c i tak zado\u015b\u0107 skromna<\/span><\/p>\n<p class=\"western\"><span style=\"font-size: small;\">za jej powie\u015b\u0107 bezmiern\u0105, jej oddanie dla miasta.<\/span><\/p>\n<p class=\"western\"><span style=\"font-size: small;\">Pu\u0142tusk winien zakupi\u0107 pos\u0105g sto kilo z ciasta. <\/span><\/p>\n<p class=\"western\"><span style=\"font-size: small;\">Takie bieg\u0142y my\u015blenia w mojej g\u0142owie rozgrzanej,<\/span><\/p>\n<p class=\"western\"><span style=\"font-size: small;\">i przyby\u0142em do chaty, i ot, dzieje spisa\u0142em. <\/span><\/p>\n<p class=\"western\"><span style=\"font-size: small;\">13.04.2017<\/span><\/p>","protected":false},"excerpt":{"rendered":"<p>Pu\u0142tusk mysim okiem Poemat Przystan\u0119\u0142a mysz stara, zamy\u015blona i cicha, s\u0142aby wzrok wyt\u0119\u017cy\u0142a, nos zmarszczyla i s\u0142ucha. Rynek hen po [&hellip;]<\/p>","protected":false},"author":2,"featured_media":0,"parent":0,"menu_order":0,"comment_status":"closed","ping_status":"closed","template":"","meta":{"_bbp_topic_count":0,"_bbp_reply_count":0,"_bbp_total_topic_count":0,"_bbp_total_reply_count":0,"_bbp_voice_count":0,"_bbp_anonymous_reply_count":0,"_bbp_topic_count_hidden":0,"_bbp_reply_count_hidden":0,"_bbp_forum_subforum_count":0,"_uag_custom_page_level_css":"","footnotes":""},"class_list":["post-4994","page","type-page","status-publish","hentry"],"spectra_custom_meta":{"_edit_lock":["1729392498:2"],"_edit_last":["2"],"_wp_page_template":["default"],"_uag_page_assets":["a:9:{s:3:\"css\";s:0:\"\";s:2:\"js\";s:0:\"\";s:18:\"current_block_list\";a:0:{}s:8:\"uag_flag\";b:0;s:11:\"uag_version\";s:10:\"1777350280\";s:6:\"gfonts\";a:0:{}s:10:\"gfonts_url\";s:0:\"\";s:12:\"gfonts_files\";a:0:{}s:14:\"uag_faq_layout\";b:0;}"]},"uagb_featured_image_src":{"full":false,"thumbnail":false,"medium":false,"medium_large":false,"large":false,"1536x1536":false,"2048x2048":false,"trp-custom-language-flag":false,"illdy-blog-list":false,"illdy-widget-recent-posts":false,"illdy-blog-post-related-articles":false,"illdy-front-page-latest-news":false,"illdy-front-page-testimonials":false,"illdy-front-page-projects":false,"illdy-front-page-person":false},"uagb_author_info":{"display_name":"Joanna Choluj","author_link":"http:\/\/joannacholuj.pl\/en\/blog\/author\/joannacholuj\/"},"uagb_comment_info":0,"uagb_excerpt":"Pu\u0142tusk mysim okiem Poemat Przystan\u0119\u0142a mysz stara, zamy\u015blona i cicha, s\u0142aby wzrok wyt\u0119\u017cy\u0142a, nos zmarszczyla i s\u0142ucha. Rynek hen po [&hellip;]","_links":{"self":[{"href":"http:\/\/joannacholuj.pl\/en\/wp-json\/wp\/v2\/pages\/4994"}],"collection":[{"href":"http:\/\/joannacholuj.pl\/en\/wp-json\/wp\/v2\/pages"}],"about":[{"href":"http:\/\/joannacholuj.pl\/en\/wp-json\/wp\/v2\/types\/page"}],"author":[{"embeddable":true,"href":"http:\/\/joannacholuj.pl\/en\/wp-json\/wp\/v2\/users\/2"}],"replies":[{"embeddable":true,"href":"http:\/\/joannacholuj.pl\/en\/wp-json\/wp\/v2\/comments?post=4994"}],"version-history":[{"count":1,"href":"http:\/\/joannacholuj.pl\/en\/wp-json\/wp\/v2\/pages\/4994\/revisions"}],"predecessor-version":[{"id":4995,"href":"http:\/\/joannacholuj.pl\/en\/wp-json\/wp\/v2\/pages\/4994\/revisions\/4995"}],"wp:attachment":[{"href":"http:\/\/joannacholuj.pl\/en\/wp-json\/wp\/v2\/media?parent=4994"}],"curies":[{"name":"wp","href":"https:\/\/api.w.org\/{rel}","templated":true}]}}